{"id":8969,"date":"2024-12-24T14:08:59","date_gmt":"2024-12-24T12:08:59","guid":{"rendered":"https:\/\/www.mahkemeler.net\/?page_id=8969"},"modified":"2025-06-10T10:06:53","modified_gmt":"2025-06-10T08:06:53","slug":"yuksek-mahkeme","status":"publish","type":"page","link":"https:\/\/www.mahkemeler.net\/en\/yuksek-mahkeme","title":{"rendered":"Supreme Court"},"content":{"rendered":"<div data-elementor-type=\"wp-page\" data-elementor-id=\"8969\" class=\"elementor elementor-8969\">\n\t\t\t\t\t\t<section class=\"elementor-section elementor-top-section elementor-element elementor-element-58a86eb elementor-section-boxed elementor-section-height-default elementor-section-height-default\" data-id=\"58a86eb\" data-element_type=\"section\">\n\t\t\t\t\t\t<div class=\"elementor-container elementor-column-gap-default\">\n\t\t\t\t\t<div class=\"elementor-column elementor-col-50 elementor-top-column elementor-element elementor-element-85356d1\" data-id=\"85356d1\" data-element_type=\"column\">\n\t\t\t<div class=\"elementor-widget-wrap elementor-element-populated\">\n\t\t\t\t\t\t<div class=\"elementor-element elementor-element-0d46d26 elementor-widget__width-inherit elementor-widget-tablet__width-inherit elementor-hidden-phone elementor-invisible elementor-widget elementor-widget-image\" data-id=\"0d46d26\" data-element_type=\"widget\" data-settings=\"{&quot;_animation&quot;:&quot;fadeInUp&quot;}\" data-widget_type=\"image.default\">\n\t\t\t\t<div class=\"elementor-widget-container\">\n\t\t\t\t\t\t\t\t\t\t\t\t\t<img fetchpriority=\"high\" decoding=\"async\" width=\"1177\" height=\"1365\" src=\"https:\/\/www.mahkemeler.net\/wp-content\/uploads\/2024\/08\/Bertan-Ozerdag-e1723706918513.jpeg\" class=\"attachment-full size-full wp-image-8280\" alt=\"\" srcset=\"https:\/\/www.mahkemeler.net\/wp-content\/uploads\/2024\/08\/Bertan-Ozerdag-e1723706918513.jpeg 1177w, https:\/\/www.mahkemeler.net\/wp-content\/uploads\/2024\/08\/Bertan-Ozerdag-e1723706918513-259x300.jpeg 259w, https:\/\/www.mahkemeler.net\/wp-content\/uploads\/2024\/08\/Bertan-Ozerdag-e1723706918513-883x1024.jpeg 883w, https:\/\/www.mahkemeler.net\/wp-content\/uploads\/2024\/08\/Bertan-Ozerdag-e1723706918513-768x891.jpeg 768w, https:\/\/www.mahkemeler.net\/wp-content\/uploads\/2024\/08\/Bertan-Ozerdag-e1723706918513-517x600.jpeg 517w, https:\/\/www.mahkemeler.net\/wp-content\/uploads\/2024\/08\/Bertan-Ozerdag-e1723706918513-483x560.jpeg 483w\" sizes=\"(max-width: 1177px) 100vw, 1177px\" \/>\t\t\t\t\t\t\t\t\t\t\t\t\t<\/div>\n\t\t\t\t<\/div>\n\t\t\t\t\t<\/div>\n\t\t<\/div>\n\t\t\t\t<div class=\"elementor-column elementor-col-50 elementor-top-column elementor-element elementor-element-e65de32\" data-id=\"e65de32\" data-element_type=\"column\">\n\t\t\t<div class=\"elementor-widget-wrap elementor-element-populated\">\n\t\t\t\t\t\t<div class=\"elementor-element elementor-element-4710570 elementor-widget__width-initial elementor-widget elementor-widget-heading\" data-id=\"4710570\" data-element_type=\"widget\" data-widget_type=\"heading.default\">\n\t\t\t\t<div class=\"elementor-widget-container\">\n\t\t\t<h2 class=\"elementor-heading-title elementor-size-default\">Bertan \u00d6zerda\u011f<br>President of the Supreme Court<\/h2>\t\t<\/div>\n\t\t\t\t<\/div>\n\t\t\t\t<div class=\"elementor-element elementor-element-aec82ec elementor-widget elementor-widget-text-editor\" data-id=\"aec82ec\" data-element_type=\"widget\" data-widget_type=\"text-editor.default\">\n\t\t\t\t<div class=\"elementor-widget-container\">\n\t\t\t\t\t\t\t<p>Bertan \u00d6zerda\u011f was born on 24 May 1974 in Nicosia. In 1992 he graduated from Nicosia T\u00fcrk Maarif College and in 1996 he graduated from Marmara University Faculty of Law. He studied European Union and International Commercial Law for master\u2019s degree at the University of Essex in England in 1998-1999 and obtained his master\u2019s degree on European Union Competition Law subsequent to his studies.<\/p><p>In 1995, he participated in the Philip C. Jessup Moot Court Competition, the world\u2019s most important event for law students during his education at Marmara University, and took part in the team representing Marmara University in the competition held in the United States of America.<\/p>\t\t\t\t\t\t<\/div>\n\t\t\t\t<\/div>\n\t\t\t\t\t<\/div>\n\t\t<\/div>\n\t\t\t\t\t<\/div>\n\t\t<\/section>\n\t\t\t\t<section class=\"elementor-section elementor-top-section elementor-element elementor-element-fd0706b elementor-section-boxed elementor-section-height-default elementor-section-height-default\" data-id=\"fd0706b\" data-element_type=\"section\">\n\t\t\t\t\t\t<div class=\"elementor-container elementor-column-gap-default\">\n\t\t\t\t\t<div class=\"elementor-column elementor-col-100 elementor-top-column elementor-element elementor-element-69bc3f4\" data-id=\"69bc3f4\" data-element_type=\"column\">\n\t\t\t<div class=\"elementor-widget-wrap elementor-element-populated\">\n\t\t\t\t\t\t<div class=\"elementor-element elementor-element-6b0ad73 elementor-widget elementor-widget-text-editor\" data-id=\"6b0ad73\" data-element_type=\"widget\" data-widget_type=\"text-editor.default\">\n\t\t\t\t<div class=\"elementor-widget-container\">\n\t\t\t\t\t\t\t<p><span style=\"color: var( --e-global-color-text ); font-family: var( --e-global-typography-text-font-family ), Sans-serif; letter-spacing: 0px;\">Completing his internship on law on 5 October 2000, he started practicing as a lawyer. From 2000 to 2006, he pursued his occupation as a lawyer. While pursuing his occupation as a lawyer, he served as a member of the Nicosia Local Bar Association and the TRNC Bar Council.  He ensured the publication of the Bar Journal by the Nicosia Local Bar Association and served as a member of the editorial board of the journal.<\/span><\/p><p>During the Annan Plan negotiations carried out by the United Nations for a comprehensive settlement to the Cyprus problem, he undertook the task of committee chairperson in the subcommittee c representing the TRNC State and ensured that 55 Federal Laws were made within the 131 Federal Laws annexed to the Annan Plan.<\/p><p>He participated in seminars and trainings organised by the Academy of European Law and the European University Institute in the fields of criminal law, technology law, competition law and similar fields, conducted academic studies and published articles. He took part in the 1st programme of the ENTraNCE programme in the field of Competition Law organised at the European Union level and prepared and presented an article on TRNC Competition Law.\u00a0<\/p><p>He was among the experts who drafted the first draft convention (Draft Convention on Electronic Evidence) on the status of electronic evidence, covering civil and criminal cases at the University of London International Advance Legal Studies. (http:\/\/journals.sas.ac.uk\/deeslr\/article\/view\/2321\/2245#.WIIZgsjhdTI.email)<\/p><p>He was appointed as a District Court Judge on 1 June 2006, a Senior District Court Judge on 1 October 2010, a President to District Court on 16 September 2014 and a Supreme Court Judge on 16 November 2015. During his term of office as a Supreme Court Judge, he served as the President and member of the Court of Appeal and as a member of the Constitutional Court. He served as a member of the Supreme Election Council, as a member of the Council of Law and as a member of the Council of Prosecutors.<\/p><p>On 16 May 2024, Bertan \u00d6zerda\u011f was appointed as the President of the Supreme Court by the Supreme Council of Judicature. He is currently serving as the President of the Supreme Court, the President of the Supreme Council of Judicature and the President of the Supreme Election Council.<\/p><p>Bertan \u00d6zerda\u011f, who speaks English fluently, is married and has 2 children.<\/p>\t\t\t\t\t\t<\/div>\n\t\t\t\t<\/div>\n\t\t\t\t\t<\/div>\n\t\t<\/div>\n\t\t\t\t\t<\/div>\n\t\t<\/section>\n\t\t\t\t<section class=\"elementor-section elementor-top-section elementor-element elementor-element-9b70712 elementor-section-boxed elementor-section-height-default elementor-section-height-default\" data-id=\"9b70712\" data-element_type=\"section\">\n\t\t\t\t\t\t<div class=\"elementor-container elementor-column-gap-default\">\n\t\t\t\t\t<div class=\"elementor-column elementor-col-100 elementor-top-column elementor-element elementor-element-183c5c1\" data-id=\"183c5c1\" data-element_type=\"column\">\n\t\t\t<div class=\"elementor-widget-wrap elementor-element-populated\">\n\t\t\t\t\t\t<div class=\"elementor-element elementor-element-f3aa93b elementor-widget elementor-widget-ova_heading\" data-id=\"f3aa93b\" data-element_type=\"widget\" data-widget_type=\"ova_heading.default\">\n\t\t\t\t<div class=\"elementor-widget-container\">\n\t\t\t\t\t<div class=\"ova-heading\">\n\t\t\t\n\t\t\t\t\t\t\t<h3 class=\"title second_font\">Judges of the Supreme Court<\/h3>\n\t\t\t\n\t\t\t\n\t\t<\/div>\n\t\t\t\t<\/div>\n\t\t\t\t<\/div>\n\t\t\t\t<div class=\"elementor-element elementor-element-eaf07b3 elementor-widget elementor-widget-ova_team\" data-id=\"eaf07b3\" data-element_type=\"widget\" data-widget_type=\"ova_team.default\">\n\t\t\t\t<div class=\"elementor-widget-container\">\n\t\t\t\n\n\t\t<div class=\"archive_team elementor-team four_column\">\n\t\t\t<div class=\"content\">\n\t\t\t\t\n\t\t\t\t\t<div class=\"items elementor-items\">\n\t\t\t\t\t\t\n\t\t\t\t\t\t<div class=\"content_info\">\n\t\t\t\t\t\t\t<div class=\"ova-media\">\n\t\t\t\t\t\t\t\t\t\t\t\t\t\t\t\t\t<a href=\"https:\/\/www.mahkemeler.net\/en\/archives\/team\/yuksek-mahkeme-yargiclari\">\n\t\t\t\t\t\t\t\t\t\t<img decoding=\"async\" src=\"https:\/\/www.mahkemeler.net\/wp-content\/uploads\/2024\/07\/guldenciftcioglu-1.jpg\" class=\"img-responsive\" alt=\"G\u00fclden \u00c7ift\u00e7io\u011flu\">\n\t\t\t\t\t\t\t\t\t<\/a>\n\t\t\t\t\t\t\t\t\t\t\t\t\t\t\t<\/div>\n\t\t\t\t\t\t\t<div class=\"ova-info-content\">\n\n\t\t\t\t\t\t\t\t\t\t\t\t\t\t\t\t\t\t\t\t\t\t\t\t<a href=\"https:\/\/www.mahkemeler.net\/en\/archives\/team\/yuksek-mahkeme-yargiclari\" class=\"name second_font\" >\n\t\t\t\t\t\t\t\t\tG\u00fclden \u00c7ift\u00e7io\u011flu\t\t\t\t\t\t\t\t<\/a>\n\t\t\t\t\t\t\t\t\n\t\t\t\t\t\t\t\t\t\t\t\t\t\t\t\t\t<p class=\"job\">\n\t\t\t\t\t\t\t\t\t\tSupreme Court Judge\t\t\t\t\t\t\t\t\t<\/p>\n\t\t\t\t\t\t\t\t\n\t\t\t\t\t\t\t\t\t\t\t\t\t\t\t\t\n\t\t\t\t\t\t\t\t\n\n\t\t\t\t\t\t\t<\/div>\n\t\t\t\t\t\t<\/div>\n\n\t\t\t\t\t<\/div>\n\n\t\t\t\t\n\t\t\t\t\t<div class=\"items elementor-items\">\n\t\t\t\t\t\t\n\t\t\t\t\t\t<div class=\"content_info\">\n\t\t\t\t\t\t\t<div class=\"ova-media\">\n\t\t\t\t\t\t\t\t\t\t\t\t\t\t\t\t\t<a href=\"https:\/\/www.mahkemeler.net\/en\/archives\/team\/tanju-oncul\">\n\t\t\t\t\t\t\t\t\t\t<img decoding=\"async\" src=\"https:\/\/www.mahkemeler.net\/wp-content\/uploads\/2024\/07\/tanjuoncul-1.jpg\" class=\"img-responsive\" alt=\"Tanju \u00d6nc\u00fcl\">\n\t\t\t\t\t\t\t\t\t<\/a>\n\t\t\t\t\t\t\t\t\t\t\t\t\t\t\t<\/div>\n\t\t\t\t\t\t\t<div class=\"ova-info-content\">\n\n\t\t\t\t\t\t\t\t\t\t\t\t\t\t\t\t\t\t\t\t\t\t\t\t<a href=\"https:\/\/www.mahkemeler.net\/en\/archives\/team\/tanju-oncul\" class=\"name second_font\" >\n\t\t\t\t\t\t\t\t\tTanju \u00d6nc\u00fcl\t\t\t\t\t\t\t\t<\/a>\n\t\t\t\t\t\t\t\t\n\t\t\t\t\t\t\t\t\t\t\t\t\t\t\t\t\t<p class=\"job\">\n\t\t\t\t\t\t\t\t\t\tSupreme Court Judge\t\t\t\t\t\t\t\t\t<\/p>\n\t\t\t\t\t\t\t\t\n\t\t\t\t\t\t\t\t\t\t\t\t\t\t\t\t\n\t\t\t\t\t\t\t\t\n\n\t\t\t\t\t\t\t<\/div>\n\t\t\t\t\t\t<\/div>\n\n\t\t\t\t\t<\/div>\n\n\t\t\t\t\n\t\t\t\t\t<div class=\"items elementor-items\">\n\t\t\t\t\t\t\n\t\t\t\t\t\t<div class=\"content_info\">\n\t\t\t\t\t\t\t<div class=\"ova-media\">\n\t\t\t\t\t\t\t\t\t\t\t\t\t\t\t\t\t<a href=\"https:\/\/www.mahkemeler.net\/en\/archives\/team\/beril-cagdal\">\n\t\t\t\t\t\t\t\t\t\t<img decoding=\"async\" src=\"https:\/\/www.mahkemeler.net\/wp-content\/uploads\/2024\/07\/berilcagdal.jpg\" class=\"img-responsive\" alt=\"Beril \u00c7a\u011fdal\">\n\t\t\t\t\t\t\t\t\t<\/a>\n\t\t\t\t\t\t\t\t\t\t\t\t\t\t\t<\/div>\n\t\t\t\t\t\t\t<div class=\"ova-info-content\">\n\n\t\t\t\t\t\t\t\t\t\t\t\t\t\t\t\t\t\t\t\t\t\t\t\t<a href=\"https:\/\/www.mahkemeler.net\/en\/archives\/team\/beril-cagdal\" class=\"name second_font\" >\n\t\t\t\t\t\t\t\t\tBeril \u00c7a\u011fdal\t\t\t\t\t\t\t\t<\/a>\n\t\t\t\t\t\t\t\t\n\t\t\t\t\t\t\t\t\t\t\t\t\t\t\t\t\t<p class=\"job\">\n\t\t\t\t\t\t\t\t\t\tSupreme Court Judge\t\t\t\t\t\t\t\t\t<\/p>\n\t\t\t\t\t\t\t\t\n\t\t\t\t\t\t\t\t\t\t\t\t\t\t\t\t\n\t\t\t\t\t\t\t\t\n\n\t\t\t\t\t\t\t<\/div>\n\t\t\t\t\t\t<\/div>\n\n\t\t\t\t\t<\/div>\n\n\t\t\t\t\n\t\t\t\t\t<div class=\"items elementor-items\">\n\t\t\t\t\t\t\n\t\t\t\t\t\t<div class=\"content_info\">\n\t\t\t\t\t\t\t<div class=\"ova-media\">\n\t\t\t\t\t\t\t\t\t\t\t\t\t\t\t\t\t<a href=\"https:\/\/www.mahkemeler.net\/en\/archives\/team\/peri-hakki\">\n\t\t\t\t\t\t\t\t\t\t<img decoding=\"async\" src=\"https:\/\/www.mahkemeler.net\/wp-content\/uploads\/2024\/07\/IMG_8520-2.jpg\" class=\"img-responsive\" alt=\"Peri Hakk\u0131\">\n\t\t\t\t\t\t\t\t\t<\/a>\n\t\t\t\t\t\t\t\t\t\t\t\t\t\t\t<\/div>\n\t\t\t\t\t\t\t<div class=\"ova-info-content\">\n\n\t\t\t\t\t\t\t\t\t\t\t\t\t\t\t\t\t\t\t\t\t\t\t\t<a href=\"https:\/\/www.mahkemeler.net\/en\/archives\/team\/peri-hakki\" class=\"name second_font\" >\n\t\t\t\t\t\t\t\t\tPeri Hakk\u0131\t\t\t\t\t\t\t\t<\/a>\n\t\t\t\t\t\t\t\t\n\t\t\t\t\t\t\t\t\t\t\t\t\t\t\t\t\t<p class=\"job\">\n\t\t\t\t\t\t\t\t\t\tSupreme Court Judge\t\t\t\t\t\t\t\t\t<\/p>\n\t\t\t\t\t\t\t\t\n\t\t\t\t\t\t\t\t\t\t\t\t\t\t\t\t\n\t\t\t\t\t\t\t\t\n\n\t\t\t\t\t\t\t<\/div>\n\t\t\t\t\t\t<\/div>\n\n\t\t\t\t\t<\/div>\n\n\t\t\t\t\n\t\t\t\t\t<div class=\"items elementor-items\">\n\t\t\t\t\t\t\n\t\t\t\t\t\t<div class=\"content_info\">\n\t\t\t\t\t\t\t<div class=\"ova-media\">\n\t\t\t\t\t\t\t\t\t\t\t\t\t\t\t\t\t<a href=\"https:\/\/www.mahkemeler.net\/en\/archives\/team\/talat-usar\">\n\t\t\t\t\t\t\t\t\t\t<img decoding=\"async\" src=\"https:\/\/www.mahkemeler.net\/wp-content\/uploads\/2024\/07\/talatusar-1.jpg\" class=\"img-responsive\" alt=\"Talat Usar\">\n\t\t\t\t\t\t\t\t\t<\/a>\n\t\t\t\t\t\t\t\t\t\t\t\t\t\t\t<\/div>\n\t\t\t\t\t\t\t<div class=\"ova-info-content\">\n\n\t\t\t\t\t\t\t\t\t\t\t\t\t\t\t\t\t\t\t\t\t\t\t\t<a href=\"https:\/\/www.mahkemeler.net\/en\/archives\/team\/talat-usar\" class=\"name second_font\" >\n\t\t\t\t\t\t\t\t\tTalat Usar\t\t\t\t\t\t\t\t<\/a>\n\t\t\t\t\t\t\t\t\n\t\t\t\t\t\t\t\t\t\t\t\t\t\t\t\t\t<p class=\"job\">\n\t\t\t\t\t\t\t\t\t\tSupreme Court Judge\t\t\t\t\t\t\t\t\t<\/p>\n\t\t\t\t\t\t\t\t\n\t\t\t\t\t\t\t\t\t\t\t\t\t\t\t\t\n\t\t\t\t\t\t\t\t\n\n\t\t\t\t\t\t\t<\/div>\n\t\t\t\t\t\t<\/div>\n\n\t\t\t\t\t<\/div>\n\n\t\t\t\t\n\t\t\t\t\t<div class=\"items elementor-items\">\n\t\t\t\t\t\t\n\t\t\t\t\t\t<div class=\"content_info\">\n\t\t\t\t\t\t\t<div class=\"ova-media\">\n\t\t\t\t\t\t\t\t\t\t\t\t\t\t\t\t\t<a href=\"https:\/\/www.mahkemeler.net\/en\/archives\/team\/bahar-duatepe\">\n\t\t\t\t\t\t\t\t\t\t<img decoding=\"async\" src=\"https:\/\/www.mahkemeler.net\/wp-content\/uploads\/2024\/07\/baharduatepe.png\" class=\"img-responsive\" alt=\"Bahar Duatepe\">\n\t\t\t\t\t\t\t\t\t<\/a>\n\t\t\t\t\t\t\t\t\t\t\t\t\t\t\t<\/div>\n\t\t\t\t\t\t\t<div class=\"ova-info-content\">\n\n\t\t\t\t\t\t\t\t\t\t\t\t\t\t\t\t\t\t\t\t\t\t\t\t<a href=\"https:\/\/www.mahkemeler.net\/en\/archives\/team\/bahar-duatepe\" class=\"name second_font\" >\n\t\t\t\t\t\t\t\t\tBahar Duatepe\t\t\t\t\t\t\t\t<\/a>\n\t\t\t\t\t\t\t\t\n\t\t\t\t\t\t\t\t\t\t\t\t\t\t\t\t\t<p class=\"job\">\n\t\t\t\t\t\t\t\t\t\tSupreme Court Judge\t\t\t\t\t\t\t\t\t<\/p>\n\t\t\t\t\t\t\t\t\n\t\t\t\t\t\t\t\t\t\t\t\t\t\t\t\t\n\t\t\t\t\t\t\t\t\n\n\t\t\t\t\t\t\t<\/div>\n\t\t\t\t\t\t<\/div>\n\n\t\t\t\t\t<\/div>\n\n\t\t\t\t\n\t\t\t\t\t<div class=\"items elementor-items\">\n\t\t\t\t\t\t\n\t\t\t\t\t\t<div class=\"content_info\">\n\t\t\t\t\t\t\t<div class=\"ova-media\">\n\t\t\t\t\t\t\t\t\t\t\t\t\t\t\t\t\t<a href=\"https:\/\/www.mahkemeler.net\/en\/archives\/team\/fatma-senol-bedevi\">\n\t\t\t\t\t\t\t\t\t\t<img decoding=\"async\" src=\"https:\/\/www.mahkemeler.net\/wp-content\/uploads\/2024\/07\/WhatsApp-Image-2024-08-16-at-1.02.50-PM.jpeg\" class=\"img-responsive\" alt=\"Fatma \u015eenol Bedevi\">\n\t\t\t\t\t\t\t\t\t<\/a>\n\t\t\t\t\t\t\t\t\t\t\t\t\t\t\t<\/div>\n\t\t\t\t\t\t\t<div class=\"ova-info-content\">\n\n\t\t\t\t\t\t\t\t\t\t\t\t\t\t\t\t\t\t\t\t\t\t\t\t<a href=\"https:\/\/www.mahkemeler.net\/en\/archives\/team\/fatma-senol-bedevi\" class=\"name second_font\" >\n\t\t\t\t\t\t\t\t\tFatma \u015eenol Bedevi\t\t\t\t\t\t\t\t<\/a>\n\t\t\t\t\t\t\t\t\n\t\t\t\t\t\t\t\t\t\t\t\t\t\t\t\t\t<p class=\"job\">\n\t\t\t\t\t\t\t\t\t\tSupreme Court Judge\t\t\t\t\t\t\t\t\t<\/p>\n\t\t\t\t\t\t\t\t\n\t\t\t\t\t\t\t\t\t\t\t\t\t\t\t\t\n\t\t\t\t\t\t\t\t\n\n\t\t\t\t\t\t\t<\/div>\n\t\t\t\t\t\t<\/div>\n\n\t\t\t\t\t<\/div>\n\n\t\t\t\t\t\t\t<\/div>\n\n\t\t<\/div>\n\n\t\t<\/div>\n\t\t\t\t<\/div>\n\t\t\t\t\t<\/div>\n\t\t<\/div>\n\t\t\t\t\t<\/div>\n\t\t<\/section>\n\t\t\t\t<\/div>","protected":false},"excerpt":{"rendered":"<p>Bertan \u00d6zerda\u011fY\u00fcksek Mahkeme Ba\u015fkan\u0131 Bertan \u00d6zerda\u011f, 24 May\u0131s 1974 tarihinde Lefko\u015fa\u2019da do\u011fdu. 1992 y\u0131l\u0131nda Lefko\u015fa T\u00fcrk Maarif Koleji\u2019nden ve 1996 y\u0131l\u0131nda ise Marmara \u00dcniversitesi Hukuk Fak\u00fcltesi\u2019nden mezun oldu. 1998 \u2013 1999 y\u0131llar\u0131nda \u0130ngiltere\u2019de Essex \u00dcniversitesi\u2019nde Avrupa Birli\u011fi ve Uluslararas\u0131 Ticaret Hukuku \u00fczerine master yapt\u0131 ve Avrupa Birli\u011fi Rekabet Hukuku alan\u0131nda y\u00fcksek lisans derecesi ald\u0131. Marmara [&hellip;]<\/p>","protected":false},"author":2,"featured_media":0,"parent":0,"menu_order":0,"comment_status":"closed","ping_status":"closed","template":"elementor_header_footer","meta":{"om_disable_all_campaigns":false,"_monsterinsights_skip_tracking":false,"_monsterinsights_sitenote_active":false,"_monsterinsights_sitenote_note":"","_monsterinsights_sitenote_category":0,"_uf_show_specific_survey":0,"_uf_disable_surveys":false,"footnotes":""},"class_list":["post-8969","page","type-page","status-publish","hentry"],"aioseo_notices":[],"_links":{"self":[{"href":"https:\/\/www.mahkemeler.net\/en\/wp-json\/wp\/v2\/pages\/8969","targetHints":{"allow":["GET"]}}],"collection":[{"href":"https:\/\/www.mahkemeler.net\/en\/wp-json\/wp\/v2\/pages"}],"about":[{"href":"https:\/\/www.mahkemeler.net\/en\/wp-json\/wp\/v2\/types\/page"}],"author":[{"embeddable":true,"href":"https:\/\/www.mahkemeler.net\/en\/wp-json\/wp\/v2\/users\/2"}],"replies":[{"embeddable":true,"href":"https:\/\/www.mahkemeler.net\/en\/wp-json\/wp\/v2\/comments?post=8969"}],"version-history":[{"count":17,"href":"https:\/\/www.mahkemeler.net\/en\/wp-json\/wp\/v2\/pages\/8969\/revisions"}],"predecessor-version":[{"id":9323,"href":"https:\/\/www.mahkemeler.net\/en\/wp-json\/wp\/v2\/pages\/8969\/revisions\/9323"}],"wp:attachment":[{"href":"https:\/\/www.mahkemeler.net\/en\/wp-json\/wp\/v2\/media?parent=8969"}],"curies":[{"name":"wp","href":"https:\/\/api.w.org\/{rel}","templated":true}]}}