{"id":7491,"date":"2024-07-30T09:53:39","date_gmt":"2024-07-30T07:53:39","guid":{"rendered":"http:\/\/192.168.100.211\/?page_id=7491"},"modified":"2024-07-30T18:18:42","modified_gmt":"2024-07-30T16:18:42","slug":"haberler","status":"publish","type":"page","link":"https:\/\/www.mahkemeler.net\/en\/haberler","title":{"rendered":"News"},"content":{"rendered":"<div data-elementor-type=\"wp-page\" data-elementor-id=\"7491\" class=\"elementor elementor-7491\">\n\t\t\t\t<div class=\"elementor-element elementor-element-7b79886 e-flex e-con-boxed e-con e-parent\" data-id=\"7b79886\" data-element_type=\"container\">\n\t\t\t\t\t<div class=\"e-con-inner\">\n\t\t\t\t<div class=\"elementor-element elementor-element-1cda48e elementor-widget elementor-widget-ova_blog\" data-id=\"1cda48e\" data-element_type=\"widget\" data-widget_type=\"ova_blog.default\">\n\t\t\t\t<div class=\"elementor-widget-container\">\n\t\t\t\n\t\t<div class=\"ova-blog blog-grid grid_small\">\n\t\t\t<div class=\"ova-wrap-grid\">\n\t\t\t\t\t\t\t<article class=\"post-wrap\">\n\t\t\t\t\t<div class=\"wrap-article\">\n\t\t\t\t\t\t<div class=\"post-media\">\n\t\t\t\t\t\t\t\t\t\t\t\t\t\t\t<a href=\"https:\/\/www.mahkemeler.net\/en\/archives\/10665\">\n\n\t\t\t\t\t\t\t\t\t<img decoding=\"async\" alt=\"Kaza Mahkemesi Yarg\u0131\u00e7lar\u0131 \u0130stanbul\u2019da D\u00fczenlenen \u0130nsan Haklar\u0131 E\u011fitim Program\u0131na Kat\u0131ld\u0131\" src=\"https:\/\/www.mahkemeler.net\/wp-content\/uploads\/2026\/04\/PHOTO-2026-04-20-08-58-10-420x560.jpg\" \n\t\t\t\t\t\t\t\t\t\t\t\n\t\t\t\t\t\t\t\t\t\t\tsrcset=\"https:\/\/www.mahkemeler.net\/wp-content\/uploads\/2026\/04\/PHOTO-2026-04-20-08-58-10-420x560.jpg 560w,\t\t\t\t\t\t\t\t\t\t\thttps:\/\/www.mahkemeler.net\/wp-content\/uploads\/2026\/04\/PHOTO-2026-04-20-08-58-10-225x300.jpg 300w\" \n\t\t\t\t\t\t\t\t\t\t\tsizes=\"(max-width: 767px) 100vw, 560px\" >\n\t\t\t\t\t\t\t\t<\/a>\n\t\t\t\t\t\t\t\t\t\t\t\t\t<\/div>\n\t\t\t\t\t\t<div class=\"evgovt-content\">\n\t\t\t\t\t\t\t\t\t\t\t\t\t\t<div class=\"post-meta-date\">\n\t\t\t\t\t\t\t\t<span class=\"post-meta-content-date\">\n\t\t\t\t\t\t\t\t    <span class=\"post-date\">\n\t\t\t\t\t\t\t\t        <span class=\"right second_font\">22\/04\/2026<\/span>\n\t\t\t\t\t\t\t\t    <\/span>\n\t\t\t\t\t\t\t\t<\/span>\n\t\t\t\t\t\t\t<\/div>\n\t\t\t\t\t\t\t\n\t\t\t\t\t\t\t\t\t\t\t\t\t\t\t\t\t\t\t\t\t<div class=\"post-title\">\n\t\t\t\t\t\t\t\t<a href=\"https:\/\/www.mahkemeler.net\/en\/archives\/10665\" rel=\"bookmark\" title=\"District Court Judges Attended the Human Rights Training Program Held in Istanbul\">\n\t\t\t\t\t\t\t\t\t<h2 class=\"post-title\">District Court Judges Attended the Human Rights Training Program Held in Istanbul<\/h2>\n\t\t\t\t\t\t\t    <\/a>\n\t\t\t\t\t\t\t<\/div>\n\t\t\t\t\t\t\t\t\t\t\t\t\t\t\t\t\t\t\t\t\t\t\t\t\t\t\t\t<div class=\"post-footer\">\n\t\t\t\t\t\t\t\t<div class=\"egovt-post-readmore\">\n\t\t\t\t\t\t\t\t    <a class=\"btn-readmore second_font\" href=\"https:\/\/www.mahkemeler.net\/en\/archives\/10665\">\n\t\t\t\t\t\t\t\t    \tRead More\t\t\t\t\t\t\t\t    \t<i data-feather=\"arrow-right\"><\/i>\n\t\t\t\t\t\t\t\t    <\/a>\n\t\t\t\t\t\t\t\t<\/div>\n\t\t\t\t\t\t\t<\/div>\n\t\t\t\t\t\t\t\t\t\t\t\t\t<\/div>\n\t\t\t\t\t<\/div>\n\t\t\t\t<\/article>\n\t\t\t\t\t\t\t<article class=\"post-wrap\">\n\t\t\t\t\t<div class=\"wrap-article\">\n\t\t\t\t\t\t<div class=\"post-media\">\n\t\t\t\t\t\t\t\t\t\t\t\t\t\t\t<a href=\"https:\/\/www.mahkemeler.net\/en\/archives\/10657\">\n\n\t\t\t\t\t\t\t\t\t<img decoding=\"async\" alt=\"Mahkemeler Bilgi \u0130\u015flem Merkezi Yapay Zeka Destekli Uygulamay\u0131 Devreye Ald\u0131\" src=\"https:\/\/www.mahkemeler.net\/wp-content\/uploads\/2026\/04\/Artificial-intelligente-Yapay-Zeka-AI-scaled-1-560x315.webp\" \n\t\t\t\t\t\t\t\t\t\t\t\n\t\t\t\t\t\t\t\t\t\t\tsrcset=\"https:\/\/www.mahkemeler.net\/wp-content\/uploads\/2026\/04\/Artificial-intelligente-Yapay-Zeka-AI-scaled-1-560x315.webp 560w,\t\t\t\t\t\t\t\t\t\t\thttps:\/\/www.mahkemeler.net\/wp-content\/uploads\/2026\/04\/Artificial-intelligente-Yapay-Zeka-AI-scaled-1-300x169.webp 300w\" \n\t\t\t\t\t\t\t\t\t\t\tsizes=\"(max-width: 767px) 100vw, 560px\" >\n\t\t\t\t\t\t\t\t<\/a>\n\t\t\t\t\t\t\t\t\t\t\t\t\t<\/div>\n\t\t\t\t\t\t<div class=\"evgovt-content\">\n\t\t\t\t\t\t\t\t\t\t\t\t\t\t<div class=\"post-meta-date\">\n\t\t\t\t\t\t\t\t<span class=\"post-meta-content-date\">\n\t\t\t\t\t\t\t\t    <span class=\"post-date\">\n\t\t\t\t\t\t\t\t        <span class=\"right second_font\">03\/04\/2026<\/span>\n\t\t\t\t\t\t\t\t    <\/span>\n\t\t\t\t\t\t\t\t<\/span>\n\t\t\t\t\t\t\t<\/div>\n\t\t\t\t\t\t\t\n\t\t\t\t\t\t\t\t\t\t\t\t\t\t\t\t\t\t\t\t\t<div class=\"post-title\">\n\t\t\t\t\t\t\t\t<a href=\"https:\/\/www.mahkemeler.net\/en\/archives\/10657\" rel=\"bookmark\" title=\"Courts IT Centre Launches AI-Supported Application\">\n\t\t\t\t\t\t\t\t\t<h2 class=\"post-title\">Courts IT Centre Launches AI-Supported Application<\/h2>\n\t\t\t\t\t\t\t    <\/a>\n\t\t\t\t\t\t\t<\/div>\n\t\t\t\t\t\t\t\t\t\t\t\t\t\t\t\t\t\t\t\t\t\t\t\t\t\t\t\t<div class=\"post-footer\">\n\t\t\t\t\t\t\t\t<div class=\"egovt-post-readmore\">\n\t\t\t\t\t\t\t\t    <a class=\"btn-readmore second_font\" href=\"https:\/\/www.mahkemeler.net\/en\/archives\/10657\">\n\t\t\t\t\t\t\t\t    \tRead More\t\t\t\t\t\t\t\t    \t<i data-feather=\"arrow-right\"><\/i>\n\t\t\t\t\t\t\t\t    <\/a>\n\t\t\t\t\t\t\t\t<\/div>\n\t\t\t\t\t\t\t<\/div>\n\t\t\t\t\t\t\t\t\t\t\t\t\t<\/div>\n\t\t\t\t\t<\/div>\n\t\t\t\t<\/article>\n\t\t\t\t\t\t\t<article class=\"post-wrap\">\n\t\t\t\t\t<div class=\"wrap-article\">\n\t\t\t\t\t\t<div class=\"post-media\">\n\t\t\t\t\t\t\t\t\t\t\t\t\t\t\t<a href=\"https:\/\/www.mahkemeler.net\/en\/archives\/10650\">\n\n\t\t\t\t\t\t\t\t\t<img decoding=\"async\" alt=\"Mahkeme K\u00fct\u00fcphanesine De\u011ferli Kitap Ba\u011f\u0131\u015f\u0131\" src=\"https:\/\/www.mahkemeler.net\/wp-content\/uploads\/2026\/04\/WhatsApp-Image-2026-04-02-at-8.49.14-PM-420x560.jpeg\" \n\t\t\t\t\t\t\t\t\t\t\t\n\t\t\t\t\t\t\t\t\t\t\tsrcset=\"https:\/\/www.mahkemeler.net\/wp-content\/uploads\/2026\/04\/WhatsApp-Image-2026-04-02-at-8.49.14-PM-420x560.jpeg 560w,\t\t\t\t\t\t\t\t\t\t\thttps:\/\/www.mahkemeler.net\/wp-content\/uploads\/2026\/04\/WhatsApp-Image-2026-04-02-at-8.49.14-PM-225x300.jpeg 300w\" \n\t\t\t\t\t\t\t\t\t\t\tsizes=\"(max-width: 767px) 100vw, 560px\" >\n\t\t\t\t\t\t\t\t<\/a>\n\t\t\t\t\t\t\t\t\t\t\t\t\t<\/div>\n\t\t\t\t\t\t<div class=\"evgovt-content\">\n\t\t\t\t\t\t\t\t\t\t\t\t\t\t<div class=\"post-meta-date\">\n\t\t\t\t\t\t\t\t<span class=\"post-meta-content-date\">\n\t\t\t\t\t\t\t\t    <span class=\"post-date\">\n\t\t\t\t\t\t\t\t        <span class=\"right second_font\">03\/04\/2026<\/span>\n\t\t\t\t\t\t\t\t    <\/span>\n\t\t\t\t\t\t\t\t<\/span>\n\t\t\t\t\t\t\t<\/div>\n\t\t\t\t\t\t\t\n\t\t\t\t\t\t\t\t\t\t\t\t\t\t\t\t\t\t\t\t\t<div class=\"post-title\">\n\t\t\t\t\t\t\t\t<a href=\"https:\/\/www.mahkemeler.net\/en\/archives\/10650\" rel=\"bookmark\" title=\"Valuable Book Donation to the Court Library\">\n\t\t\t\t\t\t\t\t\t<h2 class=\"post-title\">Valuable Book Donation to the Court Library<\/h2>\n\t\t\t\t\t\t\t    <\/a>\n\t\t\t\t\t\t\t<\/div>\n\t\t\t\t\t\t\t\t\t\t\t\t\t\t\t\t\t\t\t\t\t\t\t\t\t\t\t\t<div class=\"post-footer\">\n\t\t\t\t\t\t\t\t<div class=\"egovt-post-readmore\">\n\t\t\t\t\t\t\t\t    <a class=\"btn-readmore second_font\" href=\"https:\/\/www.mahkemeler.net\/en\/archives\/10650\">\n\t\t\t\t\t\t\t\t    \tRead More\t\t\t\t\t\t\t\t    \t<i data-feather=\"arrow-right\"><\/i>\n\t\t\t\t\t\t\t\t    <\/a>\n\t\t\t\t\t\t\t\t<\/div>\n\t\t\t\t\t\t\t<\/div>\n\t\t\t\t\t\t\t\t\t\t\t\t\t<\/div>\n\t\t\t\t\t<\/div>\n\t\t\t\t<\/article>\n\t\t\t\t\t\t\t<article class=\"post-wrap\">\n\t\t\t\t\t<div class=\"wrap-article\">\n\t\t\t\t\t\t<div class=\"post-media\">\n\t\t\t\t\t\t\t\t\t\t\t\t\t\t\t<a href=\"https:\/\/www.mahkemeler.net\/en\/archives\/10655\">\n\n\t\t\t\t\t\t\t\t\t<img decoding=\"async\" alt=\"T\u00dcRK-AY G\u00f6zlemci \u00dcyeli\u011fi\" src=\"https:\/\/www.mahkemeler.net\/wp-content\/uploads\/2026\/04\/turkay-560x296.png\" \n\t\t\t\t\t\t\t\t\t\t\t\n\t\t\t\t\t\t\t\t\t\t\tsrcset=\"https:\/\/www.mahkemeler.net\/wp-content\/uploads\/2026\/04\/turkay-560x296.png 560w,\t\t\t\t\t\t\t\t\t\t\thttps:\/\/www.mahkemeler.net\/wp-content\/uploads\/2026\/04\/turkay-300x159.png 300w\" \n\t\t\t\t\t\t\t\t\t\t\tsizes=\"(max-width: 767px) 100vw, 560px\" >\n\t\t\t\t\t\t\t\t<\/a>\n\t\t\t\t\t\t\t\t\t\t\t\t\t<\/div>\n\t\t\t\t\t\t<div class=\"evgovt-content\">\n\t\t\t\t\t\t\t\t\t\t\t\t\t\t<div class=\"post-meta-date\">\n\t\t\t\t\t\t\t\t<span class=\"post-meta-content-date\">\n\t\t\t\t\t\t\t\t    <span class=\"post-date\">\n\t\t\t\t\t\t\t\t        <span class=\"right second_font\">03\/04\/2026<\/span>\n\t\t\t\t\t\t\t\t    <\/span>\n\t\t\t\t\t\t\t\t<\/span>\n\t\t\t\t\t\t\t<\/div>\n\t\t\t\t\t\t\t\n\t\t\t\t\t\t\t\t\t\t\t\t\t\t\t\t\t\t\t\t\t<div class=\"post-title\">\n\t\t\t\t\t\t\t\t<a href=\"https:\/\/www.mahkemeler.net\/en\/archives\/10655\" rel=\"bookmark\" title=\"T\u00dcRK-AY Observer Membership\">\n\t\t\t\t\t\t\t\t\t<h2 class=\"post-title\">T\u00dcRK-AY Observer Membership<\/h2>\n\t\t\t\t\t\t\t    <\/a>\n\t\t\t\t\t\t\t<\/div>\n\t\t\t\t\t\t\t\t\t\t\t\t\t\t\t\t\t\t\t\t\t\t\t\t\t\t\t\t<div class=\"post-footer\">\n\t\t\t\t\t\t\t\t<div class=\"egovt-post-readmore\">\n\t\t\t\t\t\t\t\t    <a class=\"btn-readmore second_font\" href=\"https:\/\/www.mahkemeler.net\/en\/archives\/10655\">\n\t\t\t\t\t\t\t\t    \tRead More\t\t\t\t\t\t\t\t    \t<i data-feather=\"arrow-right\"><\/i>\n\t\t\t\t\t\t\t\t    <\/a>\n\t\t\t\t\t\t\t\t<\/div>\n\t\t\t\t\t\t\t<\/div>\n\t\t\t\t\t\t\t\t\t\t\t\t\t<\/div>\n\t\t\t\t\t<\/div>\n\t\t\t\t<\/article>\n\t\t\t\t\t\t\t<article class=\"post-wrap\">\n\t\t\t\t\t<div class=\"wrap-article\">\n\t\t\t\t\t\t<div class=\"post-media\">\n\t\t\t\t\t\t\t\t\t\t\t\t\t<\/div>\n\t\t\t\t\t\t<div class=\"evgovt-content\">\n\t\t\t\t\t\t\t\t\t\t\t\t\t\t<div class=\"post-meta-date\">\n\t\t\t\t\t\t\t\t<span class=\"post-meta-content-date\">\n\t\t\t\t\t\t\t\t    <span class=\"post-date\">\n\t\t\t\t\t\t\t\t        <span class=\"right second_font\">24\/03\/2026<\/span>\n\t\t\t\t\t\t\t\t    <\/span>\n\t\t\t\t\t\t\t\t<\/span>\n\t\t\t\t\t\t\t<\/div>\n\t\t\t\t\t\t\t\n\t\t\t\t\t\t\t\t\t\t\t\t\t\t\t\t\t\t\t\t\t<div class=\"post-title\">\n\t\t\t\t\t\t\t\t<a href=\"https:\/\/www.mahkemeler.net\/en\/archives\/10645\" rel=\"bookmark\" title=\"New Services from the Courts Information Technology Centre\">\n\t\t\t\t\t\t\t\t\t<h2 class=\"post-title\">New Services from the Courts Information Technology Centre<\/h2>\n\t\t\t\t\t\t\t    <\/a>\n\t\t\t\t\t\t\t<\/div>\n\t\t\t\t\t\t\t\t\t\t\t\t\t\t\t\t\t\t\t\t\t\t\t\t\t\t\t\t<div class=\"post-footer\">\n\t\t\t\t\t\t\t\t<div class=\"egovt-post-readmore\">\n\t\t\t\t\t\t\t\t    <a class=\"btn-readmore second_font\" href=\"https:\/\/www.mahkemeler.net\/en\/archives\/10645\">\n\t\t\t\t\t\t\t\t    \tRead More\t\t\t\t\t\t\t\t    \t<i data-feather=\"arrow-right\"><\/i>\n\t\t\t\t\t\t\t\t    <\/a>\n\t\t\t\t\t\t\t\t<\/div>\n\t\t\t\t\t\t\t<\/div>\n\t\t\t\t\t\t\t\t\t\t\t\t\t<\/div>\n\t\t\t\t\t<\/div>\n\t\t\t\t<\/article>\n\t\t\t\t\t\t\t<article class=\"post-wrap\">\n\t\t\t\t\t<div class=\"wrap-article\">\n\t\t\t\t\t\t<div class=\"post-media\">\n\t\t\t\t\t\t\t\t\t\t\t\t\t<\/div>\n\t\t\t\t\t\t<div class=\"evgovt-content\">\n\t\t\t\t\t\t\t\t\t\t\t\t\t\t<div class=\"post-meta-date\">\n\t\t\t\t\t\t\t\t<span class=\"post-meta-content-date\">\n\t\t\t\t\t\t\t\t    <span class=\"post-date\">\n\t\t\t\t\t\t\t\t        <span class=\"right second_font\">18\/03\/2026<\/span>\n\t\t\t\t\t\t\t\t    <\/span>\n\t\t\t\t\t\t\t\t<\/span>\n\t\t\t\t\t\t\t<\/div>\n\t\t\t\t\t\t\t\n\t\t\t\t\t\t\t\t\t\t\t\t\t\t\t\t\t\t\t\t\t<div class=\"post-title\">\n\t\t\t\t\t\t\t\t<a href=\"https:\/\/www.mahkemeler.net\/en\/archives\/10641\" rel=\"bookmark\" title=\"Y\u00fcksek Mahkeme Ba\u015fkan\u0131 Sn. Bertan \u00d6zerda\u011f&#8217;\u0131n Bayram Mesaj\u0131\">\n\t\t\t\t\t\t\t\t\t<h2 class=\"post-title\">Message from the President of the Supreme Court, Mr. Bertan \u00d6zerda\u011f on the Occasion of Eid<\/h2>\n\t\t\t\t\t\t\t    <\/a>\n\t\t\t\t\t\t\t<\/div>\n\t\t\t\t\t\t\t\t\t\t\t\t\t\t\t\t\t\t\t\t\t\t\t\t\t\t\t\t<div class=\"post-footer\">\n\t\t\t\t\t\t\t\t<div class=\"egovt-post-readmore\">\n\t\t\t\t\t\t\t\t    <a class=\"btn-readmore second_font\" href=\"https:\/\/www.mahkemeler.net\/en\/archives\/10641\">\n\t\t\t\t\t\t\t\t    \tRead More\t\t\t\t\t\t\t\t    \t<i data-feather=\"arrow-right\"><\/i>\n\t\t\t\t\t\t\t\t    <\/a>\n\t\t\t\t\t\t\t\t<\/div>\n\t\t\t\t\t\t\t<\/div>\n\t\t\t\t\t\t\t\t\t\t\t\t\t<\/div>\n\t\t\t\t\t<\/div>\n\t\t\t\t<\/article>\n\t\t\t\t\t\t\t<article class=\"post-wrap\">\n\t\t\t\t\t<div class=\"wrap-article\">\n\t\t\t\t\t\t<div class=\"post-media\">\n\t\t\t\t\t\t\t\t\t\t\t\t\t<\/div>\n\t\t\t\t\t\t<div class=\"evgovt-content\">\n\t\t\t\t\t\t\t\t\t\t\t\t\t\t<div class=\"post-meta-date\">\n\t\t\t\t\t\t\t\t<span class=\"post-meta-content-date\">\n\t\t\t\t\t\t\t\t    <span class=\"post-date\">\n\t\t\t\t\t\t\t\t        <span class=\"right second_font\">17\/03\/2026<\/span>\n\t\t\t\t\t\t\t\t    <\/span>\n\t\t\t\t\t\t\t\t<\/span>\n\t\t\t\t\t\t\t<\/div>\n\t\t\t\t\t\t\t\n\t\t\t\t\t\t\t\t\t\t\t\t\t\t\t\t\t\t\t\t\t<div class=\"post-title\">\n\t\t\t\t\t\t\t\t<a href=\"https:\/\/www.mahkemeler.net\/en\/archives\/10634\" rel=\"bookmark\" title=\"Work Undertaken for the Development of the Information Security Management System and the Electronic Archiving System in the Courts\">\n\t\t\t\t\t\t\t\t\t<h2 class=\"post-title\">Work Undertaken for the Development of the Information Security Management System and the Electronic Archiving System in the Courts<\/h2>\n\t\t\t\t\t\t\t    <\/a>\n\t\t\t\t\t\t\t<\/div>\n\t\t\t\t\t\t\t\t\t\t\t\t\t\t\t\t\t\t\t\t\t\t\t\t\t\t\t\t<div class=\"post-footer\">\n\t\t\t\t\t\t\t\t<div class=\"egovt-post-readmore\">\n\t\t\t\t\t\t\t\t    <a class=\"btn-readmore second_font\" href=\"https:\/\/www.mahkemeler.net\/en\/archives\/10634\">\n\t\t\t\t\t\t\t\t    \tRead More\t\t\t\t\t\t\t\t    \t<i data-feather=\"arrow-right\"><\/i>\n\t\t\t\t\t\t\t\t    <\/a>\n\t\t\t\t\t\t\t\t<\/div>\n\t\t\t\t\t\t\t<\/div>\n\t\t\t\t\t\t\t\t\t\t\t\t\t<\/div>\n\t\t\t\t\t<\/div>\n\t\t\t\t<\/article>\n\t\t\t\t\t\t\t<article class=\"post-wrap\">\n\t\t\t\t\t<div class=\"wrap-article\">\n\t\t\t\t\t\t<div class=\"post-media\">\n\t\t\t\t\t\t\t\t\t\t\t\t\t\t\t<a href=\"https:\/\/www.mahkemeler.net\/en\/archives\/10617\">\n\n\t\t\t\t\t\t\t\t\t<img decoding=\"async\" alt=\"Mahkemeler Yasas\u0131\u2019nda De\u011fi\u015fiklik Yasas\u0131 Y\u00fcr\u00fcrl\u00fc\u011fe Girdi\" src=\"https:\/\/www.mahkemeler.net\/wp-content\/uploads\/2026\/03\/resmi_gazete-560x466.png\" \n\t\t\t\t\t\t\t\t\t\t\t\n\t\t\t\t\t\t\t\t\t\t\tsrcset=\"https:\/\/www.mahkemeler.net\/wp-content\/uploads\/2026\/03\/resmi_gazete-560x466.png 560w,\t\t\t\t\t\t\t\t\t\t\thttps:\/\/www.mahkemeler.net\/wp-content\/uploads\/2026\/03\/resmi_gazete-300x250.png 300w\" \n\t\t\t\t\t\t\t\t\t\t\tsizes=\"(max-width: 767px) 100vw, 560px\" >\n\t\t\t\t\t\t\t\t<\/a>\n\t\t\t\t\t\t\t\t\t\t\t\t\t<\/div>\n\t\t\t\t\t\t<div class=\"evgovt-content\">\n\t\t\t\t\t\t\t\t\t\t\t\t\t\t<div class=\"post-meta-date\">\n\t\t\t\t\t\t\t\t<span class=\"post-meta-content-date\">\n\t\t\t\t\t\t\t\t    <span class=\"post-date\">\n\t\t\t\t\t\t\t\t        <span class=\"right second_font\">03\/03\/2026<\/span>\n\t\t\t\t\t\t\t\t    <\/span>\n\t\t\t\t\t\t\t\t<\/span>\n\t\t\t\t\t\t\t<\/div>\n\t\t\t\t\t\t\t\n\t\t\t\t\t\t\t\t\t\t\t\t\t\t\t\t\t\t\t\t\t<div class=\"post-title\">\n\t\t\t\t\t\t\t\t<a href=\"https:\/\/www.mahkemeler.net\/en\/archives\/10617\" rel=\"bookmark\" title=\"Amendment to the Courts Law Has Entered into Force\">\n\t\t\t\t\t\t\t\t\t<h2 class=\"post-title\">Amendment to the Courts Law Has Entered into Force<\/h2>\n\t\t\t\t\t\t\t    <\/a>\n\t\t\t\t\t\t\t<\/div>\n\t\t\t\t\t\t\t\t\t\t\t\t\t\t\t\t\t\t\t\t\t\t\t\t\t\t\t\t<div class=\"post-footer\">\n\t\t\t\t\t\t\t\t<div class=\"egovt-post-readmore\">\n\t\t\t\t\t\t\t\t    <a class=\"btn-readmore second_font\" href=\"https:\/\/www.mahkemeler.net\/en\/archives\/10617\">\n\t\t\t\t\t\t\t\t    \tRead More\t\t\t\t\t\t\t\t    \t<i data-feather=\"arrow-right\"><\/i>\n\t\t\t\t\t\t\t\t    <\/a>\n\t\t\t\t\t\t\t\t<\/div>\n\t\t\t\t\t\t\t<\/div>\n\t\t\t\t\t\t\t\t\t\t\t\t\t<\/div>\n\t\t\t\t\t<\/div>\n\t\t\t\t<\/article>\n\t\t\t\t\t\t\t<article class=\"post-wrap\">\n\t\t\t\t\t<div class=\"wrap-article\">\n\t\t\t\t\t\t<div class=\"post-media\">\n\t\t\t\t\t\t\t\t\t\t\t\t\t\t\t<a href=\"https:\/\/www.mahkemeler.net\/en\/archives\/10612\">\n\n\t\t\t\t\t\t\t\t\t<img decoding=\"async\" alt=\"T\u00fcrk D\u00fcnyas\u0131 Arabulucular Birli\u011fi Y\u00fcksek Mahkeme Ba\u015fkan\u0131 Say\u0131n Bertan \u00d6zerda\u011f\u2019\u0131 Ziyaret Etti\" src=\"https:\/\/www.mahkemeler.net\/wp-content\/uploads\/2026\/02\/WhatsApp-Image-2026-02-27-at-10.41.50-AM.jpeg\" \n\t\t\t\t\t\t\t\t\t\t\t\n\t\t\t\t\t\t\t\t\t\t\tsrcset=\"https:\/\/www.mahkemeler.net\/wp-content\/uploads\/2026\/02\/WhatsApp-Image-2026-02-27-at-10.41.50-AM.jpeg 560w,\t\t\t\t\t\t\t\t\t\t\thttps:\/\/www.mahkemeler.net\/wp-content\/uploads\/2026\/02\/WhatsApp-Image-2026-02-27-at-10.41.50-AM-300x173.jpeg 300w\" \n\t\t\t\t\t\t\t\t\t\t\tsizes=\"(max-width: 767px) 100vw, 560px\" >\n\t\t\t\t\t\t\t\t<\/a>\n\t\t\t\t\t\t\t\t\t\t\t\t\t<\/div>\n\t\t\t\t\t\t<div class=\"evgovt-content\">\n\t\t\t\t\t\t\t\t\t\t\t\t\t\t<div class=\"post-meta-date\">\n\t\t\t\t\t\t\t\t<span class=\"post-meta-content-date\">\n\t\t\t\t\t\t\t\t    <span class=\"post-date\">\n\t\t\t\t\t\t\t\t        <span class=\"right second_font\">27\/02\/2026<\/span>\n\t\t\t\t\t\t\t\t    <\/span>\n\t\t\t\t\t\t\t\t<\/span>\n\t\t\t\t\t\t\t<\/div>\n\t\t\t\t\t\t\t\n\t\t\t\t\t\t\t\t\t\t\t\t\t\t\t\t\t\t\t\t\t<div class=\"post-title\">\n\t\t\t\t\t\t\t\t<a href=\"https:\/\/www.mahkemeler.net\/en\/archives\/10612\" rel=\"bookmark\" title=\"The Union of Mediators of the Turkic World Pays a Visit to Supreme Court President Bertan \u00d6zerda\u011f\">\n\t\t\t\t\t\t\t\t\t<h2 class=\"post-title\">The Union of Mediators of the Turkic World Pays a Visit to Supreme Court President Bertan \u00d6zerda\u011f<\/h2>\n\t\t\t\t\t\t\t    <\/a>\n\t\t\t\t\t\t\t<\/div>\n\t\t\t\t\t\t\t\t\t\t\t\t\t\t\t\t\t\t\t\t\t\t\t\t\t\t\t\t<div class=\"post-footer\">\n\t\t\t\t\t\t\t\t<div class=\"egovt-post-readmore\">\n\t\t\t\t\t\t\t\t    <a class=\"btn-readmore second_font\" href=\"https:\/\/www.mahkemeler.net\/en\/archives\/10612\">\n\t\t\t\t\t\t\t\t    \tRead More\t\t\t\t\t\t\t\t    \t<i data-feather=\"arrow-right\"><\/i>\n\t\t\t\t\t\t\t\t    <\/a>\n\t\t\t\t\t\t\t\t<\/div>\n\t\t\t\t\t\t\t<\/div>\n\t\t\t\t\t\t\t\t\t\t\t\t\t<\/div>\n\t\t\t\t\t<\/div>\n\t\t\t\t<\/article>\n\t\t\t\t\t\t\t<article class=\"post-wrap\">\n\t\t\t\t\t<div class=\"wrap-article\">\n\t\t\t\t\t\t<div class=\"post-media\">\n\t\t\t\t\t\t\t\t\t\t\t\t\t\t\t<a href=\"https:\/\/www.mahkemeler.net\/en\/archives\/10577\">\n\n\t\t\t\t\t\t\t\t\t<img decoding=\"async\" alt=\"Azerbaycan Anayasas\u0131\u2019n\u0131n 30.Y\u0131l\u0131 Etkinlikleriyle \u0130lgili Kitapta Y\u00fcksek Mahkeme Ba\u015fkan\u0131 Say\u0131n Bertan \u00d6zerda\u011f\u2019\u0131n Konu\u015fmas\u0131na da Yer Verildi\" src=\"https:\/\/www.mahkemeler.net\/wp-content\/uploads\/2026\/01\/v2normalhaberboyutuablonsuzkopyaskopyaskopyas-2026-01-25t111144813_1769332327-560x318.webp\" \n\t\t\t\t\t\t\t\t\t\t\t\n\t\t\t\t\t\t\t\t\t\t\tsrcset=\"https:\/\/www.mahkemeler.net\/wp-content\/uploads\/2026\/01\/v2normalhaberboyutuablonsuzkopyaskopyaskopyas-2026-01-25t111144813_1769332327-560x318.webp 560w,\t\t\t\t\t\t\t\t\t\t\thttps:\/\/www.mahkemeler.net\/wp-content\/uploads\/2026\/01\/v2normalhaberboyutuablonsuzkopyaskopyaskopyas-2026-01-25t111144813_1769332327-300x170.webp 300w\" \n\t\t\t\t\t\t\t\t\t\t\tsizes=\"(max-width: 767px) 100vw, 560px\" >\n\t\t\t\t\t\t\t\t<\/a>\n\t\t\t\t\t\t\t\t\t\t\t\t\t<\/div>\n\t\t\t\t\t\t<div class=\"evgovt-content\">\n\t\t\t\t\t\t\t\t\t\t\t\t\t\t<div class=\"post-meta-date\">\n\t\t\t\t\t\t\t\t<span class=\"post-meta-content-date\">\n\t\t\t\t\t\t\t\t    <span class=\"post-date\">\n\t\t\t\t\t\t\t\t        <span class=\"right second_font\">26\/01\/2026<\/span>\n\t\t\t\t\t\t\t\t    <\/span>\n\t\t\t\t\t\t\t\t<\/span>\n\t\t\t\t\t\t\t<\/div>\n\t\t\t\t\t\t\t\n\t\t\t\t\t\t\t\t\t\t\t\t\t\t\t\t\t\t\t\t\t<div class=\"post-title\">\n\t\t\t\t\t\t\t\t<a href=\"https:\/\/www.mahkemeler.net\/en\/archives\/10577\" rel=\"bookmark\" title=\"Speech by Supreme Court President Bertan \u00d6zerda\u011f Included in Book on the 30th Anniversary of the Constitution of Azerbaijan\">\n\t\t\t\t\t\t\t\t\t<h2 class=\"post-title\">Speech by Supreme Court President Bertan \u00d6zerda\u011f Included in Book on the 30th Anniversary of the Constitution of Azerbaijan<\/h2>\n\t\t\t\t\t\t\t    <\/a>\n\t\t\t\t\t\t\t<\/div>\n\t\t\t\t\t\t\t\t\t\t\t\t\t\t\t\t\t\t\t\t\t\t\t\t\t\t\t\t<div class=\"post-footer\">\n\t\t\t\t\t\t\t\t<div class=\"egovt-post-readmore\">\n\t\t\t\t\t\t\t\t    <a class=\"btn-readmore second_font\" href=\"https:\/\/www.mahkemeler.net\/en\/archives\/10577\">\n\t\t\t\t\t\t\t\t    \tRead More\t\t\t\t\t\t\t\t    \t<i data-feather=\"arrow-right\"><\/i>\n\t\t\t\t\t\t\t\t    <\/a>\n\t\t\t\t\t\t\t\t<\/div>\n\t\t\t\t\t\t\t<\/div>\n\t\t\t\t\t\t\t\t\t\t\t\t\t<\/div>\n\t\t\t\t\t<\/div>\n\t\t\t\t<\/article>\n\t\t\t\t\t\t\t<article class=\"post-wrap\">\n\t\t\t\t\t<div class=\"wrap-article\">\n\t\t\t\t\t\t<div class=\"post-media\">\n\t\t\t\t\t\t\t\t\t\t\t\t\t<\/div>\n\t\t\t\t\t\t<div class=\"evgovt-content\">\n\t\t\t\t\t\t\t\t\t\t\t\t\t\t<div class=\"post-meta-date\">\n\t\t\t\t\t\t\t\t<span class=\"post-meta-content-date\">\n\t\t\t\t\t\t\t\t    <span class=\"post-date\">\n\t\t\t\t\t\t\t\t        <span class=\"right second_font\">26\/01\/2026<\/span>\n\t\t\t\t\t\t\t\t    <\/span>\n\t\t\t\t\t\t\t\t<\/span>\n\t\t\t\t\t\t\t<\/div>\n\t\t\t\t\t\t\t\n\t\t\t\t\t\t\t\t\t\t\t\t\t\t\t\t\t\t\t\t\t<div class=\"post-title\">\n\t\t\t\t\t\t\t\t<a href=\"https:\/\/www.mahkemeler.net\/en\/archives\/10575\" rel=\"bookmark\" title=\"Amendment to the Regulation Concerning Appeal Hearings\">\n\t\t\t\t\t\t\t\t\t<h2 class=\"post-title\">Amendment to the Regulation Concerning Appeal Hearings<\/h2>\n\t\t\t\t\t\t\t    <\/a>\n\t\t\t\t\t\t\t<\/div>\n\t\t\t\t\t\t\t\t\t\t\t\t\t\t\t\t\t\t\t\t\t\t\t\t\t\t\t\t<div class=\"post-footer\">\n\t\t\t\t\t\t\t\t<div class=\"egovt-post-readmore\">\n\t\t\t\t\t\t\t\t    <a class=\"btn-readmore second_font\" href=\"https:\/\/www.mahkemeler.net\/en\/archives\/10575\">\n\t\t\t\t\t\t\t\t    \tRead More\t\t\t\t\t\t\t\t    \t<i data-feather=\"arrow-right\"><\/i>\n\t\t\t\t\t\t\t\t    <\/a>\n\t\t\t\t\t\t\t\t<\/div>\n\t\t\t\t\t\t\t<\/div>\n\t\t\t\t\t\t\t\t\t\t\t\t\t<\/div>\n\t\t\t\t\t<\/div>\n\t\t\t\t<\/article>\n\t\t\t\t\t\t\t<article class=\"post-wrap\">\n\t\t\t\t\t<div class=\"wrap-article\">\n\t\t\t\t\t\t<div class=\"post-media\">\n\t\t\t\t\t\t\t\t\t\t\t\t\t<\/div>\n\t\t\t\t\t\t<div class=\"evgovt-content\">\n\t\t\t\t\t\t\t\t\t\t\t\t\t\t<div class=\"post-meta-date\">\n\t\t\t\t\t\t\t\t<span class=\"post-meta-content-date\">\n\t\t\t\t\t\t\t\t    <span class=\"post-date\">\n\t\t\t\t\t\t\t\t        <span class=\"right second_font\">22\/01\/2026<\/span>\n\t\t\t\t\t\t\t\t    <\/span>\n\t\t\t\t\t\t\t\t<\/span>\n\t\t\t\t\t\t\t<\/div>\n\t\t\t\t\t\t\t\n\t\t\t\t\t\t\t\t\t\t\t\t\t\t\t\t\t\t\t\t\t<div class=\"post-title\">\n\t\t\t\t\t\t\t\t<a href=\"https:\/\/www.mahkemeler.net\/en\/archives\/10573\" rel=\"bookmark\" title=\"Training and Evaluation Meeting for Judges\">\n\t\t\t\t\t\t\t\t\t<h2 class=\"post-title\">Training and Evaluation Meeting for Judges<\/h2>\n\t\t\t\t\t\t\t    <\/a>\n\t\t\t\t\t\t\t<\/div>\n\t\t\t\t\t\t\t\t\t\t\t\t\t\t\t\t\t\t\t\t\t\t\t\t\t\t\t\t<div class=\"post-footer\">\n\t\t\t\t\t\t\t\t<div class=\"egovt-post-readmore\">\n\t\t\t\t\t\t\t\t    <a class=\"btn-readmore second_font\" href=\"https:\/\/www.mahkemeler.net\/en\/archives\/10573\">\n\t\t\t\t\t\t\t\t    \tRead More\t\t\t\t\t\t\t\t    \t<i data-feather=\"arrow-right\"><\/i>\n\t\t\t\t\t\t\t\t    <\/a>\n\t\t\t\t\t\t\t\t<\/div>\n\t\t\t\t\t\t\t<\/div>\n\t\t\t\t\t\t\t\t\t\t\t\t\t<\/div>\n\t\t\t\t\t<\/div>\n\t\t\t\t<\/article>\n\t\t\t\t\t\t\t<article class=\"post-wrap\">\n\t\t\t\t\t<div class=\"wrap-article\">\n\t\t\t\t\t\t<div class=\"post-media\">\n\t\t\t\t\t\t\t\t\t\t\t\t\t\t\t<a href=\"https:\/\/www.mahkemeler.net\/en\/archives\/10570\">\n\n\t\t\t\t\t\t\t\t\t<img decoding=\"async\" alt=\"K\u0131br\u0131s T\u00fcrk Sanayi Odas\u0131, Yarg\u0131 Sistemine Y\u00f6nelik Anayasa De\u011fi\u015fikli\u011fi S\u00fcrecine Destek Verdi: Hukuk Devleti i\u00e7in Gerekli\" src=\"https:\/\/www.mahkemeler.net\/wp-content\/uploads\/2026\/01\/1734093881853SANAYI-ODASI-560x275.jpg\" \n\t\t\t\t\t\t\t\t\t\t\t\n\t\t\t\t\t\t\t\t\t\t\tsrcset=\"https:\/\/www.mahkemeler.net\/wp-content\/uploads\/2026\/01\/1734093881853SANAYI-ODASI-560x275.jpg 560w,\t\t\t\t\t\t\t\t\t\t\thttps:\/\/www.mahkemeler.net\/wp-content\/uploads\/2026\/01\/1734093881853SANAYI-ODASI-300x147.jpg 300w\" \n\t\t\t\t\t\t\t\t\t\t\tsizes=\"(max-width: 767px) 100vw, 560px\" >\n\t\t\t\t\t\t\t\t<\/a>\n\t\t\t\t\t\t\t\t\t\t\t\t\t<\/div>\n\t\t\t\t\t\t<div class=\"evgovt-content\">\n\t\t\t\t\t\t\t\t\t\t\t\t\t\t<div class=\"post-meta-date\">\n\t\t\t\t\t\t\t\t<span class=\"post-meta-content-date\">\n\t\t\t\t\t\t\t\t    <span class=\"post-date\">\n\t\t\t\t\t\t\t\t        <span class=\"right second_font\">22\/01\/2026<\/span>\n\t\t\t\t\t\t\t\t    <\/span>\n\t\t\t\t\t\t\t\t<\/span>\n\t\t\t\t\t\t\t<\/div>\n\t\t\t\t\t\t\t\n\t\t\t\t\t\t\t\t\t\t\t\t\t\t\t\t\t\t\t\t\t<div class=\"post-title\">\n\t\t\t\t\t\t\t\t<a href=\"https:\/\/www.mahkemeler.net\/en\/archives\/10570\" rel=\"bookmark\" title=\"Cyprus Turkish Chamber of Industry Supports Constitutional Amendment Process Concerning the Judicial System: Necessary for the Rule of Law\">\n\t\t\t\t\t\t\t\t\t<h2 class=\"post-title\">Cyprus Turkish Chamber of Industry Supports Constitutional Amendment Process Concerning the Judicial System: Necessary for the Rule of Law<\/h2>\n\t\t\t\t\t\t\t    <\/a>\n\t\t\t\t\t\t\t<\/div>\n\t\t\t\t\t\t\t\t\t\t\t\t\t\t\t\t\t\t\t\t\t\t\t\t\t\t\t\t<div class=\"post-footer\">\n\t\t\t\t\t\t\t\t<div class=\"egovt-post-readmore\">\n\t\t\t\t\t\t\t\t    <a class=\"btn-readmore second_font\" href=\"https:\/\/www.mahkemeler.net\/en\/archives\/10570\">\n\t\t\t\t\t\t\t\t    \tRead More\t\t\t\t\t\t\t\t    \t<i data-feather=\"arrow-right\"><\/i>\n\t\t\t\t\t\t\t\t    <\/a>\n\t\t\t\t\t\t\t\t<\/div>\n\t\t\t\t\t\t\t<\/div>\n\t\t\t\t\t\t\t\t\t\t\t\t\t<\/div>\n\t\t\t\t\t<\/div>\n\t\t\t\t<\/article>\n\t\t\t\t\t\t\t<article class=\"post-wrap\">\n\t\t\t\t\t<div class=\"wrap-article\">\n\t\t\t\t\t\t<div class=\"post-media\">\n\t\t\t\t\t\t\t\t\t\t\t\t\t\t\t<a href=\"https:\/\/www.mahkemeler.net\/en\/archives\/10566\">\n\n\t\t\t\t\t\t\t\t\t<img decoding=\"async\" alt=\"K\u0131br\u0131s T\u00fcrk Ticaret Odas\u0131ndan Anayasa De\u011fi\u015fikli\u011fine Destek: \u00c7a\u011f\u0131n Gerektirdi\u011fi Ad\u0131mlar At\u0131lmal\u0131\" src=\"https:\/\/www.mahkemeler.net\/wp-content\/uploads\/2026\/01\/68141-560x280.jpg\" \n\t\t\t\t\t\t\t\t\t\t\t\n\t\t\t\t\t\t\t\t\t\t\tsrcset=\"https:\/\/www.mahkemeler.net\/wp-content\/uploads\/2026\/01\/68141-560x280.jpg 560w,\t\t\t\t\t\t\t\t\t\t\thttps:\/\/www.mahkemeler.net\/wp-content\/uploads\/2026\/01\/68141-300x150.jpg 300w\" \n\t\t\t\t\t\t\t\t\t\t\tsizes=\"(max-width: 767px) 100vw, 560px\" >\n\t\t\t\t\t\t\t\t<\/a>\n\t\t\t\t\t\t\t\t\t\t\t\t\t<\/div>\n\t\t\t\t\t\t<div class=\"evgovt-content\">\n\t\t\t\t\t\t\t\t\t\t\t\t\t\t<div class=\"post-meta-date\">\n\t\t\t\t\t\t\t\t<span class=\"post-meta-content-date\">\n\t\t\t\t\t\t\t\t    <span class=\"post-date\">\n\t\t\t\t\t\t\t\t        <span class=\"right second_font\">22\/01\/2026<\/span>\n\t\t\t\t\t\t\t\t    <\/span>\n\t\t\t\t\t\t\t\t<\/span>\n\t\t\t\t\t\t\t<\/div>\n\t\t\t\t\t\t\t\n\t\t\t\t\t\t\t\t\t\t\t\t\t\t\t\t\t\t\t\t\t<div class=\"post-title\">\n\t\t\t\t\t\t\t\t<a href=\"https:\/\/www.mahkemeler.net\/en\/archives\/10566\" rel=\"bookmark\" title=\"Turkish Cypriot Chamber of Commerce Supports Constitutional Amendment: Steps Required by the Times Must Be Taken\">\n\t\t\t\t\t\t\t\t\t<h2 class=\"post-title\">Turkish Cypriot Chamber of Commerce Supports Constitutional Amendment: Steps Required by the Times Must Be Taken<\/h2>\n\t\t\t\t\t\t\t    <\/a>\n\t\t\t\t\t\t\t<\/div>\n\t\t\t\t\t\t\t\t\t\t\t\t\t\t\t\t\t\t\t\t\t\t\t\t\t\t\t\t<div class=\"post-footer\">\n\t\t\t\t\t\t\t\t<div class=\"egovt-post-readmore\">\n\t\t\t\t\t\t\t\t    <a class=\"btn-readmore second_font\" href=\"https:\/\/www.mahkemeler.net\/en\/archives\/10566\">\n\t\t\t\t\t\t\t\t    \tRead More\t\t\t\t\t\t\t\t    \t<i data-feather=\"arrow-right\"><\/i>\n\t\t\t\t\t\t\t\t    <\/a>\n\t\t\t\t\t\t\t\t<\/div>\n\t\t\t\t\t\t\t<\/div>\n\t\t\t\t\t\t\t\t\t\t\t\t\t<\/div>\n\t\t\t\t\t<\/div>\n\t\t\t\t<\/article>\n\t\t\t\t\t\t\t<article class=\"post-wrap\">\n\t\t\t\t\t<div class=\"wrap-article\">\n\t\t\t\t\t\t<div class=\"post-media\">\n\t\t\t\t\t\t\t\t\t\t\t\t\t\t\t<a href=\"https:\/\/www.mahkemeler.net\/en\/archives\/10532\">\n\n\t\t\t\t\t\t\t\t\t<img decoding=\"async\" alt=\"Anayasa De\u011fi\u015fiklik \u00d6nerisi Hakk\u0131nda Bilgilendirme Toplant\u0131s\u0131\" src=\"https:\/\/www.mahkemeler.net\/wp-content\/uploads\/2026\/01\/1-420x560.jpeg\" \n\t\t\t\t\t\t\t\t\t\t\t\n\t\t\t\t\t\t\t\t\t\t\tsrcset=\"https:\/\/www.mahkemeler.net\/wp-content\/uploads\/2026\/01\/1-420x560.jpeg 560w,\t\t\t\t\t\t\t\t\t\t\thttps:\/\/www.mahkemeler.net\/wp-content\/uploads\/2026\/01\/1-225x300.jpeg 300w\" \n\t\t\t\t\t\t\t\t\t\t\tsizes=\"(max-width: 767px) 100vw, 560px\" >\n\t\t\t\t\t\t\t\t<\/a>\n\t\t\t\t\t\t\t\t\t\t\t\t\t<\/div>\n\t\t\t\t\t\t<div class=\"evgovt-content\">\n\t\t\t\t\t\t\t\t\t\t\t\t\t\t<div class=\"post-meta-date\">\n\t\t\t\t\t\t\t\t<span class=\"post-meta-content-date\">\n\t\t\t\t\t\t\t\t    <span class=\"post-date\">\n\t\t\t\t\t\t\t\t        <span class=\"right second_font\">14\/01\/2026<\/span>\n\t\t\t\t\t\t\t\t    <\/span>\n\t\t\t\t\t\t\t\t<\/span>\n\t\t\t\t\t\t\t<\/div>\n\t\t\t\t\t\t\t\n\t\t\t\t\t\t\t\t\t\t\t\t\t\t\t\t\t\t\t\t\t<div class=\"post-title\">\n\t\t\t\t\t\t\t\t<a href=\"https:\/\/www.mahkemeler.net\/en\/archives\/10532\" rel=\"bookmark\" title=\"Information Meeting on the Proposal for Constitutional Amendment\">\n\t\t\t\t\t\t\t\t\t<h2 class=\"post-title\">Information Meeting on the Proposal for Constitutional Amendment<\/h2>\n\t\t\t\t\t\t\t    <\/a>\n\t\t\t\t\t\t\t<\/div>\n\t\t\t\t\t\t\t\t\t\t\t\t\t\t\t\t\t\t\t\t\t\t\t\t\t\t\t\t<div class=\"post-footer\">\n\t\t\t\t\t\t\t\t<div class=\"egovt-post-readmore\">\n\t\t\t\t\t\t\t\t    <a class=\"btn-readmore second_font\" href=\"https:\/\/www.mahkemeler.net\/en\/archives\/10532\">\n\t\t\t\t\t\t\t\t    \tRead More\t\t\t\t\t\t\t\t    \t<i data-feather=\"arrow-right\"><\/i>\n\t\t\t\t\t\t\t\t    <\/a>\n\t\t\t\t\t\t\t\t<\/div>\n\t\t\t\t\t\t\t<\/div>\n\t\t\t\t\t\t\t\t\t\t\t\t\t<\/div>\n\t\t\t\t\t<\/div>\n\t\t\t\t<\/article>\n\t\t\t\t\t\t\t<article class=\"post-wrap\">\n\t\t\t\t\t<div class=\"wrap-article\">\n\t\t\t\t\t\t<div class=\"post-media\">\n\t\t\t\t\t\t\t\t\t\t\t\t\t<\/div>\n\t\t\t\t\t\t<div class=\"evgovt-content\">\n\t\t\t\t\t\t\t\t\t\t\t\t\t\t<div class=\"post-meta-date\">\n\t\t\t\t\t\t\t\t<span class=\"post-meta-content-date\">\n\t\t\t\t\t\t\t\t    <span class=\"post-date\">\n\t\t\t\t\t\t\t\t        <span class=\"right second_font\">31\/12\/2025<\/span>\n\t\t\t\t\t\t\t\t    <\/span>\n\t\t\t\t\t\t\t\t<\/span>\n\t\t\t\t\t\t\t<\/div>\n\t\t\t\t\t\t\t\n\t\t\t\t\t\t\t\t\t\t\t\t\t\t\t\t\t\t\t\t\t<div class=\"post-title\">\n\t\t\t\t\t\t\t\t<a href=\"https:\/\/www.mahkemeler.net\/en\/archives\/10528\" rel=\"bookmark\" title=\"Y\u00fcksek Mahkeme Ba\u015fkan\u0131 Sn. Bertan \u00d6zerda\u011f&#8217;\u0131n Yeni Y\u0131l Mesaj\u0131\">\n\t\t\t\t\t\t\t\t\t<h2 class=\"post-title\">New Year Message from Mr. Bertan \u00d6zerda\u011f, President of the Supreme Court<\/h2>\n\t\t\t\t\t\t\t    <\/a>\n\t\t\t\t\t\t\t<\/div>\n\t\t\t\t\t\t\t\t\t\t\t\t\t\t\t\t\t\t\t\t\t\t\t\t\t\t\t\t<div class=\"post-footer\">\n\t\t\t\t\t\t\t\t<div class=\"egovt-post-readmore\">\n\t\t\t\t\t\t\t\t    <a class=\"btn-readmore second_font\" href=\"https:\/\/www.mahkemeler.net\/en\/archives\/10528\">\n\t\t\t\t\t\t\t\t    \tRead More\t\t\t\t\t\t\t\t    \t<i data-feather=\"arrow-right\"><\/i>\n\t\t\t\t\t\t\t\t    <\/a>\n\t\t\t\t\t\t\t\t<\/div>\n\t\t\t\t\t\t\t<\/div>\n\t\t\t\t\t\t\t\t\t\t\t\t\t<\/div>\n\t\t\t\t\t<\/div>\n\t\t\t\t<\/article>\n\t\t\t\t\t\t\t<article class=\"post-wrap\">\n\t\t\t\t\t<div class=\"wrap-article\">\n\t\t\t\t\t\t<div class=\"post-media\">\n\t\t\t\t\t\t\t\t\t\t\t\t\t<\/div>\n\t\t\t\t\t\t<div class=\"evgovt-content\">\n\t\t\t\t\t\t\t\t\t\t\t\t\t\t<div class=\"post-meta-date\">\n\t\t\t\t\t\t\t\t<span class=\"post-meta-content-date\">\n\t\t\t\t\t\t\t\t    <span class=\"post-date\">\n\t\t\t\t\t\t\t\t        <span class=\"right second_font\">03\/12\/2025<\/span>\n\t\t\t\t\t\t\t\t    <\/span>\n\t\t\t\t\t\t\t\t<\/span>\n\t\t\t\t\t\t\t<\/div>\n\t\t\t\t\t\t\t\n\t\t\t\t\t\t\t\t\t\t\t\t\t\t\t\t\t\t\t\t\t<div class=\"post-title\">\n\t\t\t\t\t\t\t\t<a href=\"https:\/\/www.mahkemeler.net\/en\/archives\/10462\" rel=\"bookmark\" title=\"Amendments to the Regulation and Innovations Introduced in Electronic Services\">\n\t\t\t\t\t\t\t\t\t<h2 class=\"post-title\">Amendments to the Regulation and Innovations Introduced in Electronic Services<\/h2>\n\t\t\t\t\t\t\t    <\/a>\n\t\t\t\t\t\t\t<\/div>\n\t\t\t\t\t\t\t\t\t\t\t\t\t\t\t\t\t\t\t\t\t\t\t\t\t\t\t\t<div class=\"post-footer\">\n\t\t\t\t\t\t\t\t<div class=\"egovt-post-readmore\">\n\t\t\t\t\t\t\t\t    <a class=\"btn-readmore second_font\" href=\"https:\/\/www.mahkemeler.net\/en\/archives\/10462\">\n\t\t\t\t\t\t\t\t    \tRead More\t\t\t\t\t\t\t\t    \t<i data-feather=\"arrow-right\"><\/i>\n\t\t\t\t\t\t\t\t    <\/a>\n\t\t\t\t\t\t\t\t<\/div>\n\t\t\t\t\t\t\t<\/div>\n\t\t\t\t\t\t\t\t\t\t\t\t\t<\/div>\n\t\t\t\t\t<\/div>\n\t\t\t\t<\/article>\n\t\t\t\t\t\t\t<article class=\"post-wrap\">\n\t\t\t\t\t<div class=\"wrap-article\">\n\t\t\t\t\t\t<div class=\"post-media\">\n\t\t\t\t\t\t\t\t\t\t\t\t\t\t\t<a href=\"https:\/\/www.mahkemeler.net\/en\/archives\/10443\">\n\n\t\t\t\t\t\t\t\t\t<img decoding=\"async\" alt=\"Kaza Mahkemesi Yarg\u0131\u00e7lar\u0131 Ankara&#8217;da D\u00fczenlenen Aile Hukuku Sempozyumuna Kat\u0131ld\u0131\" src=\"https:\/\/www.mahkemeler.net\/wp-content\/uploads\/2025\/11\/WhatsApp-Image-2025-11-24-at-11.00.12-AM-560x380.jpeg\" \n\t\t\t\t\t\t\t\t\t\t\t\n\t\t\t\t\t\t\t\t\t\t\tsrcset=\"https:\/\/www.mahkemeler.net\/wp-content\/uploads\/2025\/11\/WhatsApp-Image-2025-11-24-at-11.00.12-AM-560x380.jpeg 560w,\t\t\t\t\t\t\t\t\t\t\thttps:\/\/www.mahkemeler.net\/wp-content\/uploads\/2025\/11\/WhatsApp-Image-2025-11-24-at-11.00.12-AM-300x204.jpeg 300w\" \n\t\t\t\t\t\t\t\t\t\t\tsizes=\"(max-width: 767px) 100vw, 560px\" >\n\t\t\t\t\t\t\t\t<\/a>\n\t\t\t\t\t\t\t\t\t\t\t\t\t<\/div>\n\t\t\t\t\t\t<div class=\"evgovt-content\">\n\t\t\t\t\t\t\t\t\t\t\t\t\t\t<div class=\"post-meta-date\">\n\t\t\t\t\t\t\t\t<span class=\"post-meta-content-date\">\n\t\t\t\t\t\t\t\t    <span class=\"post-date\">\n\t\t\t\t\t\t\t\t        <span class=\"right second_font\">24\/11\/2025<\/span>\n\t\t\t\t\t\t\t\t    <\/span>\n\t\t\t\t\t\t\t\t<\/span>\n\t\t\t\t\t\t\t<\/div>\n\t\t\t\t\t\t\t\n\t\t\t\t\t\t\t\t\t\t\t\t\t\t\t\t\t\t\t\t\t<div class=\"post-title\">\n\t\t\t\t\t\t\t\t<a href=\"https:\/\/www.mahkemeler.net\/en\/archives\/10443\" rel=\"bookmark\" title=\"Kaza Mahkemesi Yarg\u0131\u00e7lar\u0131 Ankara&#8217;da D\u00fczenlenen Aile Hukuku Sempozyumuna Kat\u0131ld\u0131\">\n\t\t\t\t\t\t\t\t\t<h2 class=\"post-title\">District Court Judges Attended the Family Law Symposium Held in Ankara<\/h2>\n\t\t\t\t\t\t\t    <\/a>\n\t\t\t\t\t\t\t<\/div>\n\t\t\t\t\t\t\t\t\t\t\t\t\t\t\t\t\t\t\t\t\t\t\t\t\t\t\t\t<div class=\"post-footer\">\n\t\t\t\t\t\t\t\t<div class=\"egovt-post-readmore\">\n\t\t\t\t\t\t\t\t    <a class=\"btn-readmore second_font\" href=\"https:\/\/www.mahkemeler.net\/en\/archives\/10443\">\n\t\t\t\t\t\t\t\t    \tRead More\t\t\t\t\t\t\t\t    \t<i data-feather=\"arrow-right\"><\/i>\n\t\t\t\t\t\t\t\t    <\/a>\n\t\t\t\t\t\t\t\t<\/div>\n\t\t\t\t\t\t\t<\/div>\n\t\t\t\t\t\t\t\t\t\t\t\t\t<\/div>\n\t\t\t\t\t<\/div>\n\t\t\t\t<\/article>\n\t\t\t\t\t\t\t<article class=\"post-wrap\">\n\t\t\t\t\t<div class=\"wrap-article\">\n\t\t\t\t\t\t<div class=\"post-media\">\n\t\t\t\t\t\t\t\t\t\t\t\t\t\t\t<a href=\"https:\/\/www.mahkemeler.net\/en\/archives\/10424\">\n\n\t\t\t\t\t\t\t\t\t<img decoding=\"async\" alt=\"Y\u00fcksek Mahkeme Ba\u015fkan\u0131 Say\u0131n Bertan \u00d6zerda\u011f, Balkan Anayasa Mahkemesi Formuna Kat\u0131ld\u0131\" src=\"https:\/\/www.mahkemeler.net\/wp-content\/uploads\/2025\/11\/26550136-f07c-4e4d-8f6f-52d40cd0eb86-560x354.jpg\" \n\t\t\t\t\t\t\t\t\t\t\t\n\t\t\t\t\t\t\t\t\t\t\tsrcset=\"https:\/\/www.mahkemeler.net\/wp-content\/uploads\/2025\/11\/26550136-f07c-4e4d-8f6f-52d40cd0eb86-560x354.jpg 560w,\t\t\t\t\t\t\t\t\t\t\thttps:\/\/www.mahkemeler.net\/wp-content\/uploads\/2025\/11\/26550136-f07c-4e4d-8f6f-52d40cd0eb86-300x190.jpg 300w\" \n\t\t\t\t\t\t\t\t\t\t\tsizes=\"(max-width: 767px) 100vw, 560px\" >\n\t\t\t\t\t\t\t\t<\/a>\n\t\t\t\t\t\t\t\t\t\t\t\t\t<\/div>\n\t\t\t\t\t\t<div class=\"evgovt-content\">\n\t\t\t\t\t\t\t\t\t\t\t\t\t\t<div class=\"post-meta-date\">\n\t\t\t\t\t\t\t\t<span class=\"post-meta-content-date\">\n\t\t\t\t\t\t\t\t    <span class=\"post-date\">\n\t\t\t\t\t\t\t\t        <span class=\"right second_font\">17\/11\/2025<\/span>\n\t\t\t\t\t\t\t\t    <\/span>\n\t\t\t\t\t\t\t\t<\/span>\n\t\t\t\t\t\t\t<\/div>\n\t\t\t\t\t\t\t\n\t\t\t\t\t\t\t\t\t\t\t\t\t\t\t\t\t\t\t\t\t<div class=\"post-title\">\n\t\t\t\t\t\t\t\t<a href=\"https:\/\/www.mahkemeler.net\/en\/archives\/10424\" rel=\"bookmark\" title=\"President of the Supreme Court, Mr. Bertan \u00d6zerda\u011f, Attended the Balkan Constitutional Courts Forum\">\n\t\t\t\t\t\t\t\t\t<h2 class=\"post-title\">President of the Supreme Court, Mr. Bertan \u00d6zerda\u011f, Attended the Balkan Constitutional Courts Forum<\/h2>\n\t\t\t\t\t\t\t    <\/a>\n\t\t\t\t\t\t\t<\/div>\n\t\t\t\t\t\t\t\t\t\t\t\t\t\t\t\t\t\t\t\t\t\t\t\t\t\t\t\t<div class=\"post-footer\">\n\t\t\t\t\t\t\t\t<div class=\"egovt-post-readmore\">\n\t\t\t\t\t\t\t\t    <a class=\"btn-readmore second_font\" href=\"https:\/\/www.mahkemeler.net\/en\/archives\/10424\">\n\t\t\t\t\t\t\t\t    \tRead More\t\t\t\t\t\t\t\t    \t<i data-feather=\"arrow-right\"><\/i>\n\t\t\t\t\t\t\t\t    <\/a>\n\t\t\t\t\t\t\t\t<\/div>\n\t\t\t\t\t\t\t<\/div>\n\t\t\t\t\t\t\t\t\t\t\t\t\t<\/div>\n\t\t\t\t\t<\/div>\n\t\t\t\t<\/article>\n\t\t\t\t\t\t\t<article class=\"post-wrap\">\n\t\t\t\t\t<div class=\"wrap-article\">\n\t\t\t\t\t\t<div class=\"post-media\">\n\t\t\t\t\t\t\t\t\t\t\t\t\t\t\t<a href=\"https:\/\/www.mahkemeler.net\/en\/archives\/10398\">\n\n\t\t\t\t\t\t\t\t\t<img decoding=\"async\" alt=\"&#8220;Anayasal \u0130fade \u00d6zg\u00fcrl\u00fc\u011f\u00fc ile Sosyal Medyan\u0131n Kesi\u015fimi&#8221; Konulu Konferans, K\u0131br\u0131s T\u00fcrk Yarg\u0131s\u0131n\u0131n 60. Y\u0131l\u0131na \u00d6zel Olarak Ger\u00e7ekle\u015ftirildi\" src=\"https:\/\/www.mahkemeler.net\/wp-content\/uploads\/2025\/11\/DSC_4127-1-560x373.jpg\" \n\t\t\t\t\t\t\t\t\t\t\t\n\t\t\t\t\t\t\t\t\t\t\tsrcset=\"https:\/\/www.mahkemeler.net\/wp-content\/uploads\/2025\/11\/DSC_4127-1-560x373.jpg 560w,\t\t\t\t\t\t\t\t\t\t\thttps:\/\/www.mahkemeler.net\/wp-content\/uploads\/2025\/11\/DSC_4127-1-300x200.jpg 300w\" \n\t\t\t\t\t\t\t\t\t\t\tsizes=\"(max-width: 767px) 100vw, 560px\" >\n\t\t\t\t\t\t\t\t<\/a>\n\t\t\t\t\t\t\t\t\t\t\t\t\t<\/div>\n\t\t\t\t\t\t<div class=\"evgovt-content\">\n\t\t\t\t\t\t\t\t\t\t\t\t\t\t<div class=\"post-meta-date\">\n\t\t\t\t\t\t\t\t<span class=\"post-meta-content-date\">\n\t\t\t\t\t\t\t\t    <span class=\"post-date\">\n\t\t\t\t\t\t\t\t        <span class=\"right second_font\">11\/11\/2025<\/span>\n\t\t\t\t\t\t\t\t    <\/span>\n\t\t\t\t\t\t\t\t<\/span>\n\t\t\t\t\t\t\t<\/div>\n\t\t\t\t\t\t\t\n\t\t\t\t\t\t\t\t\t\t\t\t\t\t\t\t\t\t\t\t\t<div class=\"post-title\">\n\t\t\t\t\t\t\t\t<a href=\"https:\/\/www.mahkemeler.net\/en\/archives\/10398\" rel=\"bookmark\" title=\"&#8220;Anayasal \u0130fade \u00d6zg\u00fcrl\u00fc\u011f\u00fc ile Sosyal Medyan\u0131n Kesi\u015fimi&#8221; Konulu Konferans, K\u0131br\u0131s T\u00fcrk Yarg\u0131s\u0131n\u0131n 60. Y\u0131l\u0131na \u00d6zel Olarak Ger\u00e7ekle\u015ftirildi\">\n\t\t\t\t\t\t\t\t\t<h2 class=\"post-title\">Conference on \u201cThe Intersection of Constitutional Freedom of Expression and Social Media\u201d Held Specifically for the 60th Anniversary of the Turkish Cypriot Judiciary<\/h2>\n\t\t\t\t\t\t\t    <\/a>\n\t\t\t\t\t\t\t<\/div>\n\t\t\t\t\t\t\t\t\t\t\t\t\t\t\t\t\t\t\t\t\t\t\t\t\t\t\t\t<div class=\"post-footer\">\n\t\t\t\t\t\t\t\t<div class=\"egovt-post-readmore\">\n\t\t\t\t\t\t\t\t    <a class=\"btn-readmore second_font\" href=\"https:\/\/www.mahkemeler.net\/en\/archives\/10398\">\n\t\t\t\t\t\t\t\t    \tRead More\t\t\t\t\t\t\t\t    \t<i data-feather=\"arrow-right\"><\/i>\n\t\t\t\t\t\t\t\t    <\/a>\n\t\t\t\t\t\t\t\t<\/div>\n\t\t\t\t\t\t\t<\/div>\n\t\t\t\t\t\t\t\t\t\t\t\t\t<\/div>\n\t\t\t\t\t<\/div>\n\t\t\t\t<\/article>\n\t\t\t\t\t\t\t<article class=\"post-wrap\">\n\t\t\t\t\t<div class=\"wrap-article\">\n\t\t\t\t\t\t<div class=\"post-media\">\n\t\t\t\t\t\t\t\t\t\t\t\t\t\t\t<a href=\"https:\/\/www.mahkemeler.net\/en\/archives\/9561\">\n\n\t\t\t\t\t\t\t\t\t<img decoding=\"async\" alt=\"Y\u00fcksek Mahkeme Nitelikli Kararlar\u0131n Verilmeye Ba\u015flanmas\u0131n\u0131n 60&#8217;\u0131nc\u0131 Y\u0131ld\u00f6n\u00fcm\u00fcn\u00fc Konferansla Kutluyor\" src=\"https:\/\/www.mahkemeler.net\/wp-content\/uploads\/2025\/11\/v256_1723969189-560x318.webp\" \n\t\t\t\t\t\t\t\t\t\t\t\n\t\t\t\t\t\t\t\t\t\t\tsrcset=\"https:\/\/www.mahkemeler.net\/wp-content\/uploads\/2025\/11\/v256_1723969189-560x318.webp 560w,\t\t\t\t\t\t\t\t\t\t\thttps:\/\/www.mahkemeler.net\/wp-content\/uploads\/2025\/11\/v256_1723969189-300x170.webp 300w\" \n\t\t\t\t\t\t\t\t\t\t\tsizes=\"(max-width: 767px) 100vw, 560px\" >\n\t\t\t\t\t\t\t\t<\/a>\n\t\t\t\t\t\t\t\t\t\t\t\t\t<\/div>\n\t\t\t\t\t\t<div class=\"evgovt-content\">\n\t\t\t\t\t\t\t\t\t\t\t\t\t\t<div class=\"post-meta-date\">\n\t\t\t\t\t\t\t\t<span class=\"post-meta-content-date\">\n\t\t\t\t\t\t\t\t    <span class=\"post-date\">\n\t\t\t\t\t\t\t\t        <span class=\"right second_font\">05\/11\/2025<\/span>\n\t\t\t\t\t\t\t\t    <\/span>\n\t\t\t\t\t\t\t\t<\/span>\n\t\t\t\t\t\t\t<\/div>\n\t\t\t\t\t\t\t\n\t\t\t\t\t\t\t\t\t\t\t\t\t\t\t\t\t\t\t\t\t<div class=\"post-title\">\n\t\t\t\t\t\t\t\t<a href=\"https:\/\/www.mahkemeler.net\/en\/archives\/9561\" rel=\"bookmark\" title=\"Y\u00fcksek Mahkeme Nitelikli Kararlar\u0131n Verilmeye Ba\u015flanmas\u0131n\u0131n 60&#8217;\u0131nc\u0131 Y\u0131ld\u00f6n\u00fcm\u00fcn\u00fc Konferansla Kutluyor\">\n\t\t\t\t\t\t\t\t\t<h2 class=\"post-title\">The Supreme Court Marks the 60th Anniversary of the Commencement of Supreme-Court-Quality Judgments with a Conference<\/h2>\n\t\t\t\t\t\t\t    <\/a>\n\t\t\t\t\t\t\t<\/div>\n\t\t\t\t\t\t\t\t\t\t\t\t\t\t\t\t\t\t\t\t\t\t\t\t\t\t\t\t<div class=\"post-footer\">\n\t\t\t\t\t\t\t\t<div class=\"egovt-post-readmore\">\n\t\t\t\t\t\t\t\t    <a class=\"btn-readmore second_font\" href=\"https:\/\/www.mahkemeler.net\/en\/archives\/9561\">\n\t\t\t\t\t\t\t\t    \tRead More\t\t\t\t\t\t\t\t    \t<i data-feather=\"arrow-right\"><\/i>\n\t\t\t\t\t\t\t\t    <\/a>\n\t\t\t\t\t\t\t\t<\/div>\n\t\t\t\t\t\t\t<\/div>\n\t\t\t\t\t\t\t\t\t\t\t\t\t<\/div>\n\t\t\t\t\t<\/div>\n\t\t\t\t<\/article>\n\t\t\t\t\t\t\t<article class=\"post-wrap\">\n\t\t\t\t\t<div class=\"wrap-article\">\n\t\t\t\t\t\t<div class=\"post-media\">\n\t\t\t\t\t\t\t\t\t\t\t\t\t\t\t<a href=\"https:\/\/www.mahkemeler.net\/en\/archives\/9556\">\n\n\t\t\t\t\t\t\t\t\t<img decoding=\"async\" alt=\"Yarg\u0131tay Hukuk \u0130stinaflar\u0131n\u0131n Elektronik Dosyalama Sisteminden Dosyalanmas\u0131na Ba\u015flanm\u0131\u015ft\u0131r\" src=\"https:\/\/www.mahkemeler.net\/wp-content\/uploads\/2025\/11\/digital-tunnel-560x315.webp\" \n\t\t\t\t\t\t\t\t\t\t\t\n\t\t\t\t\t\t\t\t\t\t\tsrcset=\"https:\/\/www.mahkemeler.net\/wp-content\/uploads\/2025\/11\/digital-tunnel-560x315.webp 560w,\t\t\t\t\t\t\t\t\t\t\thttps:\/\/www.mahkemeler.net\/wp-content\/uploads\/2025\/11\/digital-tunnel-300x169.webp 300w\" \n\t\t\t\t\t\t\t\t\t\t\tsizes=\"(max-width: 767px) 100vw, 560px\" >\n\t\t\t\t\t\t\t\t<\/a>\n\t\t\t\t\t\t\t\t\t\t\t\t\t<\/div>\n\t\t\t\t\t\t<div class=\"evgovt-content\">\n\t\t\t\t\t\t\t\t\t\t\t\t\t\t<div class=\"post-meta-date\">\n\t\t\t\t\t\t\t\t<span class=\"post-meta-content-date\">\n\t\t\t\t\t\t\t\t    <span class=\"post-date\">\n\t\t\t\t\t\t\t\t        <span class=\"right second_font\">04\/11\/2025<\/span>\n\t\t\t\t\t\t\t\t    <\/span>\n\t\t\t\t\t\t\t\t<\/span>\n\t\t\t\t\t\t\t<\/div>\n\t\t\t\t\t\t\t\n\t\t\t\t\t\t\t\t\t\t\t\t\t\t\t\t\t\t\t\t\t<div class=\"post-title\">\n\t\t\t\t\t\t\t\t<a href=\"https:\/\/www.mahkemeler.net\/en\/archives\/9556\" rel=\"bookmark\" title=\"Electronic Filing of Supreme Court Civil Appeals Has Begun\">\n\t\t\t\t\t\t\t\t\t<h2 class=\"post-title\">Electronic Filing of Supreme Court Civil Appeals Has Begun<\/h2>\n\t\t\t\t\t\t\t    <\/a>\n\t\t\t\t\t\t\t<\/div>\n\t\t\t\t\t\t\t\t\t\t\t\t\t\t\t\t\t\t\t\t\t\t\t\t\t\t\t\t<div class=\"post-footer\">\n\t\t\t\t\t\t\t\t<div class=\"egovt-post-readmore\">\n\t\t\t\t\t\t\t\t    <a class=\"btn-readmore second_font\" href=\"https:\/\/www.mahkemeler.net\/en\/archives\/9556\">\n\t\t\t\t\t\t\t\t    \tRead More\t\t\t\t\t\t\t\t    \t<i data-feather=\"arrow-right\"><\/i>\n\t\t\t\t\t\t\t\t    <\/a>\n\t\t\t\t\t\t\t\t<\/div>\n\t\t\t\t\t\t\t<\/div>\n\t\t\t\t\t\t\t\t\t\t\t\t\t<\/div>\n\t\t\t\t\t<\/div>\n\t\t\t\t<\/article>\n\t\t\t\t\t\t\t<article class=\"post-wrap\">\n\t\t\t\t\t<div class=\"wrap-article\">\n\t\t\t\t\t\t<div class=\"post-media\">\n\t\t\t\t\t\t\t\t\t\t\t\t\t<\/div>\n\t\t\t\t\t\t<div class=\"evgovt-content\">\n\t\t\t\t\t\t\t\t\t\t\t\t\t\t<div class=\"post-meta-date\">\n\t\t\t\t\t\t\t\t<span class=\"post-meta-content-date\">\n\t\t\t\t\t\t\t\t    <span class=\"post-date\">\n\t\t\t\t\t\t\t\t        <span class=\"right second_font\">06\/10\/2025<\/span>\n\t\t\t\t\t\t\t\t    <\/span>\n\t\t\t\t\t\t\t\t<\/span>\n\t\t\t\t\t\t\t<\/div>\n\t\t\t\t\t\t\t\n\t\t\t\t\t\t\t\t\t\t\t\t\t\t\t\t\t\t\t\t\t<div class=\"post-title\">\n\t\t\t\t\t\t\t\t<a href=\"https:\/\/www.mahkemeler.net\/en\/archives\/9527\" rel=\"bookmark\" title=\"High Administrative Court (Amendment) Regulation Published and Entered into Force\">\n\t\t\t\t\t\t\t\t\t<h2 class=\"post-title\">High Administrative Court (Amendment) Regulation Published and Entered into Force<\/h2>\n\t\t\t\t\t\t\t    <\/a>\n\t\t\t\t\t\t\t<\/div>\n\t\t\t\t\t\t\t\t\t\t\t\t\t\t\t\t\t\t\t\t\t\t\t\t\t\t\t\t<div class=\"post-footer\">\n\t\t\t\t\t\t\t\t<div class=\"egovt-post-readmore\">\n\t\t\t\t\t\t\t\t    <a class=\"btn-readmore second_font\" href=\"https:\/\/www.mahkemeler.net\/en\/archives\/9527\">\n\t\t\t\t\t\t\t\t    \tRead More\t\t\t\t\t\t\t\t    \t<i data-feather=\"arrow-right\"><\/i>\n\t\t\t\t\t\t\t\t    <\/a>\n\t\t\t\t\t\t\t\t<\/div>\n\t\t\t\t\t\t\t<\/div>\n\t\t\t\t\t\t\t\t\t\t\t\t\t<\/div>\n\t\t\t\t\t<\/div>\n\t\t\t\t<\/article>\n\t\t\t\t\t\t\t<article class=\"post-wrap\">\n\t\t\t\t\t<div class=\"wrap-article\">\n\t\t\t\t\t\t<div class=\"post-media\">\n\t\t\t\t\t\t\t\t\t\t\t\t\t\t\t<a href=\"https:\/\/www.mahkemeler.net\/en\/archives\/9489\">\n\n\t\t\t\t\t\t\t\t\t<img decoding=\"async\" alt=\"2025-2026 Adli Y\u0131l A\u00e7\u0131l\u0131\u015f\u0131 i\u00e7in Y\u00fcksek Mahkeme Orta Bah\u00e7esinde Resepsiyon D\u00fczenlendi\" src=\"https:\/\/www.mahkemeler.net\/wp-content\/uploads\/2025\/09\/WhatsApp-Image-2025-09-22-at-1.45.51-PM-560x420.jpeg\" \n\t\t\t\t\t\t\t\t\t\t\t\n\t\t\t\t\t\t\t\t\t\t\tsrcset=\"https:\/\/www.mahkemeler.net\/wp-content\/uploads\/2025\/09\/WhatsApp-Image-2025-09-22-at-1.45.51-PM-560x420.jpeg 560w,\t\t\t\t\t\t\t\t\t\t\thttps:\/\/www.mahkemeler.net\/wp-content\/uploads\/2025\/09\/WhatsApp-Image-2025-09-22-at-1.45.51-PM-300x225.jpeg 300w\" \n\t\t\t\t\t\t\t\t\t\t\tsizes=\"(max-width: 767px) 100vw, 560px\" >\n\t\t\t\t\t\t\t\t<\/a>\n\t\t\t\t\t\t\t\t\t\t\t\t\t<\/div>\n\t\t\t\t\t\t<div class=\"evgovt-content\">\n\t\t\t\t\t\t\t\t\t\t\t\t\t\t<div class=\"post-meta-date\">\n\t\t\t\t\t\t\t\t<span class=\"post-meta-content-date\">\n\t\t\t\t\t\t\t\t    <span class=\"post-date\">\n\t\t\t\t\t\t\t\t        <span class=\"right second_font\">22\/09\/2025<\/span>\n\t\t\t\t\t\t\t\t    <\/span>\n\t\t\t\t\t\t\t\t<\/span>\n\t\t\t\t\t\t\t<\/div>\n\t\t\t\t\t\t\t\n\t\t\t\t\t\t\t\t\t\t\t\t\t\t\t\t\t\t\t\t\t<div class=\"post-title\">\n\t\t\t\t\t\t\t\t<a href=\"https:\/\/www.mahkemeler.net\/en\/archives\/9489\" rel=\"bookmark\" title=\"Reception Held in the Central Courtyard of the Supreme Court for the Opening of the 2025\u20132026 Judicial Year\">\n\t\t\t\t\t\t\t\t\t<h2 class=\"post-title\">Reception Held in the Central Courtyard of the Supreme Court for the Opening of the 2025\u20132026 Judicial Year<\/h2>\n\t\t\t\t\t\t\t    <\/a>\n\t\t\t\t\t\t\t<\/div>\n\t\t\t\t\t\t\t\t\t\t\t\t\t\t\t\t\t\t\t\t\t\t\t\t\t\t\t\t<div class=\"post-footer\">\n\t\t\t\t\t\t\t\t<div class=\"egovt-post-readmore\">\n\t\t\t\t\t\t\t\t    <a class=\"btn-readmore second_font\" href=\"https:\/\/www.mahkemeler.net\/en\/archives\/9489\">\n\t\t\t\t\t\t\t\t    \tRead More\t\t\t\t\t\t\t\t    \t<i data-feather=\"arrow-right\"><\/i>\n\t\t\t\t\t\t\t\t    <\/a>\n\t\t\t\t\t\t\t\t<\/div>\n\t\t\t\t\t\t\t<\/div>\n\t\t\t\t\t\t\t\t\t\t\t\t\t<\/div>\n\t\t\t\t\t<\/div>\n\t\t\t\t<\/article>\n\t\t\t\t\t\t\t<article class=\"post-wrap\">\n\t\t\t\t\t<div class=\"wrap-article\">\n\t\t\t\t\t\t<div class=\"post-media\">\n\t\t\t\t\t\t\t\t\t\t\t\t\t\t\t<a href=\"https:\/\/www.mahkemeler.net\/en\/archives\/9469\">\n\n\t\t\t\t\t\t\t\t\t<img decoding=\"async\" alt=\"Mahkemeler Bilgi \u0130\u015flem Merkezinden Yeni Hizmetler\" src=\"https:\/\/www.mahkemeler.net\/wp-content\/uploads\/2025\/09\/6320fad9a5bbb-560x420.jpg\" \n\t\t\t\t\t\t\t\t\t\t\t\n\t\t\t\t\t\t\t\t\t\t\tsrcset=\"https:\/\/www.mahkemeler.net\/wp-content\/uploads\/2025\/09\/6320fad9a5bbb-560x420.jpg 560w,\t\t\t\t\t\t\t\t\t\t\thttps:\/\/www.mahkemeler.net\/wp-content\/uploads\/2025\/09\/6320fad9a5bbb-300x225.jpg 300w\" \n\t\t\t\t\t\t\t\t\t\t\tsizes=\"(max-width: 767px) 100vw, 560px\" >\n\t\t\t\t\t\t\t\t<\/a>\n\t\t\t\t\t\t\t\t\t\t\t\t\t<\/div>\n\t\t\t\t\t\t<div class=\"evgovt-content\">\n\t\t\t\t\t\t\t\t\t\t\t\t\t\t<div class=\"post-meta-date\">\n\t\t\t\t\t\t\t\t<span class=\"post-meta-content-date\">\n\t\t\t\t\t\t\t\t    <span class=\"post-date\">\n\t\t\t\t\t\t\t\t        <span class=\"right second_font\">12\/09\/2025<\/span>\n\t\t\t\t\t\t\t\t    <\/span>\n\t\t\t\t\t\t\t\t<\/span>\n\t\t\t\t\t\t\t<\/div>\n\t\t\t\t\t\t\t\n\t\t\t\t\t\t\t\t\t\t\t\t\t\t\t\t\t\t\t\t\t<div class=\"post-title\">\n\t\t\t\t\t\t\t\t<a href=\"https:\/\/www.mahkemeler.net\/en\/archives\/9469\" rel=\"bookmark\" title=\"New Services from the Courts Information Technology Centre\">\n\t\t\t\t\t\t\t\t\t<h2 class=\"post-title\">New Services from the Courts Information Technology Centre<\/h2>\n\t\t\t\t\t\t\t    <\/a>\n\t\t\t\t\t\t\t<\/div>\n\t\t\t\t\t\t\t\t\t\t\t\t\t\t\t\t\t\t\t\t\t\t\t\t\t\t\t\t<div class=\"post-footer\">\n\t\t\t\t\t\t\t\t<div class=\"egovt-post-readmore\">\n\t\t\t\t\t\t\t\t    <a class=\"btn-readmore second_font\" href=\"https:\/\/www.mahkemeler.net\/en\/archives\/9469\">\n\t\t\t\t\t\t\t\t    \tRead More\t\t\t\t\t\t\t\t    \t<i data-feather=\"arrow-right\"><\/i>\n\t\t\t\t\t\t\t\t    <\/a>\n\t\t\t\t\t\t\t\t<\/div>\n\t\t\t\t\t\t\t<\/div>\n\t\t\t\t\t\t\t\t\t\t\t\t\t<\/div>\n\t\t\t\t\t<\/div>\n\t\t\t\t<\/article>\n\t\t\t\t\t\t\t<article class=\"post-wrap\">\n\t\t\t\t\t<div class=\"wrap-article\">\n\t\t\t\t\t\t<div class=\"post-media\">\n\t\t\t\t\t\t\t\t\t\t\t\t\t\t\t<a href=\"https:\/\/www.mahkemeler.net\/en\/archives\/9452\">\n\n\t\t\t\t\t\t\t\t\t<img decoding=\"async\" alt=\"Y\u00fcksek Mahkeme Ba\u015fkan\u0131 \u00d6zerda\u011f, T\u00fcrkiye Cumhuriyeti Yarg\u0131tay Ba\u015fkanl\u0131\u011f\u0131\u2019n\u0131n Adli Y\u0131l A\u00e7\u0131l\u0131\u015f T\u00f6reni\u2019ne kat\u0131ld\u0131\" src=\"https:\/\/www.mahkemeler.net\/wp-content\/uploads\/2025\/09\/1-560x373.jpeg\" \n\t\t\t\t\t\t\t\t\t\t\t\n\t\t\t\t\t\t\t\t\t\t\tsrcset=\"https:\/\/www.mahkemeler.net\/wp-content\/uploads\/2025\/09\/1-560x373.jpeg 560w,\t\t\t\t\t\t\t\t\t\t\thttps:\/\/www.mahkemeler.net\/wp-content\/uploads\/2025\/09\/1-300x200.jpeg 300w\" \n\t\t\t\t\t\t\t\t\t\t\tsizes=\"(max-width: 767px) 100vw, 560px\" >\n\t\t\t\t\t\t\t\t<\/a>\n\t\t\t\t\t\t\t\t\t\t\t\t\t<\/div>\n\t\t\t\t\t\t<div class=\"evgovt-content\">\n\t\t\t\t\t\t\t\t\t\t\t\t\t\t<div class=\"post-meta-date\">\n\t\t\t\t\t\t\t\t<span class=\"post-meta-content-date\">\n\t\t\t\t\t\t\t\t    <span class=\"post-date\">\n\t\t\t\t\t\t\t\t        <span class=\"right second_font\">02\/09\/2025<\/span>\n\t\t\t\t\t\t\t\t    <\/span>\n\t\t\t\t\t\t\t\t<\/span>\n\t\t\t\t\t\t\t<\/div>\n\t\t\t\t\t\t\t\n\t\t\t\t\t\t\t\t\t\t\t\t\t\t\t\t\t\t\t\t\t<div class=\"post-title\">\n\t\t\t\t\t\t\t\t<a href=\"https:\/\/www.mahkemeler.net\/en\/archives\/9452\" rel=\"bookmark\" title=\"President of the Supreme Court \u00d6zerda\u011f attended the Judicial Year Opening Ceremony of the Court of Cassation of the Republic of Turkey\">\n\t\t\t\t\t\t\t\t\t<h2 class=\"post-title\">President of the Supreme Court \u00d6zerda\u011f attended the Judicial Year Opening Ceremony of the Court of Cassation of the Republic of Turkey<\/h2>\n\t\t\t\t\t\t\t    <\/a>\n\t\t\t\t\t\t\t<\/div>\n\t\t\t\t\t\t\t\t\t\t\t\t\t\t\t\t\t\t\t\t\t\t\t\t\t\t\t\t<div class=\"post-footer\">\n\t\t\t\t\t\t\t\t<div class=\"egovt-post-readmore\">\n\t\t\t\t\t\t\t\t    <a class=\"btn-readmore second_font\" href=\"https:\/\/www.mahkemeler.net\/en\/archives\/9452\">\n\t\t\t\t\t\t\t\t    \tRead More\t\t\t\t\t\t\t\t    \t<i data-feather=\"arrow-right\"><\/i>\n\t\t\t\t\t\t\t\t    <\/a>\n\t\t\t\t\t\t\t\t<\/div>\n\t\t\t\t\t\t\t<\/div>\n\t\t\t\t\t\t\t\t\t\t\t\t\t<\/div>\n\t\t\t\t\t<\/div>\n\t\t\t\t<\/article>\n\t\t\t\t\t\t\t<article class=\"post-wrap\">\n\t\t\t\t\t<div class=\"wrap-article\">\n\t\t\t\t\t\t<div class=\"post-media\">\n\t\t\t\t\t\t\t\t\t\t\t\t\t\t\t<a href=\"https:\/\/www.mahkemeler.net\/en\/archives\/9387\">\n\n\t\t\t\t\t\t\t\t\t<img decoding=\"async\" alt=\"KKTC, T\u00fcrk D\u00fcnyas\u0131 Anayasa Yarg\u0131s\u0131 Konferans\u0131\u2019na G\u00f6zlemci \u00dcye Olarak Kat\u0131ld\u0131\" src=\"https:\/\/www.mahkemeler.net\/wp-content\/uploads\/2025\/07\/1752736434005Ozerdag-Baku-TURKAY-1024x768-1-560x420.jpeg\" \n\t\t\t\t\t\t\t\t\t\t\t\n\t\t\t\t\t\t\t\t\t\t\tsrcset=\"https:\/\/www.mahkemeler.net\/wp-content\/uploads\/2025\/07\/1752736434005Ozerdag-Baku-TURKAY-1024x768-1-560x420.jpeg 560w,\t\t\t\t\t\t\t\t\t\t\thttps:\/\/www.mahkemeler.net\/wp-content\/uploads\/2025\/07\/1752736434005Ozerdag-Baku-TURKAY-1024x768-1-300x225.jpeg 300w\" \n\t\t\t\t\t\t\t\t\t\t\tsizes=\"(max-width: 767px) 100vw, 560px\" >\n\t\t\t\t\t\t\t\t<\/a>\n\t\t\t\t\t\t\t\t\t\t\t\t\t<\/div>\n\t\t\t\t\t\t<div class=\"evgovt-content\">\n\t\t\t\t\t\t\t\t\t\t\t\t\t\t<div class=\"post-meta-date\">\n\t\t\t\t\t\t\t\t<span class=\"post-meta-content-date\">\n\t\t\t\t\t\t\t\t    <span class=\"post-date\">\n\t\t\t\t\t\t\t\t        <span class=\"right second_font\">21\/07\/2025<\/span>\n\t\t\t\t\t\t\t\t    <\/span>\n\t\t\t\t\t\t\t\t<\/span>\n\t\t\t\t\t\t\t<\/div>\n\t\t\t\t\t\t\t\n\t\t\t\t\t\t\t\t\t\t\t\t\t\t\t\t\t\t\t\t\t<div class=\"post-title\">\n\t\t\t\t\t\t\t\t<a href=\"https:\/\/www.mahkemeler.net\/en\/archives\/9387\" rel=\"bookmark\" title=\"TRNC Participates in the Conference of Constitutional Jurisdictions of the Turkic World as an Observer Member\">\n\t\t\t\t\t\t\t\t\t<h2 class=\"post-title\">TRNC Participates in the Conference of Constitutional Jurisdictions of the Turkic World as an Observer Member<\/h2>\n\t\t\t\t\t\t\t    <\/a>\n\t\t\t\t\t\t\t<\/div>\n\t\t\t\t\t\t\t\t\t\t\t\t\t\t\t\t\t\t\t\t\t\t\t\t\t\t\t\t<div class=\"post-footer\">\n\t\t\t\t\t\t\t\t<div class=\"egovt-post-readmore\">\n\t\t\t\t\t\t\t\t    <a class=\"btn-readmore second_font\" href=\"https:\/\/www.mahkemeler.net\/en\/archives\/9387\">\n\t\t\t\t\t\t\t\t    \tRead More\t\t\t\t\t\t\t\t    \t<i data-feather=\"arrow-right\"><\/i>\n\t\t\t\t\t\t\t\t    <\/a>\n\t\t\t\t\t\t\t\t<\/div>\n\t\t\t\t\t\t\t<\/div>\n\t\t\t\t\t\t\t\t\t\t\t\t\t<\/div>\n\t\t\t\t\t<\/div>\n\t\t\t\t<\/article>\n\t\t\t\t\t\t\t<article class=\"post-wrap\">\n\t\t\t\t\t<div class=\"wrap-article\">\n\t\t\t\t\t\t<div class=\"post-media\">\n\t\t\t\t\t\t\t\t\t\t\t\t\t\t\t<a href=\"https:\/\/www.mahkemeler.net\/en\/archives\/9372\">\n\n\t\t\t\t\t\t\t\t\t<img decoding=\"async\" alt=\"Azerbaycan Y\u00fcksek Mahkemesinin Daveti \u00dczerine, Y\u00fcksek Mahkeme Ba\u015fkan\u0131 Sn. Bertan \u00d6zerda\u011f ve Y\u00fcksek Mahkeme Yarg\u0131c\u0131 Sn. G\u00fclden \u00c7ift\u00e7io\u011flu 17-20 Haziran 2025 Tarihleri Aras\u0131nda Bak\u00fc&#8217;de D\u00fczenlenen T\u00fcrk Devletleri Y\u00fcksek Mahkemeleri Konferans\u0131&#8217;na Kat\u0131ld\u0131\" src=\"https:\/\/www.mahkemeler.net\/wp-content\/uploads\/2025\/06\/WhatsApp-Image-2025-06-23-at-9.54.28-AM-4-560x373.jpeg\" \n\t\t\t\t\t\t\t\t\t\t\t\n\t\t\t\t\t\t\t\t\t\t\tsrcset=\"https:\/\/www.mahkemeler.net\/wp-content\/uploads\/2025\/06\/WhatsApp-Image-2025-06-23-at-9.54.28-AM-4-560x373.jpeg 560w,\t\t\t\t\t\t\t\t\t\t\thttps:\/\/www.mahkemeler.net\/wp-content\/uploads\/2025\/06\/WhatsApp-Image-2025-06-23-at-9.54.28-AM-4-300x200.jpeg 300w\" \n\t\t\t\t\t\t\t\t\t\t\tsizes=\"(max-width: 767px) 100vw, 560px\" >\n\t\t\t\t\t\t\t\t<\/a>\n\t\t\t\t\t\t\t\t\t\t\t\t\t<\/div>\n\t\t\t\t\t\t<div class=\"evgovt-content\">\n\t\t\t\t\t\t\t\t\t\t\t\t\t\t<div class=\"post-meta-date\">\n\t\t\t\t\t\t\t\t<span class=\"post-meta-content-date\">\n\t\t\t\t\t\t\t\t    <span class=\"post-date\">\n\t\t\t\t\t\t\t\t        <span class=\"right second_font\">23\/06\/2025<\/span>\n\t\t\t\t\t\t\t\t    <\/span>\n\t\t\t\t\t\t\t\t<\/span>\n\t\t\t\t\t\t\t<\/div>\n\t\t\t\t\t\t\t\n\t\t\t\t\t\t\t\t\t\t\t\t\t\t\t\t\t\t\t\t\t<div class=\"post-title\">\n\t\t\t\t\t\t\t\t<a href=\"https:\/\/www.mahkemeler.net\/en\/archives\/9372\" rel=\"bookmark\" title=\"Azerbaycan Y\u00fcksek Mahkemesinin Daveti \u00dczerine, Y\u00fcksek Mahkeme Ba\u015fkan\u0131 Sn. Bertan \u00d6zerda\u011f ve Y\u00fcksek Mahkeme Yarg\u0131c\u0131 Sn. G\u00fclden \u00c7ift\u00e7io\u011flu 17-20 Haziran 2025 Tarihleri Aras\u0131nda Bak\u00fc&#8217;de D\u00fczenlenen T\u00fcrk Devletleri Y\u00fcksek Mahkemeleri Konferans\u0131&#8217;na Kat\u0131ld\u0131\">\n\t\t\t\t\t\t\t\t\t<h2 class=\"post-title\">Upon the Invitation of the Supreme Court of Azerbaijan, President of the Supreme Court Mr. Bertan \u00d6zerda\u011f and Supreme Court Judge Ms. G\u00fclden \u00c7ift\u00e7io\u011flu Attended the Conference of the High Courts of the Organization of Turkic States Held in Baku Between June 17\u201320, 2025<\/h2>\n\t\t\t\t\t\t\t    <\/a>\n\t\t\t\t\t\t\t<\/div>\n\t\t\t\t\t\t\t\t\t\t\t\t\t\t\t\t\t\t\t\t\t\t\t\t\t\t\t\t<div class=\"post-footer\">\n\t\t\t\t\t\t\t\t<div class=\"egovt-post-readmore\">\n\t\t\t\t\t\t\t\t    <a class=\"btn-readmore second_font\" href=\"https:\/\/www.mahkemeler.net\/en\/archives\/9372\">\n\t\t\t\t\t\t\t\t    \tRead More\t\t\t\t\t\t\t\t    \t<i data-feather=\"arrow-right\"><\/i>\n\t\t\t\t\t\t\t\t    <\/a>\n\t\t\t\t\t\t\t\t<\/div>\n\t\t\t\t\t\t\t<\/div>\n\t\t\t\t\t\t\t\t\t\t\t\t\t<\/div>\n\t\t\t\t\t<\/div>\n\t\t\t\t<\/article>\n\t\t\t\t\t\t\t<article class=\"post-wrap\">\n\t\t\t\t\t<div class=\"wrap-article\">\n\t\t\t\t\t\t<div class=\"post-media\">\n\t\t\t\t\t\t\t\t\t\t\t\t\t<\/div>\n\t\t\t\t\t\t<div class=\"evgovt-content\">\n\t\t\t\t\t\t\t\t\t\t\t\t\t\t<div class=\"post-meta-date\">\n\t\t\t\t\t\t\t\t<span class=\"post-meta-content-date\">\n\t\t\t\t\t\t\t\t    <span class=\"post-date\">\n\t\t\t\t\t\t\t\t        <span class=\"right second_font\">11\/06\/2025<\/span>\n\t\t\t\t\t\t\t\t    <\/span>\n\t\t\t\t\t\t\t\t<\/span>\n\t\t\t\t\t\t\t<\/div>\n\t\t\t\t\t\t\t\n\t\t\t\t\t\t\t\t\t\t\t\t\t\t\t\t\t\t\t\t\t<div class=\"post-title\">\n\t\t\t\t\t\t\t\t<a href=\"https:\/\/www.mahkemeler.net\/en\/archives\/9358\" rel=\"bookmark\" title=\"The judgement of the European Court of Human Rights on the application filed with the High Administrative Court Appeal No. 6\/2016 has been published\">\n\t\t\t\t\t\t\t\t\t<h2 class=\"post-title\">The judgement of the European Court of Human Rights on the application filed with the High Administrative Court Appeal No. 6\/2016 has been published<\/h2>\n\t\t\t\t\t\t\t    <\/a>\n\t\t\t\t\t\t\t<\/div>\n\t\t\t\t\t\t\t\t\t\t\t\t\t\t\t\t\t\t\t\t\t\t\t\t\t\t\t\t<div class=\"post-footer\">\n\t\t\t\t\t\t\t\t<div class=\"egovt-post-readmore\">\n\t\t\t\t\t\t\t\t    <a class=\"btn-readmore second_font\" href=\"https:\/\/www.mahkemeler.net\/en\/archives\/9358\">\n\t\t\t\t\t\t\t\t    \tRead More\t\t\t\t\t\t\t\t    \t<i data-feather=\"arrow-right\"><\/i>\n\t\t\t\t\t\t\t\t    <\/a>\n\t\t\t\t\t\t\t\t<\/div>\n\t\t\t\t\t\t\t<\/div>\n\t\t\t\t\t\t\t\t\t\t\t\t\t<\/div>\n\t\t\t\t\t<\/div>\n\t\t\t\t<\/article>\n\t\t\t\t\t\t\t<article class=\"post-wrap\">\n\t\t\t\t\t<div class=\"wrap-article\">\n\t\t\t\t\t\t<div class=\"post-media\">\n\t\t\t\t\t\t\t\t\t\t\t\t\t<\/div>\n\t\t\t\t\t\t<div class=\"evgovt-content\">\n\t\t\t\t\t\t\t\t\t\t\t\t\t\t<div class=\"post-meta-date\">\n\t\t\t\t\t\t\t\t<span class=\"post-meta-content-date\">\n\t\t\t\t\t\t\t\t    <span class=\"post-date\">\n\t\t\t\t\t\t\t\t        <span class=\"right second_font\">05\/06\/2025<\/span>\n\t\t\t\t\t\t\t\t    <\/span>\n\t\t\t\t\t\t\t\t<\/span>\n\t\t\t\t\t\t\t<\/div>\n\t\t\t\t\t\t\t\n\t\t\t\t\t\t\t\t\t\t\t\t\t\t\t\t\t\t\t\t\t<div class=\"post-title\">\n\t\t\t\t\t\t\t\t<a href=\"https:\/\/www.mahkemeler.net\/en\/archives\/9317\" rel=\"bookmark\" title=\"Y\u00fcksek Mahkeme Ba\u015fkan\u0131 Sn. Bertan \u00d6zerda\u011f&#8217;\u0131n Bayram Mesaj\u0131\">\n\t\t\t\t\t\t\t\t\t<h2 class=\"post-title\">Message from the President of the Supreme Court, Mr. Bertan \u00d6zerda\u011f on the Occasion of Eid<\/h2>\n\t\t\t\t\t\t\t    <\/a>\n\t\t\t\t\t\t\t<\/div>\n\t\t\t\t\t\t\t\t\t\t\t\t\t\t\t\t\t\t\t\t\t\t\t\t\t\t\t\t<div class=\"post-footer\">\n\t\t\t\t\t\t\t\t<div class=\"egovt-post-readmore\">\n\t\t\t\t\t\t\t\t    <a class=\"btn-readmore second_font\" href=\"https:\/\/www.mahkemeler.net\/en\/archives\/9317\">\n\t\t\t\t\t\t\t\t    \tRead More\t\t\t\t\t\t\t\t    \t<i data-feather=\"arrow-right\"><\/i>\n\t\t\t\t\t\t\t\t    <\/a>\n\t\t\t\t\t\t\t\t<\/div>\n\t\t\t\t\t\t\t<\/div>\n\t\t\t\t\t\t\t\t\t\t\t\t\t<\/div>\n\t\t\t\t\t<\/div>\n\t\t\t\t<\/article>\n\t\t\t\t\t\t\t<article class=\"post-wrap\">\n\t\t\t\t\t<div class=\"wrap-article\">\n\t\t\t\t\t\t<div class=\"post-media\">\n\t\t\t\t\t\t\t\t\t\t\t\t\t\t\t<a href=\"https:\/\/www.mahkemeler.net\/en\/archives\/9283\">\n\n\t\t\t\t\t\t\t\t\t<img decoding=\"async\" alt=\"Y\u00fcksek Mahkeme Ba\u015fkan\u0131 Bertan \u00d6zerda\u011f, Y\u00fcksek Mahkeme Yarg\u0131\u00e7lar\u0131 G\u00fclden \u00c7ift\u00e7io\u011flu ve Bahar Duatepe TDT Y\u00fcksek Mahkemeler Konferans\u0131na kat\u0131ld\u0131.\" src=\"https:\/\/www.mahkemeler.net\/wp-content\/uploads\/2025\/05\/WhatsApp-Image-2025-05-12-at-9.35.26-AM-560x348.jpeg\" \n\t\t\t\t\t\t\t\t\t\t\t\n\t\t\t\t\t\t\t\t\t\t\tsrcset=\"https:\/\/www.mahkemeler.net\/wp-content\/uploads\/2025\/05\/WhatsApp-Image-2025-05-12-at-9.35.26-AM-560x348.jpeg 560w,\t\t\t\t\t\t\t\t\t\t\thttps:\/\/www.mahkemeler.net\/wp-content\/uploads\/2025\/05\/WhatsApp-Image-2025-05-12-at-9.35.26-AM-300x186.jpeg 300w\" \n\t\t\t\t\t\t\t\t\t\t\tsizes=\"(max-width: 767px) 100vw, 560px\" >\n\t\t\t\t\t\t\t\t<\/a>\n\t\t\t\t\t\t\t\t\t\t\t\t\t<\/div>\n\t\t\t\t\t\t<div class=\"evgovt-content\">\n\t\t\t\t\t\t\t\t\t\t\t\t\t\t<div class=\"post-meta-date\">\n\t\t\t\t\t\t\t\t<span class=\"post-meta-content-date\">\n\t\t\t\t\t\t\t\t    <span class=\"post-date\">\n\t\t\t\t\t\t\t\t        <span class=\"right second_font\">12\/05\/2025<\/span>\n\t\t\t\t\t\t\t\t    <\/span>\n\t\t\t\t\t\t\t\t<\/span>\n\t\t\t\t\t\t\t<\/div>\n\t\t\t\t\t\t\t\n\t\t\t\t\t\t\t\t\t\t\t\t\t\t\t\t\t\t\t\t\t<div class=\"post-title\">\n\t\t\t\t\t\t\t\t<a href=\"https:\/\/www.mahkemeler.net\/en\/archives\/9283\" rel=\"bookmark\" title=\"President of the Supreme Court Bertan \u00d6zerda\u011f, Supreme Court Judges G\u00fclden \u00c7ift\u00e7io\u011flu and Bahar Duatepe attended the OTS High Courts Conference\">\n\t\t\t\t\t\t\t\t\t<h2 class=\"post-title\">President of the Supreme Court Bertan \u00d6zerda\u011f, Supreme Court Judges G\u00fclden \u00c7ift\u00e7io\u011flu and Bahar Duatepe attended the OTS High Courts Conference<\/h2>\n\t\t\t\t\t\t\t    <\/a>\n\t\t\t\t\t\t\t<\/div>\n\t\t\t\t\t\t\t\t\t\t\t\t\t\t\t\t\t\t\t\t\t\t\t\t\t\t\t\t<div class=\"post-footer\">\n\t\t\t\t\t\t\t\t<div class=\"egovt-post-readmore\">\n\t\t\t\t\t\t\t\t    <a class=\"btn-readmore second_font\" href=\"https:\/\/www.mahkemeler.net\/en\/archives\/9283\">\n\t\t\t\t\t\t\t\t    \tRead More\t\t\t\t\t\t\t\t    \t<i data-feather=\"arrow-right\"><\/i>\n\t\t\t\t\t\t\t\t    <\/a>\n\t\t\t\t\t\t\t\t<\/div>\n\t\t\t\t\t\t\t<\/div>\n\t\t\t\t\t\t\t\t\t\t\t\t\t<\/div>\n\t\t\t\t\t<\/div>\n\t\t\t\t<\/article>\n\t\t\t\t\t\t\t<article class=\"post-wrap\">\n\t\t\t\t\t<div class=\"wrap-article\">\n\t\t\t\t\t\t<div class=\"post-media\">\n\t\t\t\t\t\t\t\t\t\t\t\t\t\t\t<a href=\"https:\/\/www.mahkemeler.net\/en\/archives\/9268\">\n\n\t\t\t\t\t\t\t\t\t<img decoding=\"async\" alt=\"Y\u00fcksek Mahkeme Ba\u015fkan\u0131 Say\u0131n Bertan \u00d6zerda\u011f, Anayasa Mahkemesinin 63. Kurulu\u015f Y\u0131ld\u00f6n\u00fcm\u00fc Etkinliklerine Kat\u0131ld\u0131\" src=\"https:\/\/www.mahkemeler.net\/wp-content\/uploads\/2025\/05\/0Q8A8765-560x373.jpg\" \n\t\t\t\t\t\t\t\t\t\t\t\n\t\t\t\t\t\t\t\t\t\t\tsrcset=\"https:\/\/www.mahkemeler.net\/wp-content\/uploads\/2025\/05\/0Q8A8765-560x373.jpg 560w,\t\t\t\t\t\t\t\t\t\t\thttps:\/\/www.mahkemeler.net\/wp-content\/uploads\/2025\/05\/0Q8A8765-300x200.jpg 300w\" \n\t\t\t\t\t\t\t\t\t\t\tsizes=\"(max-width: 767px) 100vw, 560px\" >\n\t\t\t\t\t\t\t\t<\/a>\n\t\t\t\t\t\t\t\t\t\t\t\t\t<\/div>\n\t\t\t\t\t\t<div class=\"evgovt-content\">\n\t\t\t\t\t\t\t\t\t\t\t\t\t\t<div class=\"post-meta-date\">\n\t\t\t\t\t\t\t\t<span class=\"post-meta-content-date\">\n\t\t\t\t\t\t\t\t    <span class=\"post-date\">\n\t\t\t\t\t\t\t\t        <span class=\"right second_font\">05\/05\/2025<\/span>\n\t\t\t\t\t\t\t\t    <\/span>\n\t\t\t\t\t\t\t\t<\/span>\n\t\t\t\t\t\t\t<\/div>\n\t\t\t\t\t\t\t\n\t\t\t\t\t\t\t\t\t\t\t\t\t\t\t\t\t\t\t\t\t<div class=\"post-title\">\n\t\t\t\t\t\t\t\t<a href=\"https:\/\/www.mahkemeler.net\/en\/archives\/9268\" rel=\"bookmark\" title=\"President of the Supreme Court, Mr. Bertan \u00d6zerda\u011f, Attended the 63rd Anniversary Events of the Constitutional Court\">\n\t\t\t\t\t\t\t\t\t<h2 class=\"post-title\">President of the Supreme Court, Mr. Bertan \u00d6zerda\u011f, Attended the 63rd Anniversary Events of the Constitutional Court<\/h2>\n\t\t\t\t\t\t\t    <\/a>\n\t\t\t\t\t\t\t<\/div>\n\t\t\t\t\t\t\t\t\t\t\t\t\t\t\t\t\t\t\t\t\t\t\t\t\t\t\t\t<div class=\"post-footer\">\n\t\t\t\t\t\t\t\t<div class=\"egovt-post-readmore\">\n\t\t\t\t\t\t\t\t    <a class=\"btn-readmore second_font\" href=\"https:\/\/www.mahkemeler.net\/en\/archives\/9268\">\n\t\t\t\t\t\t\t\t    \tRead More\t\t\t\t\t\t\t\t    \t<i data-feather=\"arrow-right\"><\/i>\n\t\t\t\t\t\t\t\t    <\/a>\n\t\t\t\t\t\t\t\t<\/div>\n\t\t\t\t\t\t\t<\/div>\n\t\t\t\t\t\t\t\t\t\t\t\t\t<\/div>\n\t\t\t\t\t<\/div>\n\t\t\t\t<\/article>\n\t\t\t\t\t\t\t<article class=\"post-wrap\">\n\t\t\t\t\t<div class=\"wrap-article\">\n\t\t\t\t\t\t<div class=\"post-media\">\n\t\t\t\t\t\t\t\t\t\t\t\t\t\t\t<a href=\"https:\/\/www.mahkemeler.net\/en\/archives\/9254\">\n\n\t\t\t\t\t\t\t\t\t<img decoding=\"async\" alt=\"Yarg\u0131\u00e7lara Y\u00f6nelik Ki\u015fisel Verilerin Korunmas\u0131 E\u011fitim Semineri\" src=\"https:\/\/www.mahkemeler.net\/wp-content\/uploads\/2025\/04\/WhatsApp-Image-2025-04-21-at-9.53.18-AM-560x252.jpeg\" \n\t\t\t\t\t\t\t\t\t\t\t\n\t\t\t\t\t\t\t\t\t\t\tsrcset=\"https:\/\/www.mahkemeler.net\/wp-content\/uploads\/2025\/04\/WhatsApp-Image-2025-04-21-at-9.53.18-AM-560x252.jpeg 560w,\t\t\t\t\t\t\t\t\t\t\thttps:\/\/www.mahkemeler.net\/wp-content\/uploads\/2025\/04\/WhatsApp-Image-2025-04-21-at-9.53.18-AM-300x135.jpeg 300w\" \n\t\t\t\t\t\t\t\t\t\t\tsizes=\"(max-width: 767px) 100vw, 560px\" >\n\t\t\t\t\t\t\t\t<\/a>\n\t\t\t\t\t\t\t\t\t\t\t\t\t<\/div>\n\t\t\t\t\t\t<div class=\"evgovt-content\">\n\t\t\t\t\t\t\t\t\t\t\t\t\t\t<div class=\"post-meta-date\">\n\t\t\t\t\t\t\t\t<span class=\"post-meta-content-date\">\n\t\t\t\t\t\t\t\t    <span class=\"post-date\">\n\t\t\t\t\t\t\t\t        <span class=\"right second_font\">12\/04\/2025<\/span>\n\t\t\t\t\t\t\t\t    <\/span>\n\t\t\t\t\t\t\t\t<\/span>\n\t\t\t\t\t\t\t<\/div>\n\t\t\t\t\t\t\t\n\t\t\t\t\t\t\t\t\t\t\t\t\t\t\t\t\t\t\t\t\t<div class=\"post-title\">\n\t\t\t\t\t\t\t\t<a href=\"https:\/\/www.mahkemeler.net\/en\/archives\/9254\" rel=\"bookmark\" title=\"Personal Data Protection Training Seminar for Judges\">\n\t\t\t\t\t\t\t\t\t<h2 class=\"post-title\">Personal Data Protection Training Seminar for Judges<\/h2>\n\t\t\t\t\t\t\t    <\/a>\n\t\t\t\t\t\t\t<\/div>\n\t\t\t\t\t\t\t\t\t\t\t\t\t\t\t\t\t\t\t\t\t\t\t\t\t\t\t\t<div class=\"post-footer\">\n\t\t\t\t\t\t\t\t<div class=\"egovt-post-readmore\">\n\t\t\t\t\t\t\t\t    <a class=\"btn-readmore second_font\" href=\"https:\/\/www.mahkemeler.net\/en\/archives\/9254\">\n\t\t\t\t\t\t\t\t    \tRead More\t\t\t\t\t\t\t\t    \t<i data-feather=\"arrow-right\"><\/i>\n\t\t\t\t\t\t\t\t    <\/a>\n\t\t\t\t\t\t\t\t<\/div>\n\t\t\t\t\t\t\t<\/div>\n\t\t\t\t\t\t\t\t\t\t\t\t\t<\/div>\n\t\t\t\t\t<\/div>\n\t\t\t\t<\/article>\n\t\t\t\t\t\t\t<article class=\"post-wrap\">\n\t\t\t\t\t<div class=\"wrap-article\">\n\t\t\t\t\t\t<div class=\"post-media\">\n\t\t\t\t\t\t\t\t\t\t\t\t\t<\/div>\n\t\t\t\t\t\t<div class=\"evgovt-content\">\n\t\t\t\t\t\t\t\t\t\t\t\t\t\t<div class=\"post-meta-date\">\n\t\t\t\t\t\t\t\t<span class=\"post-meta-content-date\">\n\t\t\t\t\t\t\t\t    <span class=\"post-date\">\n\t\t\t\t\t\t\t\t        <span class=\"right second_font\">09\/04\/2025<\/span>\n\t\t\t\t\t\t\t\t    <\/span>\n\t\t\t\t\t\t\t\t<\/span>\n\t\t\t\t\t\t\t<\/div>\n\t\t\t\t\t\t\t\n\t\t\t\t\t\t\t\t\t\t\t\t\t\t\t\t\t\t\t\t\t<div class=\"post-title\">\n\t\t\t\t\t\t\t\t<a href=\"https:\/\/www.mahkemeler.net\/en\/archives\/9236\" rel=\"bookmark\" title=\"Visit of the Ambassador of the Republic of Turkey to Nicosia to the Supreme Court\">\n\t\t\t\t\t\t\t\t\t<h2 class=\"post-title\">Visit of the Ambassador of the Republic of Turkey to Nicosia to the Supreme Court<\/h2>\n\t\t\t\t\t\t\t    <\/a>\n\t\t\t\t\t\t\t<\/div>\n\t\t\t\t\t\t\t\t\t\t\t\t\t\t\t\t\t\t\t\t\t\t\t\t\t\t\t\t<div class=\"post-footer\">\n\t\t\t\t\t\t\t\t<div class=\"egovt-post-readmore\">\n\t\t\t\t\t\t\t\t    <a class=\"btn-readmore second_font\" href=\"https:\/\/www.mahkemeler.net\/en\/archives\/9236\">\n\t\t\t\t\t\t\t\t    \tRead More\t\t\t\t\t\t\t\t    \t<i data-feather=\"arrow-right\"><\/i>\n\t\t\t\t\t\t\t\t    <\/a>\n\t\t\t\t\t\t\t\t<\/div>\n\t\t\t\t\t\t\t<\/div>\n\t\t\t\t\t\t\t\t\t\t\t\t\t<\/div>\n\t\t\t\t\t<\/div>\n\t\t\t\t<\/article>\n\t\t\t\t\t\t\t<article class=\"post-wrap\">\n\t\t\t\t\t<div class=\"wrap-article\">\n\t\t\t\t\t\t<div class=\"post-media\">\n\t\t\t\t\t\t\t\t\t\t\t\t\t<\/div>\n\t\t\t\t\t\t<div class=\"evgovt-content\">\n\t\t\t\t\t\t\t\t\t\t\t\t\t\t<div class=\"post-meta-date\">\n\t\t\t\t\t\t\t\t<span class=\"post-meta-content-date\">\n\t\t\t\t\t\t\t\t    <span class=\"post-date\">\n\t\t\t\t\t\t\t\t        <span class=\"right second_font\">07\/04\/2025<\/span>\n\t\t\t\t\t\t\t\t    <\/span>\n\t\t\t\t\t\t\t\t<\/span>\n\t\t\t\t\t\t\t<\/div>\n\t\t\t\t\t\t\t\n\t\t\t\t\t\t\t\t\t\t\t\t\t\t\t\t\t\t\t\t\t<div class=\"post-title\">\n\t\t\t\t\t\t\t\t<a href=\"https:\/\/www.mahkemeler.net\/en\/archives\/9233\" rel=\"bookmark\" title=\"New Regulation on Court Registry Offices Has Entered into Force\">\n\t\t\t\t\t\t\t\t\t<h2 class=\"post-title\">New Regulation on Court Registry Offices Has Entered into Force<\/h2>\n\t\t\t\t\t\t\t    <\/a>\n\t\t\t\t\t\t\t<\/div>\n\t\t\t\t\t\t\t\t\t\t\t\t\t\t\t\t\t\t\t\t\t\t\t\t\t\t\t\t<div class=\"post-footer\">\n\t\t\t\t\t\t\t\t<div class=\"egovt-post-readmore\">\n\t\t\t\t\t\t\t\t    <a class=\"btn-readmore second_font\" href=\"https:\/\/www.mahkemeler.net\/en\/archives\/9233\">\n\t\t\t\t\t\t\t\t    \tRead More\t\t\t\t\t\t\t\t    \t<i data-feather=\"arrow-right\"><\/i>\n\t\t\t\t\t\t\t\t    <\/a>\n\t\t\t\t\t\t\t\t<\/div>\n\t\t\t\t\t\t\t<\/div>\n\t\t\t\t\t\t\t\t\t\t\t\t\t<\/div>\n\t\t\t\t\t<\/div>\n\t\t\t\t<\/article>\n\t\t\t\t\t\t\t<article class=\"post-wrap\">\n\t\t\t\t\t<div class=\"wrap-article\">\n\t\t\t\t\t\t<div class=\"post-media\">\n\t\t\t\t\t\t\t\t\t\t\t\t\t<\/div>\n\t\t\t\t\t\t<div class=\"evgovt-content\">\n\t\t\t\t\t\t\t\t\t\t\t\t\t\t<div class=\"post-meta-date\">\n\t\t\t\t\t\t\t\t<span class=\"post-meta-content-date\">\n\t\t\t\t\t\t\t\t    <span class=\"post-date\">\n\t\t\t\t\t\t\t\t        <span class=\"right second_font\">02\/04\/2025<\/span>\n\t\t\t\t\t\t\t\t    <\/span>\n\t\t\t\t\t\t\t\t<\/span>\n\t\t\t\t\t\t\t<\/div>\n\t\t\t\t\t\t\t\n\t\t\t\t\t\t\t\t\t\t\t\t\t\t\t\t\t\t\t\t\t<div class=\"post-title\">\n\t\t\t\t\t\t\t\t<a href=\"https:\/\/www.mahkemeler.net\/en\/archives\/9219\" rel=\"bookmark\" title=\"Supreme Electoral Council&#039;s New Website is Launched\">\n\t\t\t\t\t\t\t\t\t<h2 class=\"post-title\">Supreme Electoral Council's New Website is Launched<\/h2>\n\t\t\t\t\t\t\t    <\/a>\n\t\t\t\t\t\t\t<\/div>\n\t\t\t\t\t\t\t\t\t\t\t\t\t\t\t\t\t\t\t\t\t\t\t\t\t\t\t\t<div class=\"post-footer\">\n\t\t\t\t\t\t\t\t<div class=\"egovt-post-readmore\">\n\t\t\t\t\t\t\t\t    <a class=\"btn-readmore second_font\" href=\"https:\/\/www.mahkemeler.net\/en\/archives\/9219\">\n\t\t\t\t\t\t\t\t    \tRead More\t\t\t\t\t\t\t\t    \t<i data-feather=\"arrow-right\"><\/i>\n\t\t\t\t\t\t\t\t    <\/a>\n\t\t\t\t\t\t\t\t<\/div>\n\t\t\t\t\t\t\t<\/div>\n\t\t\t\t\t\t\t\t\t\t\t\t\t<\/div>\n\t\t\t\t\t<\/div>\n\t\t\t\t<\/article>\n\t\t\t\t\t\t\t<article class=\"post-wrap\">\n\t\t\t\t\t<div class=\"wrap-article\">\n\t\t\t\t\t\t<div class=\"post-media\">\n\t\t\t\t\t\t\t\t\t\t\t\t\t<\/div>\n\t\t\t\t\t\t<div class=\"evgovt-content\">\n\t\t\t\t\t\t\t\t\t\t\t\t\t\t<div class=\"post-meta-date\">\n\t\t\t\t\t\t\t\t<span class=\"post-meta-content-date\">\n\t\t\t\t\t\t\t\t    <span class=\"post-date\">\n\t\t\t\t\t\t\t\t        <span class=\"right second_font\">05\/03\/2025<\/span>\n\t\t\t\t\t\t\t\t    <\/span>\n\t\t\t\t\t\t\t\t<\/span>\n\t\t\t\t\t\t\t<\/div>\n\t\t\t\t\t\t\t\n\t\t\t\t\t\t\t\t\t\t\t\t\t\t\t\t\t\t\t\t\t<div class=\"post-title\">\n\t\t\t\t\t\t\t\t<a href=\"https:\/\/www.mahkemeler.net\/en\/archives\/9201\" rel=\"bookmark\" title=\"New Services from the Courts Information Technology Centre\">\n\t\t\t\t\t\t\t\t\t<h2 class=\"post-title\">New Services from the Courts Information Technology Centre<\/h2>\n\t\t\t\t\t\t\t    <\/a>\n\t\t\t\t\t\t\t<\/div>\n\t\t\t\t\t\t\t\t\t\t\t\t\t\t\t\t\t\t\t\t\t\t\t\t\t\t\t\t<div class=\"post-footer\">\n\t\t\t\t\t\t\t\t<div class=\"egovt-post-readmore\">\n\t\t\t\t\t\t\t\t    <a class=\"btn-readmore second_font\" href=\"https:\/\/www.mahkemeler.net\/en\/archives\/9201\">\n\t\t\t\t\t\t\t\t    \tRead More\t\t\t\t\t\t\t\t    \t<i data-feather=\"arrow-right\"><\/i>\n\t\t\t\t\t\t\t\t    <\/a>\n\t\t\t\t\t\t\t\t<\/div>\n\t\t\t\t\t\t\t<\/div>\n\t\t\t\t\t\t\t\t\t\t\t\t\t<\/div>\n\t\t\t\t\t<\/div>\n\t\t\t\t<\/article>\n\t\t\t\t\t\t\t<article class=\"post-wrap\">\n\t\t\t\t\t<div class=\"wrap-article\">\n\t\t\t\t\t\t<div class=\"post-media\">\n\t\t\t\t\t\t\t\t\t\t\t\t\t<\/div>\n\t\t\t\t\t\t<div class=\"evgovt-content\">\n\t\t\t\t\t\t\t\t\t\t\t\t\t\t<div class=\"post-meta-date\">\n\t\t\t\t\t\t\t\t<span class=\"post-meta-content-date\">\n\t\t\t\t\t\t\t\t    <span class=\"post-date\">\n\t\t\t\t\t\t\t\t        <span class=\"right second_font\">03\/03\/2025<\/span>\n\t\t\t\t\t\t\t\t    <\/span>\n\t\t\t\t\t\t\t\t<\/span>\n\t\t\t\t\t\t\t<\/div>\n\t\t\t\t\t\t\t\n\t\t\t\t\t\t\t\t\t\t\t\t\t\t\t\t\t\t\t\t\t<div class=\"post-title\">\n\t\t\t\t\t\t\t\t<a href=\"https:\/\/www.mahkemeler.net\/en\/archives\/9196\" rel=\"bookmark\" title=\"The Regulation on the Rules Regarding the Working Order and Conditions of Duty of Contracted Rapporteurs entered into force upon publication in the Official Gazette and the first appointment was completed\">\n\t\t\t\t\t\t\t\t\t<h2 class=\"post-title\">The Regulation on the Rules Regarding the Working Order and Conditions of Duty of Contracted Rapporteurs entered into force upon publication in the Official Gazette and the first appointment was completed<\/h2>\n\t\t\t\t\t\t\t    <\/a>\n\t\t\t\t\t\t\t<\/div>\n\t\t\t\t\t\t\t\t\t\t\t\t\t\t\t\t\t\t\t\t\t\t\t\t\t\t\t\t<div class=\"post-footer\">\n\t\t\t\t\t\t\t\t<div class=\"egovt-post-readmore\">\n\t\t\t\t\t\t\t\t    <a class=\"btn-readmore second_font\" href=\"https:\/\/www.mahkemeler.net\/en\/archives\/9196\">\n\t\t\t\t\t\t\t\t    \tRead More\t\t\t\t\t\t\t\t    \t<i data-feather=\"arrow-right\"><\/i>\n\t\t\t\t\t\t\t\t    <\/a>\n\t\t\t\t\t\t\t\t<\/div>\n\t\t\t\t\t\t\t<\/div>\n\t\t\t\t\t\t\t\t\t\t\t\t\t<\/div>\n\t\t\t\t\t<\/div>\n\t\t\t\t<\/article>\n\t\t\t\t\t\t\t<article class=\"post-wrap\">\n\t\t\t\t\t<div class=\"wrap-article\">\n\t\t\t\t\t\t<div class=\"post-media\">\n\t\t\t\t\t\t\t\t\t\t\t\t\t\t\t<a href=\"https:\/\/www.mahkemeler.net\/en\/archives\/9162\">\n\n\t\t\t\t\t\t\t\t\t<img decoding=\"async\" alt=\"T.C Uyu\u015fmazl\u0131k Mahkemesinin Ziyareti\" src=\"https:\/\/www.mahkemeler.net\/wp-content\/uploads\/2025\/02\/WhatsApp-Image-2025-02-18-at-10.53.06-AM-560x373.jpeg\" \n\t\t\t\t\t\t\t\t\t\t\t\n\t\t\t\t\t\t\t\t\t\t\tsrcset=\"https:\/\/www.mahkemeler.net\/wp-content\/uploads\/2025\/02\/WhatsApp-Image-2025-02-18-at-10.53.06-AM-560x373.jpeg 560w,\t\t\t\t\t\t\t\t\t\t\thttps:\/\/www.mahkemeler.net\/wp-content\/uploads\/2025\/02\/WhatsApp-Image-2025-02-18-at-10.53.06-AM-300x200.jpeg 300w\" \n\t\t\t\t\t\t\t\t\t\t\tsizes=\"(max-width: 767px) 100vw, 560px\" >\n\t\t\t\t\t\t\t\t<\/a>\n\t\t\t\t\t\t\t\t\t\t\t\t\t<\/div>\n\t\t\t\t\t\t<div class=\"evgovt-content\">\n\t\t\t\t\t\t\t\t\t\t\t\t\t\t<div class=\"post-meta-date\">\n\t\t\t\t\t\t\t\t<span class=\"post-meta-content-date\">\n\t\t\t\t\t\t\t\t    <span class=\"post-date\">\n\t\t\t\t\t\t\t\t        <span class=\"right second_font\">18\/02\/2025<\/span>\n\t\t\t\t\t\t\t\t    <\/span>\n\t\t\t\t\t\t\t\t<\/span>\n\t\t\t\t\t\t\t<\/div>\n\t\t\t\t\t\t\t\n\t\t\t\t\t\t\t\t\t\t\t\t\t\t\t\t\t\t\t\t\t<div class=\"post-title\">\n\t\t\t\t\t\t\t\t<a href=\"https:\/\/www.mahkemeler.net\/en\/archives\/9162\" rel=\"bookmark\" title=\"Visit of the Dispute Resolution Court of the Republic of Turkey\">\n\t\t\t\t\t\t\t\t\t<h2 class=\"post-title\">Visit of the Dispute Resolution Court of the Republic of Turkey<\/h2>\n\t\t\t\t\t\t\t    <\/a>\n\t\t\t\t\t\t\t<\/div>\n\t\t\t\t\t\t\t\t\t\t\t\t\t\t\t\t\t\t\t\t\t\t\t\t\t\t\t\t<div class=\"post-footer\">\n\t\t\t\t\t\t\t\t<div class=\"egovt-post-readmore\">\n\t\t\t\t\t\t\t\t    <a class=\"btn-readmore second_font\" href=\"https:\/\/www.mahkemeler.net\/en\/archives\/9162\">\n\t\t\t\t\t\t\t\t    \tRead More\t\t\t\t\t\t\t\t    \t<i data-feather=\"arrow-right\"><\/i>\n\t\t\t\t\t\t\t\t    <\/a>\n\t\t\t\t\t\t\t\t<\/div>\n\t\t\t\t\t\t\t<\/div>\n\t\t\t\t\t\t\t\t\t\t\t\t\t<\/div>\n\t\t\t\t\t<\/div>\n\t\t\t\t<\/article>\n\t\t\t\t\t\t\t<article class=\"post-wrap\">\n\t\t\t\t\t<div class=\"wrap-article\">\n\t\t\t\t\t\t<div class=\"post-media\">\n\t\t\t\t\t\t\t\t\t\t\t\t\t<\/div>\n\t\t\t\t\t\t<div class=\"evgovt-content\">\n\t\t\t\t\t\t\t\t\t\t\t\t\t\t<div class=\"post-meta-date\">\n\t\t\t\t\t\t\t\t<span class=\"post-meta-content-date\">\n\t\t\t\t\t\t\t\t    <span class=\"post-date\">\n\t\t\t\t\t\t\t\t        <span class=\"right second_font\">05\/02\/2025<\/span>\n\t\t\t\t\t\t\t\t    <\/span>\n\t\t\t\t\t\t\t\t<\/span>\n\t\t\t\t\t\t\t<\/div>\n\t\t\t\t\t\t\t\n\t\t\t\t\t\t\t\t\t\t\t\t\t\t\t\t\t\t\t\t\t<div class=\"post-title\">\n\t\t\t\t\t\t\t\t<a href=\"https:\/\/www.mahkemeler.net\/en\/archives\/9144\" rel=\"bookmark\" title=\"\u0130ngiliz Y\u00fcksek Komiseri Say\u0131n Michael Tatham Y\u00fcksek Mahkeme Ba\u015fkan\u0131 Say\u0131n Bertan \u00d6zerda\u011f&#8217;\u0131 Ziyaret Etti\">\n\t\t\t\t\t\t\t\t\t<h2 class=\"post-title\">British High Commissioner Mr Michael Tatham visited the President of the Supreme Court, Mr Bertan \u00d6zerda\u011f<\/h2>\n\t\t\t\t\t\t\t    <\/a>\n\t\t\t\t\t\t\t<\/div>\n\t\t\t\t\t\t\t\t\t\t\t\t\t\t\t\t\t\t\t\t\t\t\t\t\t\t\t\t<div class=\"post-footer\">\n\t\t\t\t\t\t\t\t<div class=\"egovt-post-readmore\">\n\t\t\t\t\t\t\t\t    <a class=\"btn-readmore second_font\" href=\"https:\/\/www.mahkemeler.net\/en\/archives\/9144\">\n\t\t\t\t\t\t\t\t    \tRead More\t\t\t\t\t\t\t\t    \t<i data-feather=\"arrow-right\"><\/i>\n\t\t\t\t\t\t\t\t    <\/a>\n\t\t\t\t\t\t\t\t<\/div>\n\t\t\t\t\t\t\t<\/div>\n\t\t\t\t\t\t\t\t\t\t\t\t\t<\/div>\n\t\t\t\t\t<\/div>\n\t\t\t\t<\/article>\n\t\t\t\t\t\t\t<article class=\"post-wrap\">\n\t\t\t\t\t<div class=\"wrap-article\">\n\t\t\t\t\t\t<div class=\"post-media\">\n\t\t\t\t\t\t\t\t\t\t\t\t\t\t\t<a href=\"https:\/\/www.mahkemeler.net\/en\/archives\/9081\">\n\n\t\t\t\t\t\t\t\t\t<img decoding=\"async\" alt=\"Y\u00fcksek Mahkeme Ba\u015fkan\u0131 \u00d6zerda\u011f: \u201cY\u00fcksek Mahkeme\u2019nin Yeni Binas\u0131n\u0131n \u0130n\u015fas\u0131na \u00c7ok Yak\u0131nda Ba\u015flanacak\u201d\" src=\"https:\/\/www.mahkemeler.net\/wp-content\/uploads\/2025\/01\/WhatsApp-Image-2025-01-20-at-11.55.15-AM-1-560x374.jpeg\" \n\t\t\t\t\t\t\t\t\t\t\t\n\t\t\t\t\t\t\t\t\t\t\tsrcset=\"https:\/\/www.mahkemeler.net\/wp-content\/uploads\/2025\/01\/WhatsApp-Image-2025-01-20-at-11.55.15-AM-1-560x374.jpeg 560w,\t\t\t\t\t\t\t\t\t\t\thttps:\/\/www.mahkemeler.net\/wp-content\/uploads\/2025\/01\/WhatsApp-Image-2025-01-20-at-11.55.15-AM-1-300x200.jpeg 300w\" \n\t\t\t\t\t\t\t\t\t\t\tsizes=\"(max-width: 767px) 100vw, 560px\" >\n\t\t\t\t\t\t\t\t<\/a>\n\t\t\t\t\t\t\t\t\t\t\t\t\t<\/div>\n\t\t\t\t\t\t<div class=\"evgovt-content\">\n\t\t\t\t\t\t\t\t\t\t\t\t\t\t<div class=\"post-meta-date\">\n\t\t\t\t\t\t\t\t<span class=\"post-meta-content-date\">\n\t\t\t\t\t\t\t\t    <span class=\"post-date\">\n\t\t\t\t\t\t\t\t        <span class=\"right second_font\">20\/01\/2025<\/span>\n\t\t\t\t\t\t\t\t    <\/span>\n\t\t\t\t\t\t\t\t<\/span>\n\t\t\t\t\t\t\t<\/div>\n\t\t\t\t\t\t\t\n\t\t\t\t\t\t\t\t\t\t\t\t\t\t\t\t\t\t\t\t\t<div class=\"post-title\">\n\t\t\t\t\t\t\t\t<a href=\"https:\/\/www.mahkemeler.net\/en\/archives\/9081\" rel=\"bookmark\" title=\"Supreme Court President \u00d6zerda\u011f: \u201cConstruction of the New Supreme Court Building Will Start Soon\u201d\">\n\t\t\t\t\t\t\t\t\t<h2 class=\"post-title\">Supreme Court President \u00d6zerda\u011f: \u201cConstruction of the New Supreme Court Building Will Start Soon\u201d<\/h2>\n\t\t\t\t\t\t\t    <\/a>\n\t\t\t\t\t\t\t<\/div>\n\t\t\t\t\t\t\t\t\t\t\t\t\t\t\t\t\t\t\t\t\t\t\t\t\t\t\t\t<div class=\"post-footer\">\n\t\t\t\t\t\t\t\t<div class=\"egovt-post-readmore\">\n\t\t\t\t\t\t\t\t    <a class=\"btn-readmore second_font\" href=\"https:\/\/www.mahkemeler.net\/en\/archives\/9081\">\n\t\t\t\t\t\t\t\t    \tRead More\t\t\t\t\t\t\t\t    \t<i data-feather=\"arrow-right\"><\/i>\n\t\t\t\t\t\t\t\t    <\/a>\n\t\t\t\t\t\t\t\t<\/div>\n\t\t\t\t\t\t\t<\/div>\n\t\t\t\t\t\t\t\t\t\t\t\t\t<\/div>\n\t\t\t\t\t<\/div>\n\t\t\t\t<\/article>\n\t\t\t\t\t\t\t<article class=\"post-wrap\">\n\t\t\t\t\t<div class=\"wrap-article\">\n\t\t\t\t\t\t<div class=\"post-media\">\n\t\t\t\t\t\t\t\t\t\t\t\t\t\t\t<a href=\"https:\/\/www.mahkemeler.net\/en\/archives\/9002\">\n\n\t\t\t\t\t\t\t\t\t<img decoding=\"async\" alt=\"Bak\u00fc\u2019de Ger\u00e7ekle\u015ftirilen Hukuki \u0130li\u015fkilerde Ulus\u00f6tesi Y\u00f6nler Konulu Konferansa KKTC Mahkemesi\u2019nden Yarg\u0131\u00e7lar Kat\u0131ld\u0131\" src=\"https:\/\/www.mahkemeler.net\/wp-content\/uploads\/2024\/12\/Picture002-560x314.jpg\" \n\t\t\t\t\t\t\t\t\t\t\t\n\t\t\t\t\t\t\t\t\t\t\tsrcset=\"https:\/\/www.mahkemeler.net\/wp-content\/uploads\/2024\/12\/Picture002-560x314.jpg 560w,\t\t\t\t\t\t\t\t\t\t\thttps:\/\/www.mahkemeler.net\/wp-content\/uploads\/2024\/12\/Picture002-300x168.jpg 300w\" \n\t\t\t\t\t\t\t\t\t\t\tsizes=\"(max-width: 767px) 100vw, 560px\" >\n\t\t\t\t\t\t\t\t<\/a>\n\t\t\t\t\t\t\t\t\t\t\t\t\t<\/div>\n\t\t\t\t\t\t<div class=\"evgovt-content\">\n\t\t\t\t\t\t\t\t\t\t\t\t\t\t<div class=\"post-meta-date\">\n\t\t\t\t\t\t\t\t<span class=\"post-meta-content-date\">\n\t\t\t\t\t\t\t\t    <span class=\"post-date\">\n\t\t\t\t\t\t\t\t        <span class=\"right second_font\">27\/12\/2024<\/span>\n\t\t\t\t\t\t\t\t    <\/span>\n\t\t\t\t\t\t\t\t<\/span>\n\t\t\t\t\t\t\t<\/div>\n\t\t\t\t\t\t\t\n\t\t\t\t\t\t\t\t\t\t\t\t\t\t\t\t\t\t\t\t\t<div class=\"post-title\">\n\t\t\t\t\t\t\t\t<a href=\"https:\/\/www.mahkemeler.net\/en\/archives\/9002\" rel=\"bookmark\" title=\"Judges from the TRNC Court attended the Conference on Transnational Aspects in Legal Relations held in Baku\">\n\t\t\t\t\t\t\t\t\t<h2 class=\"post-title\">Judges from the TRNC Court attended the Conference on Transnational Aspects in Legal Relations held in Baku<\/h2>\n\t\t\t\t\t\t\t    <\/a>\n\t\t\t\t\t\t\t<\/div>\n\t\t\t\t\t\t\t\t\t\t\t\t\t\t\t\t\t\t\t\t\t\t\t\t\t\t\t\t<div class=\"post-footer\">\n\t\t\t\t\t\t\t\t<div class=\"egovt-post-readmore\">\n\t\t\t\t\t\t\t\t    <a class=\"btn-readmore second_font\" href=\"https:\/\/www.mahkemeler.net\/en\/archives\/9002\">\n\t\t\t\t\t\t\t\t    \tRead More\t\t\t\t\t\t\t\t    \t<i data-feather=\"arrow-right\"><\/i>\n\t\t\t\t\t\t\t\t    <\/a>\n\t\t\t\t\t\t\t\t<\/div>\n\t\t\t\t\t\t\t<\/div>\n\t\t\t\t\t\t\t\t\t\t\t\t\t<\/div>\n\t\t\t\t\t<\/div>\n\t\t\t\t<\/article>\n\t\t\t\t\t\t\t<article class=\"post-wrap\">\n\t\t\t\t\t<div class=\"wrap-article\">\n\t\t\t\t\t\t<div class=\"post-media\">\n\t\t\t\t\t\t\t\t\t\t\t\t\t\t\t<a href=\"https:\/\/www.mahkemeler.net\/en\/archives\/8779\">\n\n\t\t\t\t\t\t\t\t\t<img decoding=\"async\" alt=\"Mahkemeler \u0130nternet Sitesinin \u0130ngilizce S\u00fcr\u00fcm\u00fc Haz\u0131rland\u0131\" src=\"https:\/\/www.mahkemeler.net\/wp-content\/uploads\/2024\/12\/Untitled-1-560x303.png\" \n\t\t\t\t\t\t\t\t\t\t\t\n\t\t\t\t\t\t\t\t\t\t\tsrcset=\"https:\/\/www.mahkemeler.net\/wp-content\/uploads\/2024\/12\/Untitled-1-560x303.png 560w,\t\t\t\t\t\t\t\t\t\t\thttps:\/\/www.mahkemeler.net\/wp-content\/uploads\/2024\/12\/Untitled-1-300x163.png 300w\" \n\t\t\t\t\t\t\t\t\t\t\tsizes=\"(max-width: 767px) 100vw, 560px\" >\n\t\t\t\t\t\t\t\t<\/a>\n\t\t\t\t\t\t\t\t\t\t\t\t\t<\/div>\n\t\t\t\t\t\t<div class=\"evgovt-content\">\n\t\t\t\t\t\t\t\t\t\t\t\t\t\t<div class=\"post-meta-date\">\n\t\t\t\t\t\t\t\t<span class=\"post-meta-content-date\">\n\t\t\t\t\t\t\t\t    <span class=\"post-date\">\n\t\t\t\t\t\t\t\t        <span class=\"right second_font\">17\/12\/2024<\/span>\n\t\t\t\t\t\t\t\t    <\/span>\n\t\t\t\t\t\t\t\t<\/span>\n\t\t\t\t\t\t\t<\/div>\n\t\t\t\t\t\t\t\n\t\t\t\t\t\t\t\t\t\t\t\t\t\t\t\t\t\t\t\t\t<div class=\"post-title\">\n\t\t\t\t\t\t\t\t<a href=\"https:\/\/www.mahkemeler.net\/en\/archives\/8779\" rel=\"bookmark\" title=\"English Version of the Courts Website Launched\">\n\t\t\t\t\t\t\t\t\t<h2 class=\"post-title\">English Version of the Courts Website Launched<\/h2>\n\t\t\t\t\t\t\t    <\/a>\n\t\t\t\t\t\t\t<\/div>\n\t\t\t\t\t\t\t\t\t\t\t\t\t\t\t\t\t\t\t\t\t\t\t\t\t\t\t\t<div class=\"post-footer\">\n\t\t\t\t\t\t\t\t<div class=\"egovt-post-readmore\">\n\t\t\t\t\t\t\t\t    <a class=\"btn-readmore second_font\" href=\"https:\/\/www.mahkemeler.net\/en\/archives\/8779\">\n\t\t\t\t\t\t\t\t    \tRead More\t\t\t\t\t\t\t\t    \t<i data-feather=\"arrow-right\"><\/i>\n\t\t\t\t\t\t\t\t    <\/a>\n\t\t\t\t\t\t\t\t<\/div>\n\t\t\t\t\t\t\t<\/div>\n\t\t\t\t\t\t\t\t\t\t\t\t\t<\/div>\n\t\t\t\t\t<\/div>\n\t\t\t\t<\/article>\n\t\t\t\t\t\t\t<article class=\"post-wrap\">\n\t\t\t\t\t<div class=\"wrap-article\">\n\t\t\t\t\t\t<div class=\"post-media\">\n\t\t\t\t\t\t\t\t\t\t\t\t\t\t\t<a href=\"https:\/\/www.mahkemeler.net\/en\/archives\/8762\">\n\n\t\t\t\t\t\t\t\t\t<img decoding=\"async\" alt=\"G\u00fcvenlik Kuvvetleri Mahkemesinin yeni web sitesi devreye al\u0131nm\u0131\u015ft\u0131r.\" src=\"https:\/\/www.mahkemeler.net\/wp-content\/uploads\/2024\/12\/guevenlik_kuvvetleri_haber-560x277.jpg\" \n\t\t\t\t\t\t\t\t\t\t\t\n\t\t\t\t\t\t\t\t\t\t\tsrcset=\"https:\/\/www.mahkemeler.net\/wp-content\/uploads\/2024\/12\/guevenlik_kuvvetleri_haber-560x277.jpg 560w,\t\t\t\t\t\t\t\t\t\t\thttps:\/\/www.mahkemeler.net\/wp-content\/uploads\/2024\/12\/guevenlik_kuvvetleri_haber-300x148.jpg 300w\" \n\t\t\t\t\t\t\t\t\t\t\tsizes=\"(max-width: 767px) 100vw, 560px\" >\n\t\t\t\t\t\t\t\t<\/a>\n\t\t\t\t\t\t\t\t\t\t\t\t\t<\/div>\n\t\t\t\t\t\t<div class=\"evgovt-content\">\n\t\t\t\t\t\t\t\t\t\t\t\t\t\t<div class=\"post-meta-date\">\n\t\t\t\t\t\t\t\t<span class=\"post-meta-content-date\">\n\t\t\t\t\t\t\t\t    <span class=\"post-date\">\n\t\t\t\t\t\t\t\t        <span class=\"right second_font\">12\/12\/2024<\/span>\n\t\t\t\t\t\t\t\t    <\/span>\n\t\t\t\t\t\t\t\t<\/span>\n\t\t\t\t\t\t\t<\/div>\n\t\t\t\t\t\t\t\n\t\t\t\t\t\t\t\t\t\t\t\t\t\t\t\t\t\t\t\t\t<div class=\"post-title\">\n\t\t\t\t\t\t\t\t<a href=\"https:\/\/www.mahkemeler.net\/en\/archives\/8762\" rel=\"bookmark\" title=\"The new website of the Military Court has been launched.\">\n\t\t\t\t\t\t\t\t\t<h2 class=\"post-title\">The new website of the Military Court has been launched.<\/h2>\n\t\t\t\t\t\t\t    <\/a>\n\t\t\t\t\t\t\t<\/div>\n\t\t\t\t\t\t\t\t\t\t\t\t\t\t\t\t\t\t\t\t\t\t\t\t\t\t\t\t<div class=\"post-footer\">\n\t\t\t\t\t\t\t\t<div class=\"egovt-post-readmore\">\n\t\t\t\t\t\t\t\t    <a class=\"btn-readmore second_font\" href=\"https:\/\/www.mahkemeler.net\/en\/archives\/8762\">\n\t\t\t\t\t\t\t\t    \tRead More\t\t\t\t\t\t\t\t    \t<i data-feather=\"arrow-right\"><\/i>\n\t\t\t\t\t\t\t\t    <\/a>\n\t\t\t\t\t\t\t\t<\/div>\n\t\t\t\t\t\t\t<\/div>\n\t\t\t\t\t\t\t\t\t\t\t\t\t<\/div>\n\t\t\t\t\t<\/div>\n\t\t\t\t<\/article>\n\t\t\t\t\t\t\t<article class=\"post-wrap\">\n\t\t\t\t\t<div class=\"wrap-article\">\n\t\t\t\t\t\t<div class=\"post-media\">\n\t\t\t\t\t\t\t\t\t\t\t\t\t\t\t<a href=\"https:\/\/www.mahkemeler.net\/en\/archives\/8695\">\n\n\t\t\t\t\t\t\t\t\t<img decoding=\"async\" alt=\"Y\u00fcksek Mahkeme Ba\u015fkan\u0131 \u00d6zerda\u011f: Mahkemeler Engelli Vatanda\u015flar i\u00e7in de Eri\u015filebilir Olacak\" src=\"https:\/\/www.mahkemeler.net\/wp-content\/uploads\/2024\/12\/bertan-1024x683-1-560x374.jpg\" \n\t\t\t\t\t\t\t\t\t\t\t\n\t\t\t\t\t\t\t\t\t\t\tsrcset=\"https:\/\/www.mahkemeler.net\/wp-content\/uploads\/2024\/12\/bertan-1024x683-1-560x374.jpg 560w,\t\t\t\t\t\t\t\t\t\t\thttps:\/\/www.mahkemeler.net\/wp-content\/uploads\/2024\/12\/bertan-1024x683-1-300x200.jpg 300w\" \n\t\t\t\t\t\t\t\t\t\t\tsizes=\"(max-width: 767px) 100vw, 560px\" >\n\t\t\t\t\t\t\t\t<\/a>\n\t\t\t\t\t\t\t\t\t\t\t\t\t<\/div>\n\t\t\t\t\t\t<div class=\"evgovt-content\">\n\t\t\t\t\t\t\t\t\t\t\t\t\t\t<div class=\"post-meta-date\">\n\t\t\t\t\t\t\t\t<span class=\"post-meta-content-date\">\n\t\t\t\t\t\t\t\t    <span class=\"post-date\">\n\t\t\t\t\t\t\t\t        <span class=\"right second_font\">03\/12\/2024<\/span>\n\t\t\t\t\t\t\t\t    <\/span>\n\t\t\t\t\t\t\t\t<\/span>\n\t\t\t\t\t\t\t<\/div>\n\t\t\t\t\t\t\t\n\t\t\t\t\t\t\t\t\t\t\t\t\t\t\t\t\t\t\t\t\t<div class=\"post-title\">\n\t\t\t\t\t\t\t\t<a href=\"https:\/\/www.mahkemeler.net\/en\/archives\/8695\" rel=\"bookmark\" title=\"Supreme Court President \u00d6zerda\u011f: Courts Will Also Be Accessible for Citizens with Disabilities\">\n\t\t\t\t\t\t\t\t\t<h2 class=\"post-title\">Supreme Court President \u00d6zerda\u011f: Courts Will Also Be Accessible for Citizens with Disabilities<\/h2>\n\t\t\t\t\t\t\t    <\/a>\n\t\t\t\t\t\t\t<\/div>\n\t\t\t\t\t\t\t\t\t\t\t\t\t\t\t\t\t\t\t\t\t\t\t\t\t\t\t\t<div class=\"post-footer\">\n\t\t\t\t\t\t\t\t<div class=\"egovt-post-readmore\">\n\t\t\t\t\t\t\t\t    <a class=\"btn-readmore second_font\" href=\"https:\/\/www.mahkemeler.net\/en\/archives\/8695\">\n\t\t\t\t\t\t\t\t    \tRead More\t\t\t\t\t\t\t\t    \t<i data-feather=\"arrow-right\"><\/i>\n\t\t\t\t\t\t\t\t    <\/a>\n\t\t\t\t\t\t\t\t<\/div>\n\t\t\t\t\t\t\t<\/div>\n\t\t\t\t\t\t\t\t\t\t\t\t\t<\/div>\n\t\t\t\t\t<\/div>\n\t\t\t\t<\/article>\n\t\t\t\t\t\t\t<article class=\"post-wrap\">\n\t\t\t\t\t<div class=\"wrap-article\">\n\t\t\t\t\t\t<div class=\"post-media\">\n\t\t\t\t\t\t\t\t\t\t\t\t\t\t\t<a href=\"https:\/\/www.mahkemeler.net\/en\/archives\/8681\">\n\n\t\t\t\t\t\t\t\t\t<img decoding=\"async\" alt=\"Y\u00fcksek Mahkeme Yarg\u0131\u00e7lara Y\u00f6nelik E\u011fitim ve De\u011ferlendirme Toplant\u0131s\u0131 D\u00fczenledi.\" src=\"https:\/\/www.mahkemeler.net\/wp-content\/uploads\/2024\/12\/WhatsApp-Image-2024-12-05-at-8.39.40-AM-560x420.jpeg\" \n\t\t\t\t\t\t\t\t\t\t\t\n\t\t\t\t\t\t\t\t\t\t\tsrcset=\"https:\/\/www.mahkemeler.net\/wp-content\/uploads\/2024\/12\/WhatsApp-Image-2024-12-05-at-8.39.40-AM-560x420.jpeg 560w,\t\t\t\t\t\t\t\t\t\t\thttps:\/\/www.mahkemeler.net\/wp-content\/uploads\/2024\/12\/WhatsApp-Image-2024-12-05-at-8.39.40-AM-300x225.jpeg 300w\" \n\t\t\t\t\t\t\t\t\t\t\tsizes=\"(max-width: 767px) 100vw, 560px\" >\n\t\t\t\t\t\t\t\t<\/a>\n\t\t\t\t\t\t\t\t\t\t\t\t\t<\/div>\n\t\t\t\t\t\t<div class=\"evgovt-content\">\n\t\t\t\t\t\t\t\t\t\t\t\t\t\t<div class=\"post-meta-date\">\n\t\t\t\t\t\t\t\t<span class=\"post-meta-content-date\">\n\t\t\t\t\t\t\t\t    <span class=\"post-date\">\n\t\t\t\t\t\t\t\t        <span class=\"right second_font\">30\/11\/2024<\/span>\n\t\t\t\t\t\t\t\t    <\/span>\n\t\t\t\t\t\t\t\t<\/span>\n\t\t\t\t\t\t\t<\/div>\n\t\t\t\t\t\t\t\n\t\t\t\t\t\t\t\t\t\t\t\t\t\t\t\t\t\t\t\t\t<div class=\"post-title\">\n\t\t\t\t\t\t\t\t<a href=\"https:\/\/www.mahkemeler.net\/en\/archives\/8681\" rel=\"bookmark\" title=\"The Supreme Court Organized a Training and Evaluation Meeting for Judges.\">\n\t\t\t\t\t\t\t\t\t<h2 class=\"post-title\">The Supreme Court Organized a Training and Evaluation Meeting for Judges.<\/h2>\n\t\t\t\t\t\t\t    <\/a>\n\t\t\t\t\t\t\t<\/div>\n\t\t\t\t\t\t\t\t\t\t\t\t\t\t\t\t\t\t\t\t\t\t\t\t\t\t\t\t<div class=\"post-footer\">\n\t\t\t\t\t\t\t\t<div class=\"egovt-post-readmore\">\n\t\t\t\t\t\t\t\t    <a class=\"btn-readmore second_font\" href=\"https:\/\/www.mahkemeler.net\/en\/archives\/8681\">\n\t\t\t\t\t\t\t\t    \tRead More\t\t\t\t\t\t\t\t    \t<i data-feather=\"arrow-right\"><\/i>\n\t\t\t\t\t\t\t\t    <\/a>\n\t\t\t\t\t\t\t\t<\/div>\n\t\t\t\t\t\t\t<\/div>\n\t\t\t\t\t\t\t\t\t\t\t\t\t<\/div>\n\t\t\t\t\t<\/div>\n\t\t\t\t<\/article>\n\t\t\t\t\t\t\t<article class=\"post-wrap\">\n\t\t\t\t\t<div class=\"wrap-article\">\n\t\t\t\t\t\t<div class=\"post-media\">\n\t\t\t\t\t\t\t\t\t\t\t\t\t\t\t<a href=\"https:\/\/www.mahkemeler.net\/en\/archives\/8626\">\n\n\t\t\t\t\t\t\t\t\t<img decoding=\"async\" alt=\"2024 Hukuk Muhakemeleri Us\u00fcl\u00fc (De\u011fi\u015fiklik No: 2) T\u00fcz\u00fc\u011f\u00fc ve Mahkemeler Web Sitesi ile \u0130lgili Bilgilendirme Toplant\u0131s\u0131\" src=\"https:\/\/www.mahkemeler.net\/wp-content\/uploads\/2024\/10\/WhatsApp-Image-2024-10-31-at-9.17.51-AM-2-419x560.jpeg\" \n\t\t\t\t\t\t\t\t\t\t\t\n\t\t\t\t\t\t\t\t\t\t\tsrcset=\"https:\/\/www.mahkemeler.net\/wp-content\/uploads\/2024\/10\/WhatsApp-Image-2024-10-31-at-9.17.51-AM-2-419x560.jpeg 560w,\t\t\t\t\t\t\t\t\t\t\thttps:\/\/www.mahkemeler.net\/wp-content\/uploads\/2024\/10\/WhatsApp-Image-2024-10-31-at-9.17.51-AM-2-224x300.jpeg 300w\" \n\t\t\t\t\t\t\t\t\t\t\tsizes=\"(max-width: 767px) 100vw, 560px\" >\n\t\t\t\t\t\t\t\t<\/a>\n\t\t\t\t\t\t\t\t\t\t\t\t\t<\/div>\n\t\t\t\t\t\t<div class=\"evgovt-content\">\n\t\t\t\t\t\t\t\t\t\t\t\t\t\t<div class=\"post-meta-date\">\n\t\t\t\t\t\t\t\t<span class=\"post-meta-content-date\">\n\t\t\t\t\t\t\t\t    <span class=\"post-date\">\n\t\t\t\t\t\t\t\t        <span class=\"right second_font\">14\/10\/2024<\/span>\n\t\t\t\t\t\t\t\t    <\/span>\n\t\t\t\t\t\t\t\t<\/span>\n\t\t\t\t\t\t\t<\/div>\n\t\t\t\t\t\t\t\n\t\t\t\t\t\t\t\t\t\t\t\t\t\t\t\t\t\t\t\t\t<div class=\"post-title\">\n\t\t\t\t\t\t\t\t<a href=\"https:\/\/www.mahkemeler.net\/en\/archives\/8626\" rel=\"bookmark\" title=\"Information Meeting on the 2024 Civil Procedure (Amendment No: 2) Regulation and the Courts Website\">\n\t\t\t\t\t\t\t\t\t<h2 class=\"post-title\">Information Meeting on the 2024 Civil Procedure (Amendment No: 2) Regulation and the Courts Website<\/h2>\n\t\t\t\t\t\t\t    <\/a>\n\t\t\t\t\t\t\t<\/div>\n\t\t\t\t\t\t\t\t\t\t\t\t\t\t\t\t\t\t\t\t\t\t\t\t\t\t\t\t<div class=\"post-footer\">\n\t\t\t\t\t\t\t\t<div class=\"egovt-post-readmore\">\n\t\t\t\t\t\t\t\t    <a class=\"btn-readmore second_font\" href=\"https:\/\/www.mahkemeler.net\/en\/archives\/8626\">\n\t\t\t\t\t\t\t\t    \tRead More\t\t\t\t\t\t\t\t    \t<i data-feather=\"arrow-right\"><\/i>\n\t\t\t\t\t\t\t\t    <\/a>\n\t\t\t\t\t\t\t\t<\/div>\n\t\t\t\t\t\t\t<\/div>\n\t\t\t\t\t\t\t\t\t\t\t\t\t<\/div>\n\t\t\t\t\t<\/div>\n\t\t\t\t<\/article>\n\t\t\t\t\t\t\t<article class=\"post-wrap\">\n\t\t\t\t\t<div class=\"wrap-article\">\n\t\t\t\t\t\t<div class=\"post-media\">\n\t\t\t\t\t\t\t\t\t\t\t\t\t\t\t<a href=\"https:\/\/www.mahkemeler.net\/en\/archives\/8593\">\n\n\t\t\t\t\t\t\t\t\t<img decoding=\"async\" alt=\"12. Uluslararas\u0131 Yaz Okulu Etkinli\u011fine Kuzey K\u0131br\u0131s T\u00fcrk Cumhuriyeti Mahkemesi&#8217;nden Yarg\u0131\u00e7lar Kat\u0131ld\u0131\" src=\"https:\/\/www.mahkemeler.net\/wp-content\/uploads\/2024\/10\/501A6664-560x373.jpg\" \n\t\t\t\t\t\t\t\t\t\t\t\n\t\t\t\t\t\t\t\t\t\t\tsrcset=\"https:\/\/www.mahkemeler.net\/wp-content\/uploads\/2024\/10\/501A6664-560x373.jpg 560w,\t\t\t\t\t\t\t\t\t\t\thttps:\/\/www.mahkemeler.net\/wp-content\/uploads\/2024\/10\/501A6664-300x200.jpg 300w\" \n\t\t\t\t\t\t\t\t\t\t\tsizes=\"(max-width: 767px) 100vw, 560px\" >\n\t\t\t\t\t\t\t\t<\/a>\n\t\t\t\t\t\t\t\t\t\t\t\t\t<\/div>\n\t\t\t\t\t\t<div class=\"evgovt-content\">\n\t\t\t\t\t\t\t\t\t\t\t\t\t\t<div class=\"post-meta-date\">\n\t\t\t\t\t\t\t\t<span class=\"post-meta-content-date\">\n\t\t\t\t\t\t\t\t    <span class=\"post-date\">\n\t\t\t\t\t\t\t\t        <span class=\"right second_font\">04\/10\/2024<\/span>\n\t\t\t\t\t\t\t\t    <\/span>\n\t\t\t\t\t\t\t\t<\/span>\n\t\t\t\t\t\t\t<\/div>\n\t\t\t\t\t\t\t\n\t\t\t\t\t\t\t\t\t\t\t\t\t\t\t\t\t\t\t\t\t<div class=\"post-title\">\n\t\t\t\t\t\t\t\t<a href=\"https:\/\/www.mahkemeler.net\/en\/archives\/8593\" rel=\"bookmark\" title=\"12. Uluslararas\u0131 Yaz Okulu Etkinli\u011fine Kuzey K\u0131br\u0131s T\u00fcrk Cumhuriyeti Mahkemesi&#8217;nden Yarg\u0131\u00e7lar Kat\u0131ld\u0131\">\n\t\t\t\t\t\t\t\t\t<h2 class=\"post-title\">Judges from the Turkish Republic of Northern Cyprus Court Attended the 12th International Summer School Event<\/h2>\n\t\t\t\t\t\t\t    <\/a>\n\t\t\t\t\t\t\t<\/div>\n\t\t\t\t\t\t\t\t\t\t\t\t\t\t\t\t\t\t\t\t\t\t\t\t\t\t\t\t<div class=\"post-footer\">\n\t\t\t\t\t\t\t\t<div class=\"egovt-post-readmore\">\n\t\t\t\t\t\t\t\t    <a class=\"btn-readmore second_font\" href=\"https:\/\/www.mahkemeler.net\/en\/archives\/8593\">\n\t\t\t\t\t\t\t\t    \tRead More\t\t\t\t\t\t\t\t    \t<i data-feather=\"arrow-right\"><\/i>\n\t\t\t\t\t\t\t\t    <\/a>\n\t\t\t\t\t\t\t\t<\/div>\n\t\t\t\t\t\t\t<\/div>\n\t\t\t\t\t\t\t\t\t\t\t\t\t<\/div>\n\t\t\t\t\t<\/div>\n\t\t\t\t<\/article>\n\t\t\t\t\t\t\t<article class=\"post-wrap\">\n\t\t\t\t\t<div class=\"wrap-article\">\n\t\t\t\t\t\t<div class=\"post-media\">\n\t\t\t\t\t\t\t\t\t\t\t\t\t\t\t<a href=\"https:\/\/www.mahkemeler.net\/en\/archives\/8586\">\n\n\t\t\t\t\t\t\t\t\t<img decoding=\"async\" alt=\"Y\u00fcksek Mahkeme Ba\u015fkan\u0131 Bertan \u00d6zerda\u011f Forensic Medicine Congress&#8217;e Kat\u0131ld\u0131\" src=\"https:\/\/www.mahkemeler.net\/wp-content\/uploads\/2024\/10\/WhatsApp-Image-2024-10-16-at-11.42.18-AM-e1729070124452-560x503.jpeg\" \n\t\t\t\t\t\t\t\t\t\t\t\n\t\t\t\t\t\t\t\t\t\t\tsrcset=\"https:\/\/www.mahkemeler.net\/wp-content\/uploads\/2024\/10\/WhatsApp-Image-2024-10-16-at-11.42.18-AM-e1729070124452-560x503.jpeg 560w,\t\t\t\t\t\t\t\t\t\t\thttps:\/\/www.mahkemeler.net\/wp-content\/uploads\/2024\/10\/WhatsApp-Image-2024-10-16-at-11.42.18-AM-e1729070124452-300x269.jpeg 300w\" \n\t\t\t\t\t\t\t\t\t\t\tsizes=\"(max-width: 767px) 100vw, 560px\" >\n\t\t\t\t\t\t\t\t<\/a>\n\t\t\t\t\t\t\t\t\t\t\t\t\t<\/div>\n\t\t\t\t\t\t<div class=\"evgovt-content\">\n\t\t\t\t\t\t\t\t\t\t\t\t\t\t<div class=\"post-meta-date\">\n\t\t\t\t\t\t\t\t<span class=\"post-meta-content-date\">\n\t\t\t\t\t\t\t\t    <span class=\"post-date\">\n\t\t\t\t\t\t\t\t        <span class=\"right second_font\">30\/09\/2024<\/span>\n\t\t\t\t\t\t\t\t    <\/span>\n\t\t\t\t\t\t\t\t<\/span>\n\t\t\t\t\t\t\t<\/div>\n\t\t\t\t\t\t\t\n\t\t\t\t\t\t\t\t\t\t\t\t\t\t\t\t\t\t\t\t\t<div class=\"post-title\">\n\t\t\t\t\t\t\t\t<a href=\"https:\/\/www.mahkemeler.net\/en\/archives\/8586\" rel=\"bookmark\" title=\"Y\u00fcksek Mahkeme Ba\u015fkan\u0131 Bertan \u00d6zerda\u011f Forensic Medicine Congress&#8217;e Kat\u0131ld\u0131\">\n\t\t\t\t\t\t\t\t\t<h2 class=\"post-title\">Supreme Court President Bertan \u00d6zerda\u011f Attended Forensic Medicine Congress<\/h2>\n\t\t\t\t\t\t\t    <\/a>\n\t\t\t\t\t\t\t<\/div>\n\t\t\t\t\t\t\t\t\t\t\t\t\t\t\t\t\t\t\t\t\t\t\t\t\t\t\t\t<div class=\"post-footer\">\n\t\t\t\t\t\t\t\t<div class=\"egovt-post-readmore\">\n\t\t\t\t\t\t\t\t    <a class=\"btn-readmore second_font\" href=\"https:\/\/www.mahkemeler.net\/en\/archives\/8586\">\n\t\t\t\t\t\t\t\t    \tRead More\t\t\t\t\t\t\t\t    \t<i data-feather=\"arrow-right\"><\/i>\n\t\t\t\t\t\t\t\t    <\/a>\n\t\t\t\t\t\t\t\t<\/div>\n\t\t\t\t\t\t\t<\/div>\n\t\t\t\t\t\t\t\t\t\t\t\t\t<\/div>\n\t\t\t\t\t<\/div>\n\t\t\t\t<\/article>\n\t\t\t\t\t\t\t<article class=\"post-wrap\">\n\t\t\t\t\t<div class=\"wrap-article\">\n\t\t\t\t\t\t<div class=\"post-media\">\n\t\t\t\t\t\t\t\t\t\t\t\t\t\t\t<a href=\"https:\/\/www.mahkemeler.net\/en\/archives\/8509\">\n\n\t\t\t\t\t\t\t\t\t<img decoding=\"async\" alt=\"2024-2025 Adli Y\u0131l A\u00e7\u0131l\u0131\u015f\u0131\" src=\"https:\/\/www.mahkemeler.net\/wp-content\/uploads\/2024\/09\/5a9d8138-ef0e-42a1-b363-fffc015f8e53-560x373.jpg\" \n\t\t\t\t\t\t\t\t\t\t\t\n\t\t\t\t\t\t\t\t\t\t\tsrcset=\"https:\/\/www.mahkemeler.net\/wp-content\/uploads\/2024\/09\/5a9d8138-ef0e-42a1-b363-fffc015f8e53-560x373.jpg 560w,\t\t\t\t\t\t\t\t\t\t\thttps:\/\/www.mahkemeler.net\/wp-content\/uploads\/2024\/09\/5a9d8138-ef0e-42a1-b363-fffc015f8e53-300x200.jpg 300w\" \n\t\t\t\t\t\t\t\t\t\t\tsizes=\"(max-width: 767px) 100vw, 560px\" >\n\t\t\t\t\t\t\t\t<\/a>\n\t\t\t\t\t\t\t\t\t\t\t\t\t<\/div>\n\t\t\t\t\t\t<div class=\"evgovt-content\">\n\t\t\t\t\t\t\t\t\t\t\t\t\t\t<div class=\"post-meta-date\">\n\t\t\t\t\t\t\t\t<span class=\"post-meta-content-date\">\n\t\t\t\t\t\t\t\t    <span class=\"post-date\">\n\t\t\t\t\t\t\t\t        <span class=\"right second_font\">16\/09\/2024<\/span>\n\t\t\t\t\t\t\t\t    <\/span>\n\t\t\t\t\t\t\t\t<\/span>\n\t\t\t\t\t\t\t<\/div>\n\t\t\t\t\t\t\t\n\t\t\t\t\t\t\t\t\t\t\t\t\t\t\t\t\t\t\t\t\t<div class=\"post-title\">\n\t\t\t\t\t\t\t\t<a href=\"https:\/\/www.mahkemeler.net\/en\/archives\/8509\" rel=\"bookmark\" title=\"Opening of the 2024-2025 Judicial Year\">\n\t\t\t\t\t\t\t\t\t<h2 class=\"post-title\">Opening of the 2024-2025 Judicial Year<\/h2>\n\t\t\t\t\t\t\t    <\/a>\n\t\t\t\t\t\t\t<\/div>\n\t\t\t\t\t\t\t\t\t\t\t\t\t\t\t\t\t\t\t\t\t\t\t\t\t\t\t\t<div class=\"post-footer\">\n\t\t\t\t\t\t\t\t<div class=\"egovt-post-readmore\">\n\t\t\t\t\t\t\t\t    <a class=\"btn-readmore second_font\" href=\"https:\/\/www.mahkemeler.net\/en\/archives\/8509\">\n\t\t\t\t\t\t\t\t    \tRead More\t\t\t\t\t\t\t\t    \t<i data-feather=\"arrow-right\"><\/i>\n\t\t\t\t\t\t\t\t    <\/a>\n\t\t\t\t\t\t\t\t<\/div>\n\t\t\t\t\t\t\t<\/div>\n\t\t\t\t\t\t\t\t\t\t\t\t\t<\/div>\n\t\t\t\t\t<\/div>\n\t\t\t\t<\/article>\n\t\t\t\t\t\t\t<article class=\"post-wrap\">\n\t\t\t\t\t<div class=\"wrap-article\">\n\t\t\t\t\t\t<div class=\"post-media\">\n\t\t\t\t\t\t\t\t\t\t\t\t\t\t\t<a href=\"https:\/\/www.mahkemeler.net\/en\/archives\/8565\">\n\n\t\t\t\t\t\t\t\t\t<img decoding=\"async\" alt=\"Y\u00fcksek Mahkeme Ba\u015fkan\u0131 \u00d6zerda\u011f, T\u00fcrkiye Cumhuriyeti Yarg\u0131tay Ba\u015fkanl\u0131\u011f\u0131\u2019n\u0131n Adli Y\u0131l A\u00e7\u0131l\u0131\u015f T\u00f6reni\u2019ne kat\u0131ld\u0131\" src=\"https:\/\/www.mahkemeler.net\/wp-content\/uploads\/2024\/10\/WhatsApp-Image-2024-10-14-at-10.42.45-AM-560x376.jpeg\" \n\t\t\t\t\t\t\t\t\t\t\t\n\t\t\t\t\t\t\t\t\t\t\tsrcset=\"https:\/\/www.mahkemeler.net\/wp-content\/uploads\/2024\/10\/WhatsApp-Image-2024-10-14-at-10.42.45-AM-560x376.jpeg 560w,\t\t\t\t\t\t\t\t\t\t\thttps:\/\/www.mahkemeler.net\/wp-content\/uploads\/2024\/10\/WhatsApp-Image-2024-10-14-at-10.42.45-AM-300x202.jpeg 300w\" \n\t\t\t\t\t\t\t\t\t\t\tsizes=\"(max-width: 767px) 100vw, 560px\" >\n\t\t\t\t\t\t\t\t<\/a>\n\t\t\t\t\t\t\t\t\t\t\t\t\t<\/div>\n\t\t\t\t\t\t<div class=\"evgovt-content\">\n\t\t\t\t\t\t\t\t\t\t\t\t\t\t<div class=\"post-meta-date\">\n\t\t\t\t\t\t\t\t<span class=\"post-meta-content-date\">\n\t\t\t\t\t\t\t\t    <span class=\"post-date\">\n\t\t\t\t\t\t\t\t        <span class=\"right second_font\">05\/09\/2024<\/span>\n\t\t\t\t\t\t\t\t    <\/span>\n\t\t\t\t\t\t\t\t<\/span>\n\t\t\t\t\t\t\t<\/div>\n\t\t\t\t\t\t\t\n\t\t\t\t\t\t\t\t\t\t\t\t\t\t\t\t\t\t\t\t\t<div class=\"post-title\">\n\t\t\t\t\t\t\t\t<a href=\"https:\/\/www.mahkemeler.net\/en\/archives\/8565\" rel=\"bookmark\" title=\"President of the Supreme Court \u00d6zerda\u011f attended the Judicial Year Opening Ceremony of the Court of Cassation of the Republic of Turkey\">\n\t\t\t\t\t\t\t\t\t<h2 class=\"post-title\">President of the Supreme Court \u00d6zerda\u011f attended the Judicial Year Opening Ceremony of the Court of Cassation of the Republic of Turkey<\/h2>\n\t\t\t\t\t\t\t    <\/a>\n\t\t\t\t\t\t\t<\/div>\n\t\t\t\t\t\t\t\t\t\t\t\t\t\t\t\t\t\t\t\t\t\t\t\t\t\t\t\t<div class=\"post-footer\">\n\t\t\t\t\t\t\t\t<div class=\"egovt-post-readmore\">\n\t\t\t\t\t\t\t\t    <a class=\"btn-readmore second_font\" href=\"https:\/\/www.mahkemeler.net\/en\/archives\/8565\">\n\t\t\t\t\t\t\t\t    \tRead More\t\t\t\t\t\t\t\t    \t<i data-feather=\"arrow-right\"><\/i>\n\t\t\t\t\t\t\t\t    <\/a>\n\t\t\t\t\t\t\t\t<\/div>\n\t\t\t\t\t\t\t<\/div>\n\t\t\t\t\t\t\t\t\t\t\t\t\t<\/div>\n\t\t\t\t\t<\/div>\n\t\t\t\t<\/article>\n\t\t\t\t\t\t\t<article class=\"post-wrap\">\n\t\t\t\t\t<div class=\"wrap-article\">\n\t\t\t\t\t\t<div class=\"post-media\">\n\t\t\t\t\t\t\t\t\t\t\t\t\t<\/div>\n\t\t\t\t\t\t<div class=\"evgovt-content\">\n\t\t\t\t\t\t\t\t\t\t\t\t\t\t<div class=\"post-meta-date\">\n\t\t\t\t\t\t\t\t<span class=\"post-meta-content-date\">\n\t\t\t\t\t\t\t\t    <span class=\"post-date\">\n\t\t\t\t\t\t\t\t        <span class=\"right second_font\">29\/08\/2024<\/span>\n\t\t\t\t\t\t\t\t    <\/span>\n\t\t\t\t\t\t\t\t<\/span>\n\t\t\t\t\t\t\t<\/div>\n\t\t\t\t\t\t\t\n\t\t\t\t\t\t\t\t\t\t\t\t\t\t\t\t\t\t\t\t\t<div class=\"post-title\">\n\t\t\t\t\t\t\t\t<a href=\"https:\/\/www.mahkemeler.net\/en\/archives\/8479\" rel=\"bookmark\" title=\"Civil Procedure Regulation is Amended\">\n\t\t\t\t\t\t\t\t\t<h2 class=\"post-title\">Civil Procedure Regulation is Amended<\/h2>\n\t\t\t\t\t\t\t    <\/a>\n\t\t\t\t\t\t\t<\/div>\n\t\t\t\t\t\t\t\t\t\t\t\t\t\t\t\t\t\t\t\t\t\t\t\t\t\t\t\t<div class=\"post-footer\">\n\t\t\t\t\t\t\t\t<div class=\"egovt-post-readmore\">\n\t\t\t\t\t\t\t\t    <a class=\"btn-readmore second_font\" href=\"https:\/\/www.mahkemeler.net\/en\/archives\/8479\">\n\t\t\t\t\t\t\t\t    \tRead More\t\t\t\t\t\t\t\t    \t<i data-feather=\"arrow-right\"><\/i>\n\t\t\t\t\t\t\t\t    <\/a>\n\t\t\t\t\t\t\t\t<\/div>\n\t\t\t\t\t\t\t<\/div>\n\t\t\t\t\t\t\t\t\t\t\t\t\t<\/div>\n\t\t\t\t\t<\/div>\n\t\t\t\t<\/article>\n\t\t\t\t\t\t\t<article class=\"post-wrap\">\n\t\t\t\t\t<div class=\"wrap-article\">\n\t\t\t\t\t\t<div class=\"post-media\">\n\t\t\t\t\t\t\t\t\t\t\t\t\t\t\t<a href=\"https:\/\/www.mahkemeler.net\/en\/archives\/8485\">\n\n\t\t\t\t\t\t\t\t\t<img decoding=\"async\" alt=\"Birle\u015fmi\u015f Milletler \u0130yiniyet Misyonu Yetkililerinin Y\u00fcksek Mahkeme Ziyareti\" src=\"https:\/\/www.mahkemeler.net\/wp-content\/uploads\/2024\/09\/WhatsApp-Image-2024-09-01-at-10.42.17-AM-e1725262794208-560x344.jpeg\" \n\t\t\t\t\t\t\t\t\t\t\t\n\t\t\t\t\t\t\t\t\t\t\tsrcset=\"https:\/\/www.mahkemeler.net\/wp-content\/uploads\/2024\/09\/WhatsApp-Image-2024-09-01-at-10.42.17-AM-e1725262794208-560x344.jpeg 560w,\t\t\t\t\t\t\t\t\t\t\thttps:\/\/www.mahkemeler.net\/wp-content\/uploads\/2024\/09\/WhatsApp-Image-2024-09-01-at-10.42.17-AM-e1725262794208-300x184.jpeg 300w\" \n\t\t\t\t\t\t\t\t\t\t\tsizes=\"(max-width: 767px) 100vw, 560px\" >\n\t\t\t\t\t\t\t\t<\/a>\n\t\t\t\t\t\t\t\t\t\t\t\t\t<\/div>\n\t\t\t\t\t\t<div class=\"evgovt-content\">\n\t\t\t\t\t\t\t\t\t\t\t\t\t\t<div class=\"post-meta-date\">\n\t\t\t\t\t\t\t\t<span class=\"post-meta-content-date\">\n\t\t\t\t\t\t\t\t    <span class=\"post-date\">\n\t\t\t\t\t\t\t\t        <span class=\"right second_font\">28\/08\/2024<\/span>\n\t\t\t\t\t\t\t\t    <\/span>\n\t\t\t\t\t\t\t\t<\/span>\n\t\t\t\t\t\t\t<\/div>\n\t\t\t\t\t\t\t\n\t\t\t\t\t\t\t\t\t\t\t\t\t\t\t\t\t\t\t\t\t<div class=\"post-title\">\n\t\t\t\t\t\t\t\t<a href=\"https:\/\/www.mahkemeler.net\/en\/archives\/8485\" rel=\"bookmark\" title=\"Visit of United Nations Good Offices Mission Officials to the Supreme Court\">\n\t\t\t\t\t\t\t\t\t<h2 class=\"post-title\">Visit of United Nations Good Offices Mission Officials to the Supreme Court<\/h2>\n\t\t\t\t\t\t\t    <\/a>\n\t\t\t\t\t\t\t<\/div>\n\t\t\t\t\t\t\t\t\t\t\t\t\t\t\t\t\t\t\t\t\t\t\t\t\t\t\t\t<div class=\"post-footer\">\n\t\t\t\t\t\t\t\t<div class=\"egovt-post-readmore\">\n\t\t\t\t\t\t\t\t    <a class=\"btn-readmore second_font\" href=\"https:\/\/www.mahkemeler.net\/en\/archives\/8485\">\n\t\t\t\t\t\t\t\t    \tRead More\t\t\t\t\t\t\t\t    \t<i data-feather=\"arrow-right\"><\/i>\n\t\t\t\t\t\t\t\t    <\/a>\n\t\t\t\t\t\t\t\t<\/div>\n\t\t\t\t\t\t\t<\/div>\n\t\t\t\t\t\t\t\t\t\t\t\t\t<\/div>\n\t\t\t\t\t<\/div>\n\t\t\t\t<\/article>\n\t\t\t\t\t\t\t<article class=\"post-wrap\">\n\t\t\t\t\t<div class=\"wrap-article\">\n\t\t\t\t\t\t<div class=\"post-media\">\n\t\t\t\t\t\t\t\t\t\t\t\t\t\t\t<a href=\"https:\/\/www.mahkemeler.net\/en\/archives\/8482\">\n\n\t\t\t\t\t\t\t\t\t<img decoding=\"async\" alt=\"T\u00fcrkiye Cumhuriyeti Lefko\u015fa B\u00fcy\u00fckel\u00e7isinin Y\u00fcksek Mahkeme Ziyareti\" src=\"https:\/\/www.mahkemeler.net\/wp-content\/uploads\/2024\/09\/WhatsApp-Image-2024-09-01-at-10.41.42-AM-e1725262688222-560x409.jpeg\" \n\t\t\t\t\t\t\t\t\t\t\t\n\t\t\t\t\t\t\t\t\t\t\tsrcset=\"https:\/\/www.mahkemeler.net\/wp-content\/uploads\/2024\/09\/WhatsApp-Image-2024-09-01-at-10.41.42-AM-e1725262688222-560x409.jpeg 560w,\t\t\t\t\t\t\t\t\t\t\thttps:\/\/www.mahkemeler.net\/wp-content\/uploads\/2024\/09\/WhatsApp-Image-2024-09-01-at-10.41.42-AM-e1725262688222-300x219.jpeg 300w\" \n\t\t\t\t\t\t\t\t\t\t\tsizes=\"(max-width: 767px) 100vw, 560px\" >\n\t\t\t\t\t\t\t\t<\/a>\n\t\t\t\t\t\t\t\t\t\t\t\t\t<\/div>\n\t\t\t\t\t\t<div class=\"evgovt-content\">\n\t\t\t\t\t\t\t\t\t\t\t\t\t\t<div class=\"post-meta-date\">\n\t\t\t\t\t\t\t\t<span class=\"post-meta-content-date\">\n\t\t\t\t\t\t\t\t    <span class=\"post-date\">\n\t\t\t\t\t\t\t\t        <span class=\"right second_font\">23\/08\/2024<\/span>\n\t\t\t\t\t\t\t\t    <\/span>\n\t\t\t\t\t\t\t\t<\/span>\n\t\t\t\t\t\t\t<\/div>\n\t\t\t\t\t\t\t\n\t\t\t\t\t\t\t\t\t\t\t\t\t\t\t\t\t\t\t\t\t<div class=\"post-title\">\n\t\t\t\t\t\t\t\t<a href=\"https:\/\/www.mahkemeler.net\/en\/archives\/8482\" rel=\"bookmark\" title=\"Visit of the Ambassador of the Republic of Turkey to Nicosia to the Supreme Court\">\n\t\t\t\t\t\t\t\t\t<h2 class=\"post-title\">Visit of the Ambassador of the Republic of Turkey to Nicosia to the Supreme Court<\/h2>\n\t\t\t\t\t\t\t    <\/a>\n\t\t\t\t\t\t\t<\/div>\n\t\t\t\t\t\t\t\t\t\t\t\t\t\t\t\t\t\t\t\t\t\t\t\t\t\t\t\t<div class=\"post-footer\">\n\t\t\t\t\t\t\t\t<div class=\"egovt-post-readmore\">\n\t\t\t\t\t\t\t\t    <a class=\"btn-readmore second_font\" href=\"https:\/\/www.mahkemeler.net\/en\/archives\/8482\">\n\t\t\t\t\t\t\t\t    \tRead More\t\t\t\t\t\t\t\t    \t<i data-feather=\"arrow-right\"><\/i>\n\t\t\t\t\t\t\t\t    <\/a>\n\t\t\t\t\t\t\t\t<\/div>\n\t\t\t\t\t\t\t<\/div>\n\t\t\t\t\t\t\t\t\t\t\t\t\t<\/div>\n\t\t\t\t\t<\/div>\n\t\t\t\t<\/article>\n\t\t\t\t\t\t\t<article class=\"post-wrap\">\n\t\t\t\t\t<div class=\"wrap-article\">\n\t\t\t\t\t\t<div class=\"post-media\">\n\t\t\t\t\t\t\t\t\t\t\t\t\t\t\t<a href=\"https:\/\/www.mahkemeler.net\/en\/archives\/8459\">\n\n\t\t\t\t\t\t\t\t\t<img decoding=\"async\" alt=\"Y\u00fcksek Mahkeme Ba\u015fkan\u0131 Bertan \u00d6zerda\u011f, Hedeflerini ve \u00c7al\u0131\u015fmalar\u0131n\u0131 T\u00fcrk Ajans\u0131 K\u0131br\u0131s (TAK) Muhabirine Anlatt\u0131\" src=\"https:\/\/www.mahkemeler.net\/wp-content\/uploads\/2024\/08\/bertan_ozerdag-560x318.png\" \n\t\t\t\t\t\t\t\t\t\t\t\n\t\t\t\t\t\t\t\t\t\t\tsrcset=\"https:\/\/www.mahkemeler.net\/wp-content\/uploads\/2024\/08\/bertan_ozerdag-560x318.png 560w,\t\t\t\t\t\t\t\t\t\t\thttps:\/\/www.mahkemeler.net\/wp-content\/uploads\/2024\/08\/bertan_ozerdag-300x170.png 300w\" \n\t\t\t\t\t\t\t\t\t\t\tsizes=\"(max-width: 767px) 100vw, 560px\" >\n\t\t\t\t\t\t\t\t<\/a>\n\t\t\t\t\t\t\t\t\t\t\t\t\t<\/div>\n\t\t\t\t\t\t<div class=\"evgovt-content\">\n\t\t\t\t\t\t\t\t\t\t\t\t\t\t<div class=\"post-meta-date\">\n\t\t\t\t\t\t\t\t<span class=\"post-meta-content-date\">\n\t\t\t\t\t\t\t\t    <span class=\"post-date\">\n\t\t\t\t\t\t\t\t        <span class=\"right second_font\">18\/08\/2024<\/span>\n\t\t\t\t\t\t\t\t    <\/span>\n\t\t\t\t\t\t\t\t<\/span>\n\t\t\t\t\t\t\t<\/div>\n\t\t\t\t\t\t\t\n\t\t\t\t\t\t\t\t\t\t\t\t\t\t\t\t\t\t\t\t\t<div class=\"post-title\">\n\t\t\t\t\t\t\t\t<a href=\"https:\/\/www.mahkemeler.net\/en\/archives\/8459\" rel=\"bookmark\" title=\"Supreme Court President Bertan \u00d6zerda\u011f explained his goals and work to the Turkish News Agency Cyprus (TAK) Reporter\">\n\t\t\t\t\t\t\t\t\t<h2 class=\"post-title\">Supreme Court President Bertan \u00d6zerda\u011f explained his goals and work to the Turkish News Agency Cyprus (TAK) Reporter<\/h2>\n\t\t\t\t\t\t\t    <\/a>\n\t\t\t\t\t\t\t<\/div>\n\t\t\t\t\t\t\t\t\t\t\t\t\t\t\t\t\t\t\t\t\t\t\t\t\t\t\t\t<div class=\"post-footer\">\n\t\t\t\t\t\t\t\t<div class=\"egovt-post-readmore\">\n\t\t\t\t\t\t\t\t    <a class=\"btn-readmore second_font\" href=\"https:\/\/www.mahkemeler.net\/en\/archives\/8459\">\n\t\t\t\t\t\t\t\t    \tRead More\t\t\t\t\t\t\t\t    \t<i data-feather=\"arrow-right\"><\/i>\n\t\t\t\t\t\t\t\t    <\/a>\n\t\t\t\t\t\t\t\t<\/div>\n\t\t\t\t\t\t\t<\/div>\n\t\t\t\t\t\t\t\t\t\t\t\t\t<\/div>\n\t\t\t\t\t<\/div>\n\t\t\t\t<\/article>\n\t\t\t\t\t\t\t<article class=\"post-wrap\">\n\t\t\t\t\t<div class=\"wrap-article\">\n\t\t\t\t\t\t<div class=\"post-media\">\n\t\t\t\t\t\t\t\t\t\t\t\t\t\t\t<a href=\"https:\/\/www.mahkemeler.net\/en\/archives\/8465\">\n\n\t\t\t\t\t\t\t\t\t<img decoding=\"async\" alt=\"Y\u00fcksek Mahkeme Ba\u015fkan\u0131 Bertan \u00d6zerda\u011f, Cumhuriyet Meclisi Ba\u015fkan\u0131 Zorlu T\u00f6re\u2019ye \u0130ade-i Ziyaret Ger\u00e7ekle\u015ftirdi\" src=\"https:\/\/www.mahkemeler.net\/wp-content\/uploads\/2024\/08\/bertan_ozerdag_zorlu_tore-560x318.png\" \n\t\t\t\t\t\t\t\t\t\t\t\n\t\t\t\t\t\t\t\t\t\t\tsrcset=\"https:\/\/www.mahkemeler.net\/wp-content\/uploads\/2024\/08\/bertan_ozerdag_zorlu_tore-560x318.png 560w,\t\t\t\t\t\t\t\t\t\t\thttps:\/\/www.mahkemeler.net\/wp-content\/uploads\/2024\/08\/bertan_ozerdag_zorlu_tore-300x170.png 300w\" \n\t\t\t\t\t\t\t\t\t\t\tsizes=\"(max-width: 767px) 100vw, 560px\" >\n\t\t\t\t\t\t\t\t<\/a>\n\t\t\t\t\t\t\t\t\t\t\t\t\t<\/div>\n\t\t\t\t\t\t<div class=\"evgovt-content\">\n\t\t\t\t\t\t\t\t\t\t\t\t\t\t<div class=\"post-meta-date\">\n\t\t\t\t\t\t\t\t<span class=\"post-meta-content-date\">\n\t\t\t\t\t\t\t\t    <span class=\"post-date\">\n\t\t\t\t\t\t\t\t        <span class=\"right second_font\">16\/08\/2024<\/span>\n\t\t\t\t\t\t\t\t    <\/span>\n\t\t\t\t\t\t\t\t<\/span>\n\t\t\t\t\t\t\t<\/div>\n\t\t\t\t\t\t\t\n\t\t\t\t\t\t\t\t\t\t\t\t\t\t\t\t\t\t\t\t\t<div class=\"post-title\">\n\t\t\t\t\t\t\t\t<a href=\"https:\/\/www.mahkemeler.net\/en\/archives\/8465\" rel=\"bookmark\" title=\"Supreme Court President Bertan \u00d6zerda\u011f Paid a Return Visit to the President of the Republican Assembly, Zorlu T\u00f6re.\">\n\t\t\t\t\t\t\t\t\t<h2 class=\"post-title\">Supreme Court President Bertan \u00d6zerda\u011f Paid a Return Visit to the President of the Republican Assembly, Zorlu T\u00f6re.<\/h2>\n\t\t\t\t\t\t\t    <\/a>\n\t\t\t\t\t\t\t<\/div>\n\t\t\t\t\t\t\t\t\t\t\t\t\t\t\t\t\t\t\t\t\t\t\t\t\t\t\t\t<div class=\"post-footer\">\n\t\t\t\t\t\t\t\t<div class=\"egovt-post-readmore\">\n\t\t\t\t\t\t\t\t    <a class=\"btn-readmore second_font\" href=\"https:\/\/www.mahkemeler.net\/en\/archives\/8465\">\n\t\t\t\t\t\t\t\t    \tRead More\t\t\t\t\t\t\t\t    \t<i data-feather=\"arrow-right\"><\/i>\n\t\t\t\t\t\t\t\t    <\/a>\n\t\t\t\t\t\t\t\t<\/div>\n\t\t\t\t\t\t\t<\/div>\n\t\t\t\t\t\t\t\t\t\t\t\t\t<\/div>\n\t\t\t\t\t<\/div>\n\t\t\t\t<\/article>\n\t\t\t\t\t\t\t<article class=\"post-wrap\">\n\t\t\t\t\t<div class=\"wrap-article\">\n\t\t\t\t\t\t<div class=\"post-media\">\n\t\t\t\t\t\t\t\t\t\t\t\t\t\t\t<a href=\"https:\/\/www.mahkemeler.net\/en\/archives\/8308\">\n\n\t\t\t\t\t\t\t\t\t<img decoding=\"async\" alt=\"Y\u00fcksek Mahkeme Yarg\u0131\u00e7l\u0131\u011f\u0131na Atanan Say\u0131n Fatma \u015eenol 2 A\u011fustos 2024 Tarihinde Cumhurba\u015fkan\u0131 huzurunda yemin ederek g\u00f6revine ba\u015flad\u0131\" src=\"https:\/\/www.mahkemeler.net\/wp-content\/uploads\/2024\/08\/555441625-560x278.jpg\" \n\t\t\t\t\t\t\t\t\t\t\t\n\t\t\t\t\t\t\t\t\t\t\tsrcset=\"https:\/\/www.mahkemeler.net\/wp-content\/uploads\/2024\/08\/555441625-560x278.jpg 560w,\t\t\t\t\t\t\t\t\t\t\thttps:\/\/www.mahkemeler.net\/wp-content\/uploads\/2024\/08\/555441625-300x149.jpg 300w\" \n\t\t\t\t\t\t\t\t\t\t\tsizes=\"(max-width: 767px) 100vw, 560px\" >\n\t\t\t\t\t\t\t\t<\/a>\n\t\t\t\t\t\t\t\t\t\t\t\t\t<\/div>\n\t\t\t\t\t\t<div class=\"evgovt-content\">\n\t\t\t\t\t\t\t\t\t\t\t\t\t\t<div class=\"post-meta-date\">\n\t\t\t\t\t\t\t\t<span class=\"post-meta-content-date\">\n\t\t\t\t\t\t\t\t    <span class=\"post-date\">\n\t\t\t\t\t\t\t\t        <span class=\"right second_font\">02\/08\/2024<\/span>\n\t\t\t\t\t\t\t\t    <\/span>\n\t\t\t\t\t\t\t\t<\/span>\n\t\t\t\t\t\t\t<\/div>\n\t\t\t\t\t\t\t\n\t\t\t\t\t\t\t\t\t\t\t\t\t\t\t\t\t\t\t\t\t<div class=\"post-title\">\n\t\t\t\t\t\t\t\t<a href=\"https:\/\/www.mahkemeler.net\/en\/archives\/8308\" rel=\"bookmark\" title=\"Ms. Fatma \u015eenol, who was appointed as a Judge of the Supreme Court, took her oath before the President on August 2, 2024, and began her duties\">\n\t\t\t\t\t\t\t\t\t<h2 class=\"post-title\">Ms. Fatma \u015eenol, who was appointed as a Judge of the Supreme Court, took her oath before the President on August 2, 2024, and began her duties<\/h2>\n\t\t\t\t\t\t\t    <\/a>\n\t\t\t\t\t\t\t<\/div>\n\t\t\t\t\t\t\t\t\t\t\t\t\t\t\t\t\t\t\t\t\t\t\t\t\t\t\t\t<div class=\"post-footer\">\n\t\t\t\t\t\t\t\t<div class=\"egovt-post-readmore\">\n\t\t\t\t\t\t\t\t    <a class=\"btn-readmore second_font\" href=\"https:\/\/www.mahkemeler.net\/en\/archives\/8308\">\n\t\t\t\t\t\t\t\t    \tRead More\t\t\t\t\t\t\t\t    \t<i data-feather=\"arrow-right\"><\/i>\n\t\t\t\t\t\t\t\t    <\/a>\n\t\t\t\t\t\t\t\t<\/div>\n\t\t\t\t\t\t\t<\/div>\n\t\t\t\t\t\t\t\t\t\t\t\t\t<\/div>\n\t\t\t\t\t<\/div>\n\t\t\t\t<\/article>\n\t\t\t\t\t\t\t<article class=\"post-wrap\">\n\t\t\t\t\t<div class=\"wrap-article\">\n\t\t\t\t\t\t<div class=\"post-media\">\n\t\t\t\t\t\t\t\t\t\t\t\t\t\t\t<a href=\"https:\/\/www.mahkemeler.net\/en\/archives\/5770\">\n\n\t\t\t\t\t\t\t\t\t<img decoding=\"async\" alt=\"T\u00fcrk Devletleri Te\u015fkilat\u0131 Toplant\u0131s\u0131\" src=\"https:\/\/www.mahkemeler.net\/wp-content\/uploads\/2024\/07\/haber96_1-1.jpeg\" \n\t\t\t\t\t\t\t\t\t\t\t\n\t\t\t\t\t\t\t\t\t\t\tsrcset=\"https:\/\/www.mahkemeler.net\/wp-content\/uploads\/2024\/07\/haber96_1-1.jpeg 560w,\t\t\t\t\t\t\t\t\t\t\thttps:\/\/www.mahkemeler.net\/wp-content\/uploads\/2024\/07\/haber96_1-1.jpeg 300w\" \n\t\t\t\t\t\t\t\t\t\t\tsizes=\"(max-width: 767px) 100vw, 560px\" >\n\t\t\t\t\t\t\t\t<\/a>\n\t\t\t\t\t\t\t\t\t\t\t\t\t<\/div>\n\t\t\t\t\t\t<div class=\"evgovt-content\">\n\t\t\t\t\t\t\t\t\t\t\t\t\t\t<div class=\"post-meta-date\">\n\t\t\t\t\t\t\t\t<span class=\"post-meta-content-date\">\n\t\t\t\t\t\t\t\t    <span class=\"post-date\">\n\t\t\t\t\t\t\t\t        <span class=\"right second_font\">25\/05\/2024<\/span>\n\t\t\t\t\t\t\t\t    <\/span>\n\t\t\t\t\t\t\t\t<\/span>\n\t\t\t\t\t\t\t<\/div>\n\t\t\t\t\t\t\t\n\t\t\t\t\t\t\t\t\t\t\t\t\t\t\t\t\t\t\t\t\t<div class=\"post-title\">\n\t\t\t\t\t\t\t\t<a href=\"https:\/\/www.mahkemeler.net\/en\/archives\/5770\" rel=\"bookmark\" title=\"Organization of Turkic States Meeting\">\n\t\t\t\t\t\t\t\t\t<h2 class=\"post-title\">Organization of Turkic States Meeting<\/h2>\n\t\t\t\t\t\t\t    <\/a>\n\t\t\t\t\t\t\t<\/div>\n\t\t\t\t\t\t\t\t\t\t\t\t\t\t\t\t\t\t\t\t\t\t\t\t\t\t\t\t<div class=\"post-footer\">\n\t\t\t\t\t\t\t\t<div class=\"egovt-post-readmore\">\n\t\t\t\t\t\t\t\t    <a class=\"btn-readmore second_font\" href=\"https:\/\/www.mahkemeler.net\/en\/archives\/5770\">\n\t\t\t\t\t\t\t\t    \tRead More\t\t\t\t\t\t\t\t    \t<i data-feather=\"arrow-right\"><\/i>\n\t\t\t\t\t\t\t\t    <\/a>\n\t\t\t\t\t\t\t\t<\/div>\n\t\t\t\t\t\t\t<\/div>\n\t\t\t\t\t\t\t\t\t\t\t\t\t<\/div>\n\t\t\t\t\t<\/div>\n\t\t\t\t<\/article>\n\t\t\t\t\t\t\t<article class=\"post-wrap\">\n\t\t\t\t\t<div class=\"wrap-article\">\n\t\t\t\t\t\t<div class=\"post-media\">\n\t\t\t\t\t\t\t\t\t\t\t\t\t\t\t<a href=\"https:\/\/www.mahkemeler.net\/en\/archives\/7759\">\n\n\t\t\t\t\t\t\t\t\t<img decoding=\"async\" alt=\"Y\u00fcksek Mahkeme Ba\u015fkan\u0131 Say\u0131n Bertan \u00d6zerda\u011f 16 May\u0131s 2024 tarihinde Cumhurba\u015fkan\u0131 huzurunda yemin ederek g\u00f6revine ba\u015flad\u0131\" src=\"https:\/\/www.mahkemeler.net\/wp-content\/uploads\/2024\/07\/haber95_2-1.jpeg\" \n\t\t\t\t\t\t\t\t\t\t\t\n\t\t\t\t\t\t\t\t\t\t\tsrcset=\"https:\/\/www.mahkemeler.net\/wp-content\/uploads\/2024\/07\/haber95_2-1.jpeg 560w,\t\t\t\t\t\t\t\t\t\t\thttps:\/\/www.mahkemeler.net\/wp-content\/uploads\/2024\/07\/haber95_2-1.jpeg 300w\" \n\t\t\t\t\t\t\t\t\t\t\tsizes=\"(max-width: 767px) 100vw, 560px\" >\n\t\t\t\t\t\t\t\t<\/a>\n\t\t\t\t\t\t\t\t\t\t\t\t\t<\/div>\n\t\t\t\t\t\t<div class=\"evgovt-content\">\n\t\t\t\t\t\t\t\t\t\t\t\t\t\t<div class=\"post-meta-date\">\n\t\t\t\t\t\t\t\t<span class=\"post-meta-content-date\">\n\t\t\t\t\t\t\t\t    <span class=\"post-date\">\n\t\t\t\t\t\t\t\t        <span class=\"right second_font\">16\/05\/2024<\/span>\n\t\t\t\t\t\t\t\t    <\/span>\n\t\t\t\t\t\t\t\t<\/span>\n\t\t\t\t\t\t\t<\/div>\n\t\t\t\t\t\t\t\n\t\t\t\t\t\t\t\t\t\t\t\t\t\t\t\t\t\t\t\t\t<div class=\"post-title\">\n\t\t\t\t\t\t\t\t<a href=\"https:\/\/www.mahkemeler.net\/en\/archives\/7759\" rel=\"bookmark\" title=\"Mr. Bertan \u00d6zerda\u011f, the President of the Supreme Court, took the oath of office before the President of the Republic on May 16, 2024, and assumed office\">\n\t\t\t\t\t\t\t\t\t<h2 class=\"post-title\">Mr. Bertan \u00d6zerda\u011f, the President of the Supreme Court, took the oath of office before the President of the Republic on May 16, 2024, and assumed office<\/h2>\n\t\t\t\t\t\t\t    <\/a>\n\t\t\t\t\t\t\t<\/div>\n\t\t\t\t\t\t\t\t\t\t\t\t\t\t\t\t\t\t\t\t\t\t\t\t\t\t\t\t<div class=\"post-footer\">\n\t\t\t\t\t\t\t\t<div class=\"egovt-post-readmore\">\n\t\t\t\t\t\t\t\t    <a class=\"btn-readmore second_font\" href=\"https:\/\/www.mahkemeler.net\/en\/archives\/7759\">\n\t\t\t\t\t\t\t\t    \tRead More\t\t\t\t\t\t\t\t    \t<i data-feather=\"arrow-right\"><\/i>\n\t\t\t\t\t\t\t\t    <\/a>\n\t\t\t\t\t\t\t\t<\/div>\n\t\t\t\t\t\t\t<\/div>\n\t\t\t\t\t\t\t\t\t\t\t\t\t<\/div>\n\t\t\t\t\t<\/div>\n\t\t\t\t<\/article>\n\t\t\t\t\t\t<\/div>\n\t\t<\/div>\n\t\t\t\t<\/div>\n\t\t\t\t<\/div>\n\t\t\t\t\t<\/div>\n\t\t\t\t<\/div>\n\t\t\t\t<\/div>","protected":false},"excerpt":{"rendered":"<p>30\/07\/2024 T\u00fcm Kazalar\u0131n Dava Erteleme Listeleri (G\u00fcnl\u00fck Davalar > G\u00fcnl\u00fck Dava Listeleri\u00a0Ad\u0131mlar\u0131n\u0131 Takip Ediniz) Devam\u0131n\u0131 Oku 01\/07\/2024 Gazima\u011fusa Kaza Mahkemesi Dava ve \u0130stida G\u00fcnleri &#8211; Temmuz 2024 Devam\u0131n\u0131 Oku 03\/06\/2024 Girne Kaza Mahkemesi Dava ve \u0130stida G\u00fcnleri &#8211; Haziran 2024 Devam\u0131n\u0131 Oku 03\/06\/2024 Gazima\u011fusa Kaza Mahkemesi Dava ve \u0130stida G\u00fcnleri &#8211; Haziran 2024 Devam\u0131n\u0131 Oku [&hellip;]<\/p>","protected":false},"author":2,"featured_media":0,"parent":0,"menu_order":0,"comment_status":"closed","ping_status":"closed","template":"","meta":{"om_disable_all_campaigns":false,"_monsterinsights_skip_tracking":false,"_monsterinsights_sitenote_active":false,"_monsterinsights_sitenote_note":"","_monsterinsights_sitenote_category":0,"_uf_show_specific_survey":0,"_uf_disable_surveys":false,"footnotes":""},"class_list":["post-7491","page","type-page","status-publish","hentry"],"aioseo_notices":[],"_links":{"self":[{"href":"https:\/\/www.mahkemeler.net\/en\/wp-json\/wp\/v2\/pages\/7491","targetHints":{"allow":["GET"]}}],"collection":[{"href":"https:\/\/www.mahkemeler.net\/en\/wp-json\/wp\/v2\/pages"}],"about":[{"href":"https:\/\/www.mahkemeler.net\/en\/wp-json\/wp\/v2\/types\/page"}],"author":[{"embeddable":true,"href":"https:\/\/www.mahkemeler.net\/en\/wp-json\/wp\/v2\/users\/2"}],"replies":[{"embeddable":true,"href":"https:\/\/www.mahkemeler.net\/en\/wp-json\/wp\/v2\/comments?post=7491"}],"version-history":[{"count":4,"href":"https:\/\/www.mahkemeler.net\/en\/wp-json\/wp\/v2\/pages\/7491\/revisions"}],"predecessor-version":[{"id":7495,"href":"https:\/\/www.mahkemeler.net\/en\/wp-json\/wp\/v2\/pages\/7491\/revisions\/7495"}],"wp:attachment":[{"href":"https:\/\/www.mahkemeler.net\/en\/wp-json\/wp\/v2\/media?parent=7491"}],"curies":[{"name":"wp","href":"https:\/\/api.w.org\/{rel}","templated":true}]}}