{"version":"1.0","provider_name":"Courts","provider_url":"https:\/\/www.mahkemeler.net\/en","title":"Upon the Invitation of the Supreme Court of Azerbaijan, President of the Supreme Court Mr. Bertan \u00d6zerda\u011f and Supreme Court Judge Ms. G\u00fclden \u00c7ift\u00e7io\u011flu Attended the Conference of the High Courts of the Organization of Turkic States Held in Baku Between June 17\u201320, 2025","type":"rich","width":600,"height":338,"html":"<blockquote class=\"wp-embedded-content\" data-secret=\"qvnisoTKuA\"><a href=\"https:\/\/www.mahkemeler.net\/en\/archives\/9372\">Upon the Invitation of the Supreme Court of Azerbaijan, President of the Supreme Court Mr. Bertan \u00d6zerda\u011f and Supreme Court Judge Ms. G\u00fclden \u00c7ift\u00e7io\u011flu Attended the Conference of the High Courts of the Organization of Turkic States Held in Baku Between June 17\u201320, 2025<\/a><\/blockquote><iframe sandbox=\"allow-scripts\" security=\"restricted\" src=\"https:\/\/www.mahkemeler.net\/en\/archives\/9372\/embed#?secret=qvnisoTKuA\" width=\"600\" height=\"338\" title=\"&#8220;Azerbaycan Y\u00fcksek Mahkemesinin Daveti \u00dczerine, Y\u00fcksek Mahkeme Ba\u015fkan\u0131 Sn. Bertan \u00d6zerda\u011f ve Y\u00fcksek Mahkeme Yarg\u0131c\u0131 Sn. G\u00fclden \u00c7ift\u00e7io\u011flu 17-20 Haziran 2025 Tarihleri Aras\u0131nda Bak\u00fc&#8217;de D\u00fczenlenen T\u00fcrk Devletleri Y\u00fcksek Mahkemeleri Konferans\u0131&#8217;na Kat\u0131ld\u0131&#8221; &#8212; Mahkemeler\" data-secret=\"qvnisoTKuA\" frameborder=\"0\" marginwidth=\"0\" marginheight=\"0\" scrolling=\"no\" class=\"wp-embedded-content\"><\/iframe><script type=\"text\/javascript\">\n\/* <![CDATA[ *\/\n\/*! This file is auto-generated *\/\n!function(d,l){\"use strict\";l.querySelector&&d.addEventListener&&\"undefined\"!=typeof URL&&(d.wp=d.wp||{},d.wp.receiveEmbedMessage||(d.wp.receiveEmbedMessage=function(e){var t=e.data;if((t||t.secret||t.message||t.value)&&!\/[^a-zA-Z0-9]\/.test(t.secret)){for(var s,r,n,a=l.querySelectorAll('iframe[data-secret=\"'+t.secret+'\"]'),o=l.querySelectorAll('blockquote[data-secret=\"'+t.secret+'\"]'),c=new RegExp(\"^https?:$\",\"i\"),i=0;i<o.length;i++)o[i].style.display=\"none\";for(i=0;i<a.length;i++)s=a[i],e.source===s.contentWindow&&(s.removeAttribute(\"style\"),\"height\"===t.message?(1e3<(r=parseInt(t.value,10))?r=1e3:~~r<200&&(r=200),s.height=r):\"link\"===t.message&&(r=new URL(s.getAttribute(\"src\")),n=new URL(t.value),c.test(n.protocol))&&n.host===r.host&&l.activeElement===s&&(d.top.location.href=t.value))}},d.addEventListener(\"message\",d.wp.receiveEmbedMessage,!1),l.addEventListener(\"DOMContentLoaded\",function(){for(var e,t,s=l.querySelectorAll(\"iframe.wp-embedded-content\"),r=0;r<s.length;r++)(t=(e=s[r]).getAttribute(\"data-secret\"))||(t=Math.random().toString(36).substring(2,12),e.src+=\"#?secret=\"+t,e.setAttribute(\"data-secret\",t)),e.contentWindow.postMessage({message:\"ready\",secret:t},\"*\")},!1)))}(window,document);\n\/\/# sourceURL=https:\/\/www.mahkemeler.net\/wp-includes\/js\/wp-embed.min.js\n\/* ]]> *\/\n<\/script>","thumbnail_url":"https:\/\/www.mahkemeler.net\/wp-content\/uploads\/2025\/06\/WhatsApp-Image-2025-06-23-at-9.54.28-AM-4-600x400.jpeg","thumbnail_width":600,"thumbnail_height":400}